{"id":740,"date":"2013-08-17T12:49:15","date_gmt":"2013-08-17T12:49:15","guid":{"rendered":"http:\/\/ekmanfamily.se\/ver3\/?page_id=740"},"modified":"2018-09-29T14:12:54","modified_gmt":"2018-09-29T14:12:54","slug":"2006-hogbo-bruk-gavle-korsnas","status":"publish","type":"page","link":"https:\/\/ekmanfamily.se\/ver3\/2006-hogbo-bruk-gavle-korsnas\/","title":{"rendered":"2006 &#8211; H\u00f6gbo bruk, G\u00e4vle, Korsn\u00e4s"},"content":{"rendered":"<h1>Sl\u00e4ktm\u00f6te 2006 &#8211; H\u00f6gbro bruk, G\u00e4vle, Korsn\u00e4s<\/h1>\n<p>Ekmanska sl\u00e4ktf\u00f6reningens 24:e sl\u00e4kttr\u00e4ff den 11-13 augusti 2006<br \/>\n\u00e4gde rum p\u00e5 H\u00f6gbo Bruk med n\u00e4romr\u00e5den samt i G\u00e4vle.<br \/>\n92 deltagare<\/p>\n<p>&nbsp;<\/p>\n<h2>PROGRAM<\/h2>\n<p><strong>Frivilligt program fredagen den 11 augusti<\/strong><br \/>\n&#8211; Golf-starttider fr\u00e5n kl.14.00<br \/>\n<a href=\"http:\/\/ekmanfamily.se\/ver3\/2006-hogbo-bruk-gavle-korsnas\/img_3878-jpg\/\" rel=\"attachment wp-att-1947\"><img loading=\"lazy\" decoding=\"async\" class=\"alignleft size-thumbnail wp-image-1947\" src=\"http:\/\/ekmanfamily.se\/ver3\/wp-content\/uploads\/2013\/08\/IMG_3878-150x150.jpg\" alt=\"IMG_3878.JPG\" width=\"150\" height=\"150\" \/><\/a><a href=\"http:\/\/ekmanfamily.se\/ver3\/2006-hogbo-bruk-gavle-korsnas\/img_3877-jpg\/\" rel=\"attachment wp-att-1946\"><img loading=\"lazy\" decoding=\"async\" class=\"alignleft size-thumbnail wp-image-1946\" src=\"http:\/\/ekmanfamily.se\/ver3\/wp-content\/uploads\/2013\/08\/IMG_3877-150x150.jpg\" alt=\"IMG_3877.JPG\" width=\"150\" height=\"150\" \/><\/a><a href=\"http:\/\/ekmanfamily.se\/ver3\/2006-hogbo-bruk-gavle-korsnas\/dscn0516-jpg\/\" rel=\"attachment wp-att-1949\"><img loading=\"lazy\" decoding=\"async\" class=\"alignleft size-thumbnail wp-image-1949\" src=\"http:\/\/ekmanfamily.se\/ver3\/wp-content\/uploads\/2013\/08\/DSCN0516-150x150.jpg\" alt=\"DSCN0516.JPG\" width=\"150\" height=\"150\" \/><\/a><\/p>\n<p>&nbsp;<\/p>\n<p>&nbsp;<\/p>\n<p>&nbsp;<\/p>\n<p>&nbsp;<\/p>\n<p><strong>Grillafton p\u00e5 altanen kl.19.00<\/strong><\/p>\n<p><strong>Frivilligt program l\u00f6rdagen den 12 augusti<\/strong><br \/>\n&#8211; Samling i hotell-lobbyn kl. 09.30<br \/>\n&#8211; Go-kart: Start kl. 10.00<br \/>\n<a href=\"http:\/\/ekmanfamily.se\/ver3\/2006-hogbo-bruk-gavle-korsnas\/dscn0537\/\" rel=\"attachment wp-att-1953\"><img loading=\"lazy\" decoding=\"async\" class=\"alignleft size-thumbnail wp-image-1953\" src=\"http:\/\/ekmanfamily.se\/ver3\/wp-content\/uploads\/2013\/08\/DSCN0537-150x150.jpg\" alt=\"dscn0537\" width=\"150\" height=\"150\" \/><\/a><a href=\"http:\/\/ekmanfamily.se\/ver3\/2006-hogbo-bruk-gavle-korsnas\/dscn0545\/\" rel=\"attachment wp-att-1951\"><img loading=\"lazy\" decoding=\"async\" class=\"alignleft size-thumbnail wp-image-1951\" src=\"http:\/\/ekmanfamily.se\/ver3\/wp-content\/uploads\/2013\/08\/DSCN0545-150x150.jpg\" alt=\"dscn0545\" width=\"150\" height=\"150\" \/><\/a><a href=\"http:\/\/ekmanfamily.se\/ver3\/2006-hogbo-bruk-gavle-korsnas\/dscn0523\/\" rel=\"attachment wp-att-1950\"><img loading=\"lazy\" decoding=\"async\" class=\"alignleft size-thumbnail wp-image-1950\" src=\"http:\/\/ekmanfamily.se\/ver3\/wp-content\/uploads\/2013\/08\/DSCN0523-150x150.jpg\" alt=\"dscn0523\" width=\"150\" height=\"150\" \/><\/a><a href=\"http:\/\/ekmanfamily.se\/ver3\/2006-hogbo-bruk-gavle-korsnas\/dscn0543-jpg\/\" rel=\"attachment wp-att-1952\"><img loading=\"lazy\" decoding=\"async\" class=\"alignleft size-medium wp-image-1952\" src=\"http:\/\/ekmanfamily.se\/ver3\/wp-content\/uploads\/2013\/08\/DSCN0543-225x300.jpg\" alt=\"DSCN0543.JPG\" width=\"225\" height=\"300\" srcset=\"https:\/\/ekmanfamily.se\/ver3\/wp-content\/uploads\/2013\/08\/DSCN0543-225x300.jpg 225w, https:\/\/ekmanfamily.se\/ver3\/wp-content\/uploads\/2013\/08\/DSCN0543-768x1024.jpg 768w, https:\/\/ekmanfamily.se\/ver3\/wp-content\/uploads\/2013\/08\/DSCN0543.jpg 1944w\" sizes=\"auto, (max-width: 225px) 100vw, 225px\" \/><\/a><\/p>\n<p>&nbsp;<\/p>\n<p>&nbsp;<\/p>\n<p>&nbsp;<\/p>\n<p>&nbsp;<\/p>\n<p>&nbsp;<\/p>\n<p>&nbsp;<\/p>\n<p>&nbsp;<\/p>\n<p><strong>H\u00f6gbro bruk med tillh\u00f6rande byggnader<\/strong><\/p>\n<p>Som alternativ kunde deltagarna bes\u00f6ka Wij Tr\u00e4dg\u00e5rdar eller \u00e4gna f\u00f6rmiddagen \u00e5t avkoppling i hotellets spa-anl\u00e4ggning.<br \/>\nMan kunde \u00e4ven bes\u00f6ka lokala hemsl\u00f6jdsbutiker med glas, textil mm. Detta bokade man dock individuellt.<\/p>\n<p>Kl. 14.00 ordnades whiskeyprovning p\u00e5 Mackmyra.<\/p>\n<p><a href=\"http:\/\/ekmanfamily.se\/ver3\/2006-hogbo-bruk-gavle-korsnas\/dscn0486\/\" rel=\"attachment wp-att-1940\"><img loading=\"lazy\" decoding=\"async\" class=\"alignleft size-thumbnail wp-image-1940\" src=\"http:\/\/ekmanfamily.se\/ver3\/wp-content\/uploads\/2013\/08\/DSCN0486-150x150.jpg\" alt=\"dscn0486\" width=\"150\" height=\"150\" \/><\/a><a href=\"http:\/\/ekmanfamily.se\/ver3\/2006-hogbo-bruk-gavle-korsnas\/dscn0487\/\" rel=\"attachment wp-att-1942\"><img loading=\"lazy\" decoding=\"async\" class=\"alignleft size-thumbnail wp-image-1942\" src=\"http:\/\/ekmanfamily.se\/ver3\/wp-content\/uploads\/2013\/08\/DSCN0487-150x150.jpg\" alt=\"dscn0487\" width=\"150\" height=\"150\" \/><\/a><a href=\"http:\/\/ekmanfamily.se\/ver3\/2006-hogbo-bruk-gavle-korsnas\/dscn0488\/\" rel=\"attachment wp-att-1943\"><img loading=\"lazy\" decoding=\"async\" class=\"alignleft size-thumbnail wp-image-1943\" src=\"http:\/\/ekmanfamily.se\/ver3\/wp-content\/uploads\/2013\/08\/DSCN0488-150x150.jpg\" alt=\"dscn0488\" width=\"150\" height=\"150\" \/><\/a><a href=\"http:\/\/ekmanfamily.se\/ver3\/2006-hogbo-bruk-gavle-korsnas\/dscn0491\/\" rel=\"attachment wp-att-1944\"><img loading=\"lazy\" decoding=\"async\" class=\"alignleft size-thumbnail wp-image-1944\" src=\"http:\/\/ekmanfamily.se\/ver3\/wp-content\/uploads\/2013\/08\/DSCN0491-150x150.jpg\" alt=\"dscn0491\" width=\"150\" height=\"150\" \/><\/a><a href=\"http:\/\/ekmanfamily.se\/ver3\/2006-hogbo-bruk-gavle-korsnas\/dscn0493-jpg\/\" rel=\"attachment wp-att-1945\"><img loading=\"lazy\" decoding=\"async\" class=\"alignleft size-thumbnail wp-image-1945\" src=\"http:\/\/ekmanfamily.se\/ver3\/wp-content\/uploads\/2013\/08\/DSCN0493-150x150.jpg\" alt=\"DSCN0493.JPG\" width=\"150\" height=\"150\" \/><\/a><\/p>\n<p>&nbsp;<\/p>\n<p>&nbsp;<\/p>\n<p>&nbsp;<\/p>\n<p>&nbsp;<\/p>\n<p>&nbsp;<\/p>\n<p><a href=\"http:\/\/ekmanfamily.se\/ver3\/2006-hogbo-bruk-gavle-korsnas\/dscn0562\/\" rel=\"attachment wp-att-1954\"><img loading=\"lazy\" decoding=\"async\" class=\"alignleft wp-image-1954 size-large\" src=\"http:\/\/ekmanfamily.se\/ver3\/wp-content\/uploads\/2013\/08\/DSCN0562-1024x768.jpg\" alt=\"dscn0562\" width=\"584\" height=\"438\" srcset=\"https:\/\/ekmanfamily.se\/ver3\/wp-content\/uploads\/2013\/08\/DSCN0562-1024x768.jpg 1024w, https:\/\/ekmanfamily.se\/ver3\/wp-content\/uploads\/2013\/08\/DSCN0562-300x225.jpg 300w, https:\/\/ekmanfamily.se\/ver3\/wp-content\/uploads\/2013\/08\/DSCN0562-768x576.jpg 768w, https:\/\/ekmanfamily.se\/ver3\/wp-content\/uploads\/2013\/08\/DSCN0562-400x300.jpg 400w\" sizes=\"auto, (max-width: 584px) 100vw, 584px\" \/><\/a><\/p>\n<p>&nbsp;<\/p>\n<p>&nbsp;<\/p>\n<p>&nbsp;<\/p>\n<p>&nbsp;<\/p>\n<p>&nbsp;<\/p>\n<p>&nbsp;<\/p>\n<p>&nbsp;<\/p>\n<p>&nbsp;<\/p>\n<p>&nbsp;<\/p>\n<p>&nbsp;<\/p>\n<p>&nbsp;<\/p>\n<p><strong>Officiellt program l\u00f6rdagen den 12 augusti kl. 16.30<br \/>\n<\/strong>\u00c5rsm\u00f6tet \u00e4gde rum p\u00e5 H\u00f6gbo Bruk.<\/p>\n<p>Middag kl. 19.30<br \/>\nSl\u00e4ktf\u00f6reningen hade n\u00f6jet att bjuda p\u00e5 middag med dans och avslutande vickning.<br \/>\nF\u00f6rr\u00e4tt: R\u00f6kt lax med avrugakaviar, vitt vin.<br \/>\nVarmr\u00e4tt: Kalvfil\u00e9 med tryffelpolenta och rostad persiljerot, r\u00f6tt vin El Coto.<br \/>\nEfterr\u00e4tt: Chokladpaj med k\u00f6rsb\u00e4rss\u00e5s, r\u00f6tt vin El Coto.<br \/>\n(92 sittande g\u00e4ster varav 10 barn, 40 avanm\u00e4lda g\u00e4ster).<\/p>\n<h2>MIDDAGEN<\/h2>\n<p>DE INGIFTAS TAL, AV IAN RYDIN (C:3:4:2:1)<br \/>\n<a href=\"http:\/\/ekmanfamily.se\/ver3\/2006-hogbo-bruk-gavle-korsnas\/img_3892-jpg\/\" rel=\"attachment wp-att-1956\"><img loading=\"lazy\" decoding=\"async\" class=\"alignleft size-thumbnail wp-image-1956\" src=\"http:\/\/ekmanfamily.se\/ver3\/wp-content\/uploads\/2013\/08\/IMG_3892-2-150x150.jpg\" alt=\"IMG_3892.JPG\" width=\"150\" height=\"150\" \/><\/a><\/p>\n<p>Varf\u00f6r jag? Jag heter Ian Rydin, \u00e4r gift med Gabriella H\u00e5\u00e5l, dotter till Gunilla Ekman (inom parantes min sv\u00e4rmor). Min frus morbror, (inom parantes hennes gudfar) ringde mig i Bryssel en sen l\u00f6rdagkv\u00e4ll och bad om en ytterligare dos sj\u00e4lvpl\u00e5geri. Han var samtidigt mycket snabb med att ge mig r\u00e5d och direktiv, vilka jag naturligtvis omedelbart f\u00f6rkastade.<\/p>\n<p>N\u00e4r det blev k\u00e4nt att jag skulle h\u00e5lla detta tal h\u00f6rde genast flera personer av sig till mig f\u00f6r att best\u00e4mt klarg\u00f6ra vilka \u00e4mnen som inte borde tas upp. Utan att n\u00e4mna n\u00e5gra namn, s\u00e5 ville min sv\u00e4rmor och hennes syster att jag absolut inte skulle n\u00e4mna n\u00e5got om deras soffor, ljusstakar, lampor, mattor och andra diverse m\u00f6bler som de alltid k\u00f6per minst tv\u00e5 utav, ofta tre, fyra s\u00e5 att andra lyckliga familjemedlemmar f\u00e5r \u00e4ran att m\u00f6blera sina hem precis som dem. Vet ej best\u00e4mt om detta irrationella beteende \u00e4r typiskt Ekmanskt, men som sagt det var inte det vi skulle tala om idag.<\/p>\n<p>Ist\u00e4llet ville de att jag skulle tala om en Ekmans karakt\u00e4rsdrag. Enligt min sv\u00e4rmor och hennes tv\u00e5 syskon \u00e4r Ekman synonymt med Envishet och M\u00e5lmedvetenhet som dessutom premierar Kunskap, Sparsamhet och visad Medm\u00e4nsklighet. F\u00f6r att riktigt f\u00f6rst\u00e5 vad de menade l\u00e4t jag sl\u00e5 upp i Bonniers Svenska Lexikon d\u00e4r det st\u00e5r att envishet betyder egensinnig, omedg\u00f6rlig, trilsk, inte vilja ge med sig, medan m\u00e5lmedvetenhet betyder att man vet vad man vill, \u00e4r best\u00e4md, och resolut. Jo tack, jag h\u00e5ller med..! Och med den synnerligen tr\u00e4ffs\u00e4kra beskrivningen och innan vi fort s\u00e4tter detta tal vill jag visa respekt till alla mina ingifta kollegor genom att utbringa en mellansk\u00e5l, eller en parantessk\u00e5l. Sk\u00e5l alla paranteser!<\/p>\n<p>Sparsamhet, Kunskap och Medm\u00e4nsklighet n\u00e4mnde jag tidigare. Det har f\u00f6rklarats f\u00f6r mig att n\u00e4r en Ekman \u00e4r sparsam verkar han utan att synas. Det \u00e4r en tolkning. En annan \u00e4r att man har permanent boende och sommarst\u00e4lle p\u00e5 tv\u00e5 utav Sveriges mest exklusiva adresser, seglar en b\u00e5t v\u00e4rd tio miljoner samtidigt som man k\u00f6r en \u00f6ststatsbil enbart f\u00f6r att undkomma Stockholms tr\u00e4ngselavgifter!<\/p>\n<p>Kunskap \u00e4r viktigt f\u00f6r en Ekman. Alla k\u00e4nner vi till att flera tongivande Ekm\u00e4n varit starkt bidragande till introduktionen av folkskolan i Sverige. Dagens Ekm\u00e4n verkar dock inte lika drivande inom detta omr\u00e5de. De talar hellre om vad historiens Ekm\u00e4n betytt f\u00f6r landet ist\u00e4llet f\u00f6r vad de sj\u00e4lva kan m\u00f6jligg\u00f6ra f\u00f6r sina \u00e4ldre, yngre och framtida sl\u00e4ktmedlemmar. Kanske har de gl\u00f6mt bort att m\u00e5nga h\u00e4r i dag har v\u00e4ldigt mycket att tacka f\u00f6r av de som inte \u00e4r h\u00e4r i dag. A-grenen har f\u00f6rvisso n\u00e5gra stiftelser men en stilla undran inst\u00e4ller sig varf\u00f6r det inte finns en generell Ekmansk pengapott f\u00f6r kunskapst\u00f6rstande ungdomar, eller beh\u00f6vande pensionerade sl\u00e4ktmedlemmar.<\/p>\n<p>Medm\u00e4nsklighet betyder bl. a. att man visar respekt f\u00f6r andra individer, \u00e4ven Ingifta. Hur snabbt och naturligt detta sker skiftar s\u00e4kert bland de olika familjerna i sl\u00e4ktf\u00f6reningen. Min egen erfarenhet av att bli accepterad f\u00f6r vem man jag \u00e4r och st\u00e5r f\u00f6r, har inneburit en rad olika individuella pr\u00f6vningar. Denna process har inneburit m\u00e5nga billiga vinare, en hel del uts\u00f6kt whisky, och en n\u00e4stan om\u00e4nsklig m\u00e4ngd med jordgubbar. Nu n\u00e4r jag formellt s\u00e4tt har blivit accepterad kan jag nog ocks\u00e5 tala f\u00f6r alla mina ingifta kollegor, att ovidkommande sl\u00e4kten Ekmans ibland konstiga egenheter och karakt\u00e4r s\u00e5 k\u00e4nner vi oss varmt v\u00e4lkomna och att det varit v\u00e4rt processen. Jag ser fram emot att tr\u00e4ffas och umg\u00e5s med er m\u00e5nga \u00e5r fram\u00f6ver.<\/p>\n<p>Med det vill jag avsluta med att s\u00e4ga att 2003 \u00e5rs talare bl. a. p\u00e5pekade att det serverande vinet d\u00e5 kostade 67 kronor flaskan p\u00e5 systemet. Detta var tydligen en positiv trend ifr\u00e5n f\u00f6reg\u00e5ende \u00e5r, s\u00e5 jag \u00e4r glad att jag slapp undan de vinerna! Gl\u00e4djande kan jag meddela att Ekman har satt p\u00e5 sig spenderarbyxorna \u00e4ven i \u00e5r d\u00e5 kv\u00e4llens vin kostar hela 70 kr! Grattis och sk\u00e5l Ekman!<\/p>\n<h2><\/h2>\n<p><strong>Officiellt program s\u00f6ndagen den 13 augusti<\/strong><\/p>\n<p>Kl. 09.00 var vi utcheckade och klara att\u00a0k\u00f6r i egna bilar till J\u00e4rnv\u00e4gsmuseet kl. 09.45. D\u00e4r vi\u00a0vi bl.a fick se brukspatron Carl Ekmans p\u00e5 Finsp\u00e5ng privata salongsvagn, den enda privata lyxvagnen, som trafikerat svenska j\u00e4rn- v\u00e4gar och Gustaf Ekmans p\u00e5 Lesj\u00f6fors m\u00e4rkliga godsvagn, som drogs med h\u00e4st.<\/p>\n<p><strong>Korsn\u00e4s kl. 11.30<br \/>\n<a href=\"http:\/\/ekmanfamily.se\/ver3\/2006-hogbo-bruk-gavle-korsnas\/dscn0574\/\" rel=\"attachment wp-att-1948\"><img loading=\"lazy\" decoding=\"async\" class=\"alignleft size-medium wp-image-1948\" src=\"http:\/\/ekmanfamily.se\/ver3\/wp-content\/uploads\/2013\/08\/DSCN0574-300x225.jpg\" alt=\"dscn0574\" width=\"300\" height=\"225\" srcset=\"https:\/\/ekmanfamily.se\/ver3\/wp-content\/uploads\/2013\/08\/DSCN0574-300x225.jpg 300w, https:\/\/ekmanfamily.se\/ver3\/wp-content\/uploads\/2013\/08\/DSCN0574-768x576.jpg 768w, https:\/\/ekmanfamily.se\/ver3\/wp-content\/uploads\/2013\/08\/DSCN0574-1024x768.jpg 1024w, https:\/\/ekmanfamily.se\/ver3\/wp-content\/uploads\/2013\/08\/DSCN0574-400x300.jpg 400w\" sizes=\"auto, (max-width: 300px) 100vw, 300px\" \/><\/a><a href=\"http:\/\/ekmanfamily.se\/ver3\/2006-hogbo-bruk-gavle-korsnas\/wilhelm-portratt\/\" rel=\"attachment wp-att-1955\"><img loading=\"lazy\" decoding=\"async\" class=\"alignleft wp-image-1955\" src=\"http:\/\/ekmanfamily.se\/ver3\/wp-content\/uploads\/2013\/08\/Wilhelm-portr\u00e4tt-212x300.jpg\" alt=\"wilhelm-portratt\" width=\"180\" height=\"255\" srcset=\"https:\/\/ekmanfamily.se\/ver3\/wp-content\/uploads\/2013\/08\/Wilhelm-portr\u00e4tt-212x300.jpg 212w, https:\/\/ekmanfamily.se\/ver3\/wp-content\/uploads\/2013\/08\/Wilhelm-portr\u00e4tt.jpg 595w\" sizes=\"auto, (max-width: 180px) 100vw, 180px\" \/><\/a><\/strong><\/p>\n<p>&nbsp;<\/p>\n<p>&nbsp;<\/p>\n<p>&nbsp;<\/p>\n<p>&nbsp;<\/p>\n<p>&nbsp;<\/p>\n<p>&nbsp;<\/p>\n<p>Bolagets arkivarie Stefan Berggren hade v\u00e4nligheten att ta emot oss p\u00e5 Korsn\u00e4s f\u00f6r att ber\u00e4tta om Wilhelm Ekmans tid d\u00e4r. Sedan bes\u00f6kte vi det imponerande pappersbruket.<\/p>\n<p><strong>Lunch kl. 13.30<\/strong><\/p>\n<p>Avslutningsvis bj\u00f6d sl\u00e4ktf\u00f6reningen p\u00e5 lunch. H\u00f6gbo Brukshotell ligger 5 km norr om Sandviken p\u00e5 riksv\u00e4g 272 mot Ockelbo.<\/p>\n<h2>F\u00d6REDRAG AV KORSN\u00c4S ARKIVARIE STEFAN BERGGREN<\/h2>\n<p>Wilhelm Ekman,<br \/>\nsom skogschef och platschef f\u00f6r s\u00e5gverket i Korsn\u00e4s utanf\u00f6r Falun.<\/p>\n<p>1905, tre \u00e5r innan han fick tj\u00e4nsten som skogschef, hade han gift sig med Martha Gerdts, och tillsammans begav de sig av till Dalarna och sj\u00f6n Runn, d\u00e4r s\u00e5gverket l\u00e5g. Vad var det d\u00e5 f\u00f6r verksamhet som m\u00f6tte dem? Korsn\u00e4s hade tio \u00e5r tidigare flyttat verksamheten fr\u00e5n platsen vid Runn ner till omr\u00e5det Bomhus strax utanf\u00f6r G\u00e4vle. Anledningen var bland annat n\u00e4rheten till havet f\u00f6r utskeppningens skull. I stort sett hela anl\u00e4ggningen uppe i Korsn\u00e4s monterades ner, lades p\u00e5 j\u00e4rnv\u00e4gsvagn och fraktades till Bomhusudden. Inte bara s\u00e5gramar, v\u00e4ggar och tak, utan \u00e4ven personalen fick f\u00f6lja med. Det var Sveriges genom tiderna st\u00f6rsta industriflyttning som genomf\u00f6rdes!<br \/>\nAllt skeppades dock inte ner till havsbandet, en mindre anl\u00e4ggning blev kvar i Korsn\u00e4s. Ett s\u00e5gverk och en l\u00e5dfabrik. S\u00e5gverket hade fyra s\u00e5gramar, att j\u00e4mf\u00f6ras med 30 som stod nere i Bomhusanl\u00e4ggningen. S\u00e5gverksamheten i Dalarna, som allts\u00e5 Wilhelm blev chef \u00f6ver, var allts\u00e5 t\u00e4mligen blygsam. Desto mer betydande var den skogliga biten, skogschefstj\u00e4nsten var ju f\u00f6rlagd d\u00e4r ocks\u00e5. Posten hade tidigare innehafts av Gerdt Zimmerman, som nu hade befordrats till Verkst\u00e4llande direkt\u00f6r och d\u00e4rmed flyttat ner till G\u00e4vle.<\/p>\n<p>Paret Ekman med sina tv\u00e5 barn flyttar in i Humlebacken, en vacker och stor villa f\u00f6rlagd strax utanf\u00f6r s\u00e5gverksomr\u00e5det. Villan blir l\u00e5ngt senare ett semesterhem f\u00f6r husm\u00f6drar till korsn\u00e4sanst\u00e4llda. Wilhelm delar sin arbetstid mellan skogliga inspektioner och s\u00e5gverksbestyr. Zimmerman hade n\u00e5gra \u00e5r innan Wilhelm Ekman kom in i bilden p\u00e5b\u00f6rjat en viss planerad skogssk\u00f6tsel p\u00e5 Korsn\u00e4s skogsmarker men det var Ekman som fick ta tag i saken ordentligt n\u00e4r han blir skogschef. Det g\u00e4llde att f\u00e5 struktur och systematik i sk\u00f6tseln, det skulle dikas ut, br\u00e4nnas av, planteras ny skog, gallras bland tr\u00e4den med mera. Under sig har han sex f\u00f6rvaltningar f\u00f6r \u00e4ndam\u00e5let och drygt 1000 personer som arbetade ute i skogarna.<\/p>\n<p>N\u00e4r det g\u00e4ller s\u00e5gverket och arbetet d\u00e4r f\u00e5r han ofta agera s\u00e4ljare och skicka f\u00f6rfr\u00e5gningar och offerter p\u00e5 s\u00e5dant de kan leverera, det \u00e4r inte alltid som kunderna knackar p\u00e5 d\u00f6rren och efterfr\u00e5gar s\u00e5gade tr\u00e4varor. Ibland \u00e4r det t o m riktigt sv\u00e5rt att hitta en k\u00f6pare och f\u00e5 iv\u00e4g ett parti av en viss produkt.<\/p>\n<p>Ett problem som Wilhelm nu f\u00e5r m\u00f6ta \u00e4r strejker. Bland flottarna ute i skogarna utbryter sm\u00e5strejker och bland s\u00e5gverks- och skogsarbetarna finns ocks\u00e5 ett missn\u00f6je. Man \u00e4r f\u00f6rst\u00e5s missn\u00f6jd med l\u00f6ner och \u00f6vriga anst\u00e4llningsvillkor. Det \u00e4r framf\u00f6r allt under 1909 som detta v\u00e4xer mer och mer, under Wilhelms andra \u00e5r som chef. Kulmen n\u00e5s i augusti d\u00e5 storstrejken bryter ut i hela Sverige. Strejken blir dock kortvarig, bara en m\u00e5nad, p\u00e5 grund av att strejkkassorna sinar i snabb takt.<\/p>\n<p>Wilhelm redog\u00f6r i sina anteckningar fr\u00e5n den f\u00f6rsta tiden vid Korsn\u00e4s f\u00f6r ett m\u00f6te med den lokala fackf\u00f6reningsledaren vid s\u00e5gen under den h\u00e4r tiden. Det har under l\u00e5ng tid varit otaliga f\u00f6rhandlingsm\u00f6ten med fackets representanter. Under tiden har det samtidigt obstruerats p\u00e5 arbetsplatsen. Det \u00e4r en st\u00f6ddig fackrepresentant han har framf\u00f6r sig inne p\u00e5 kontoret. Den fackligt aktive menar att om inte Korsn\u00e4s g\u00e5r med p\u00e5 l\u00f6ntagarnas krav s\u00e5 \u201dhar Korsn\u00e4s inget existensber\u00e4ttigande\u201d och mannen menar att hela Korsn\u00e4s s\u00e5gverk kommer att j\u00e4mnas med marken! Ord och inga visor.<\/p>\n<p>Ekman har listat ut att tanken fr\u00e5n fackligt h\u00e5ll \u00e4r att tvinga upp l\u00f6nerna f\u00f6r hj\u00e4lps\u00e5gare vid Korsn\u00e4s, f\u00f6r att sedan utifr\u00e5n det beg\u00e4ra det samma vid s\u00e5gen i Bomhus. Och av n\u00e5gon underlig anledning \u00e4r det ocks\u00e5 n\u00e5got som fackordf\u00f6randen erk\u00e4nner att s\u00e5 \u00e4r fallet. Hela situationen blir v\u00e4ldigt infekterad, under hela strejktiden och fram till den 21 september, d\u00e5 man m\u00f6ts p\u00e5 nytt och g\u00f6r upp nya avtal, som var det gamla lik, byts \u00f6verhuvudtaget inga ord mellan parterna, inte ens en h\u00e4lsning ute p\u00e5 backen. Som sagt, strejken blev kortvarig, blott en m\u00e5nad, men efterverkningarna bestod l\u00e4nge. Under flera \u00e5r var det sv\u00e5rt att f\u00e5 folk till sysslorna p\u00e5 s\u00e5gen, s\u00e4rskilt hj\u00e4lps\u00e5gare. L\u00e5ngsintheten bland arbetarna bottnade i just att avtalen f\u00f6rblev i stort sett desamma som innan strejken.<\/p>\n<p>1915 f\u00f6r\u00e4ndras tj\u00e4nsten f\u00f6r Wilhelm Ekman, han blir nu skogschef p\u00e5 heltid och kan s\u00e5ledes \u00e4gna sig helt \u00e5t det som ligger honom n\u00e4rmast om hj\u00e4rtat i professionen, allts\u00e5 skogssk\u00f6tsel. Det \u00e4r ju i skogarna han trivs b\u00e4st. I och med detta best\u00e4ms ocks\u00e5 att skogschefen ska vara placerad i G\u00e4vle och inneha ansvaret \u00e4ven f\u00f6r G\u00e4vle och Gysinge distrikt. S\u00e5 familjen Ekman, som nu har ut\u00f6kats med ytterligare tv\u00e5 barn, flyttar ner till G\u00e4vle.<\/p>\n<p>De k\u00f6per en fastighet p\u00e5 Borgm\u00e4starplan d\u00e4r de flyttar in. Korsn\u00e4s l\u00e5ter \u00e4ven uppf\u00f6ra en sommarbostad ute vid Granudden, strax bortanf\u00f6r huvudkontoret som de har tillg\u00e5ng till.<\/p>\n<p>N\u00e4r nu familjen Ekman flyttat till G\u00e4vle best\u00e4mmer de sig f\u00f6r att donera fem aktier i Korsn\u00e4s S\u00e5gverks Aktiebolag som en grund till en fond. De vill att avkastningen fr\u00e5n aktierna ska anv\u00e4ndas till bidrag f\u00f6r betungande sjukv\u00e5rdskostnader f\u00f6r hustrur, \u00e4nkor och minder\u00e5riga barn till arbetarna uppe i Korsn\u00e4s i Dalarna.<\/p>\n<p>Herr och fru Ekman g\u00f6r om denna man\u00f6ver 1942, d\u00e5 de donerar 100 Korsn\u00e4saktier med samma syfte men m\u00e5lgruppen \u00e4r hustrur och minder\u00e5riga barn till arbetarna vid Korsn\u00e4sverken i Bomhus, allts\u00e5 s\u00e5gen och pappersbruket.<\/p>\n<p>1945 l\u00e4ggs s\u00e5gverksamheten uppe i Korsn\u00e4s ner, vilket f\u00f6ranleder Martha att n\u00e5gra \u00e5r senare skriva till Korsn\u00e4s VD, Erik W Eriksson, och be honom att sl\u00e5 ihop de tv\u00e5 stiftelserna till en. Hon vill att den nya stiftelsen ska ben\u00e4mnas \u201dWilhelm och Martha Ekmans sociala fond f\u00f6r Korsn\u00e4sverken\u201d.<\/p>\n<p>Den h\u00e4r fonden finns kvar \u00e4n idag och anst\u00e4llda, \u00e4nkor, \u00e4nklingar samt anst\u00e4lldas minder\u00e5riga barn kan s\u00f6ka medel ur fonden f\u00f6r sjukv\u00e5rdskostnader som inte t\u00e4cks av det allm\u00e4nna, f\u00f6rs\u00e4kringsbolag eller andra fonder.<\/p>\n<p>Vi backar tillbaka i tiden, till \u00e5r 1923:<br \/>\nNatten till den 22 juni h\u00e4nder n\u00e5got som inte f\u00e5r h\u00e4nda. Brand utbryter vid s\u00e5gen p\u00e5 Kastet, ett hus byggt av tr\u00e4, inneh\u00e5llande tr\u00e4, sp\u00e5n och s\u00e5gdamm. Hela byggnaden brinner ner liksom ett 83 000 kubikmeter stort massavedsupplag, en linbanestation och ett hugghus. Det brinner l\u00e4nge och v\u00e4l och folk kommer fr\u00e5n vida kring f\u00f6r att se spektaklet. Sl\u00e4ckningsarbetet tar sin runda tid, lyckligtvis har i alla fall bostadshusen alldeles intill s\u00e5ganl\u00e4ggningen klarat sig fr\u00e5n l\u00e5gorna tack vare att det vid tillf\u00e4llet r\u00e5dde fr\u00e5nlandsvind. Utredare fr\u00e5n detektiva avdelningen vid G\u00e4vlepolisen kallas dit men de lyckas aldrig f\u00e5 fram exakt varf\u00f6r detta h\u00e4nde och heller ingen skyldig. Vittnesm\u00e5l g\u00f6r dock g\u00e4llande att l\u00f6sfolk hade synts i omr\u00e5det d\u00e4r branden startade och att n\u00e5gon \u00e4ven r\u00f6kt. Man kan bara misst\u00e4nka att en cigarrettfimp som sl\u00e4ngts v\u00e5rdsl\u00f6st \u00e4r vad som p\u00e5b\u00f6rjade katastrofen. Alternativet \u00e4r en ren olycksh\u00e4ndelse, gnistbildning fr\u00e5n ett drivhjul eller s\u00e5.<\/p>\n<p>Vid den h\u00e4r tiden har Gerdt Zimmerman, verkst\u00e4llande direkt\u00f6ren, insjuknat. Och det \u00e4r allvarligt dessutom. Han har genast insett att det arbete som kr\u00e4vs f\u00f6r att bygga upp en ny s\u00e5g orkar han inte med. S\u00e5 han ber i st\u00e4llet Wilhelm Ekman att ta itu med saken. Wilhelm accepterar, han har m\u00e5naden innan blivit utsedd till vice verkst\u00e4llande direkt\u00f6r, eller direkt\u00f6rsassistent, som det ocks\u00e5 kallades ibland.<\/p>\n<p>Att utse Wilhelm till att bygga upp en ny verksamhet \u00e4r ett bra val eftersom han varit med om den h\u00e4r typen av arbete tidigare. Den sista oktobernatten 1911, d\u00e5 han fortfarande bodde och verkade uppe i Korsn\u00e4s, brann n\u00e4mligen s\u00e5gen d\u00e4r ner till grunden. S\u00e5 arbete med att iordningst\u00e4lla s\u00e5gverk hade han erfarenhet av redan. I fallet med s\u00e5gen p\u00e5 Kastet, som nu f\u00f6rvandlats till aska och sot, var naturligtvis arbetsuppgiften betydligt mer grannlaga eftersom, vilket jag n\u00e4mnde tidigare, anl\u00e4ggningen var s\u00e5 mycket st\u00f6rre \u00e4n den i Dalarna. \u00c5teruppbyggnaden av s\u00e5gen g\u00e5r fort, redan i mars \u00e5ret d\u00e4rp\u00e5 provs\u00e5gas den f\u00f6rsta stocken. I maj \u00e4r s\u00e5gningen ig\u00e5ng och i juni har de sista detaljerna \u00e5tg\u00e4rdats f\u00f6r att f\u00e5 hela processen att fungera.<\/p>\n<p>Att det gick ganska fort att bygga upp verksamheten igen beskrivs som att det bland annat berodde p\u00e5 ett engagemang som var klass\u00f6verskridande, oavsett var man befann sig p\u00e5 den sociala stegen var alla \u00f6verens om vikten att f\u00e5 ett nytt s\u00e5gverk uppf\u00f6rt s\u00e5 fort som m\u00f6jligt. S\u00e5 h\u00e4r beskrivs saken i jubileumsboken Korsn\u00e4sbolaget 1855 \u2013 1955 av Torsten Althin: (S 86, sista stycket) \u201dFilaren och polismannen\u2026 (&#8212;) inom alla arbetargrupper\u201d.<\/p>\n<p>Att Wilhelm Ekman var starkt engagerad och allerst\u00e4des n\u00e4rvarande beh\u00f6ver man inte betvivla, b\u00e5de dokument i arkiven och hans egna dagboksanteckningar vittnar om detta. Men det var inte alltid s\u00e5 idylliskt som vittnesm\u00e5let i boken g\u00f6r g\u00e4llande. En dag i mitten av augusti n\u00e4r Wilhelm kommer ut till byggarbetsplatsen st\u00e5r \u00f6ver 50 arbetare d\u00e4r och v\u00e4ntar p\u00e5 honom, och de \u00e4r missn\u00f6jda. De har m\u00e4rkt att de inte blir satta i arbete lika mycket nu, deras ledigheter har \u00f6kat &#8211; och d\u00e4rmed minskar deras inkomster f\u00f6rst\u00e5s. D\u00e4rav missn\u00f6jet. Wilhelm f\u00e5r f\u00f6rklara f\u00f6r f\u00f6rsamlingen, att eftersom de tidigare genom hotelser om blockad f\u00e5tt upp l\u00f6nerna s\u00e5 kan arbetsgivaren sedan inte anst\u00e4lla lika m\u00e5nga f\u00f6r s k friarbeten eftersom kostnaden f\u00f6r arbetskraft har f\u00f6rdyrats. Vi f\u00e5r anta att de l\u00e5ter sig n\u00f6jas med den f\u00f6rklaringen f\u00f6r n\u00e5gra fler anteckningar om s\u00e5dana dispyter d\u00e4r och d\u00e5 finns inte.<\/p>\n<p>Mot slutet av \u00e5ret kr\u00e5nglas det i arbetarleden igen. Nu har arbetare b\u00f6rjat tilltvinga sig arbete nere vid s\u00e5gen, man kan t\u00e4nka sig att det fanns en viss bakomliggande desperation bland folket d\u00e4r n\u00e4r arbete var sv\u00e5rt att f\u00e5 samtidigt som det tr\u00f6t i pl\u00e5nb\u00f6ckerna. \u00c4ven detta f\u00f6rh\u00e5llande verkar ha klarats ut utan rabalder, i Wilhelms anteckningar finns inget mer n\u00e4mnt om saken sedan. Broarna mellan arbetsgivare och arbetare har skakats om emellan\u00e5t men dock aldrig fallit samman.<\/p>\n<p>\u00c4ven om det nu \u00e4r s\u00e5, tycker jag att den bild som l\u00e4nge varit den officiella, och som jag citerade nyss, nu kan nyanseras b\u00e4ttre tack vare Wilhelm Ekmans dagboksanteckningar. Det \u00e4r i alla fall f\u00f6r mig intressant. N\u00e4r man vid den h\u00e4r tiden l\u00e5ter bygga f\u00f6rmansbost\u00e4derna, de fyra r\u00f6da parhusen ni passerade efter skolbyggnaden, v\u00e4nder sig Wilhelm till Martha betr\u00e4ffande dekorationer och f\u00e4rgval. S\u00e5dant \u00e4r det hon som f\u00e5r best\u00e4mma. Martha \u00e4r ocks\u00e5 en aktiv person, ingen som sitter hemma och v\u00e4ntar p\u00e5 gubben. Hon involverar sig i olika sociala engagemang i trakten, man f\u00e5r anta att det sker i takt med att barnen blir mer och mer sj\u00e4lvg\u00e5ende.<\/p>\n<p>Hon \u00e4r Korsn\u00e4s ansikte ut\u00e5t lika mycket som hennes man \u00e4r. Sociala aktiviteter som middag med korsn\u00e4sfruarna hade hon p\u00e5 sin agenda. Hur det lokala samh\u00e4llet h\u00e4rute i Bomhus skulle ta sig ut hade hon synpunkter p\u00e5. Hon vurmade bland annat f\u00f6r anl\u00e4ggandet av en damm intill Stora Holmsund, har jag f\u00e5tt ber\u00e4ttat f\u00f6r mig, men det blev aldrig av. Strax utanf\u00f6r G\u00e4vle ligger Osl\u00e4ttfors bruk som Korsn\u00e4s k\u00f6pt upp en g\u00e5ng i tiden f\u00f6r att komma \u00f6ver brukets skogar. N\u00e4r Korsn\u00e4s vidtar en upprustning av kyrkan i Osl\u00e4ttfors i mitten av 30-talet \u00e4r det hon som styr \u00f6ver f\u00e4rgs\u00e4ttningarna. Vid \u00e5terinvigningen av kyrkan \u00e4r sj\u00e4lvaste \u00e4rkebiskopen d\u00e4r och f\u00f6rr\u00e4ttar ceremonin. Och traktens pr\u00e4sterskap \u00e4r mycket n\u00f6jda \u00f6ver kyrkans renovering, och Wilhelm \u00e4r stolt \u00f6ver sin hustru.<\/p>\n<p>Under h\u00f6sten 1923 klarg\u00f6r Gerdt Zimmerman att han vill sluta sin tj\u00e4nst som VD p\u00e5 grund av sjukdomen (han blir sen styrelseledamot). Och vem som ska eftertr\u00e4da honom \u00e4r sj\u00e4lvskrivet \u2013 Wilhelm. Den 1 januari 1924, efter 16 \u00e5r inom Korsn\u00e4s, tilltr\u00e4der han s\u00e5 posten som verkst\u00e4llande direkt\u00f6r f\u00f6r Korsn\u00e4s S\u00e5gverks Aktiebolag, chef \u00f6ver cirka 3000 personer. Hur s\u00e5g Korsn\u00e4s ut h\u00e4r i Bomhus d\u00e5, vid tiden f\u00f6r hans tilltr\u00e4de som vd?<\/p>\n<p>En br\u00e4dg\u00e5rd med hyvlerianl\u00e4ggning, en cellulosafabrik och ett s\u00e5gverk fanns h\u00e4r.<\/p>\n<p>En viktig sak f\u00f6r industrir\u00f6relsen vid Korsn\u00e4sverken var tillg\u00e5ngen p\u00e5 elkraft. Korsn\u00e4s var d\u00e5 och \u00e4r \u00e4n mer idag ett elintensivt f\u00f6retag. Wilhelm var framsynt i den h\u00e4r fr\u00e5gan. Beh\u00f6ver man mycket elektricitet \u00e4r det bra om man \u00e4r del\u00e4gare i ett kraftbolag. 1927 ges tillf\u00e4lle f\u00f6r Korsn\u00e4s att k\u00f6pa in sig i Kr\u00e5ngede. Och Kr\u00e5ngede syftar till att bygga en vattenkraftstation i Indals\u00e4lven. F\u00f6r det \u00e4r vattenkraft som \u00e4r framtiden, stenkolet f\u00f6r kolkraftverken \u00e4r dyrt och blir dyrare med tiden, s\u00e4rskilt n\u00e4r det r\u00e5der krig i n\u00e4romr\u00e5det. Det dr\u00f6jer av olika orsaker fram till 1936 innan Kr\u00e5ngede kan b\u00f6rja leverera billig elkraft och Korsn\u00e4s kunde b\u00f6rja g\u00f6ra sig kvitt kolkraften. Och kanske var det s\u00e5, att tiden uppe i Korsn\u00e4s i Dalarna bidrog till Wilhelms inst\u00e4llning till vattenkraften, f\u00f6r d\u00e4r uppf\u00f6rde man ett litet vattenkraftverk redan 1909 f\u00f6r att driva s\u00e5gens maskiner.<\/p>\n<p>Ett kliv fram\u00e5t i tiden igen: 1935. Under h\u00f6sten s\u00e4ljer han huset p\u00e5 Borgm\u00e4starplan 1 d\u00e4r de bott i 20 \u00e5r och paret flyttar till den nya vd-bostaden intill Stora Holmsund som Korsn\u00e4s l\u00e5tit uppf\u00f6ra.<\/p>\n<p>\u00c5ret d\u00e4rp\u00e5 \u00e4r Wilhelm med om att genomf\u00f6ra Korsn\u00e4s d\u00e5 st\u00f6rsta skogsaff\u00e4r. Under sommaren f\u00e5r man meddelande om att Handelsbanken, som tagit \u00f6ver Gimo-\u00d6sterby Bruks AB sedan tidigare, vill s\u00e4lja f\u00f6retaget. Gimo-\u00d6sterby har mycket skogsmark inom sitt h\u00e4gn och \u00e4r d\u00e4rf\u00f6r intressant f\u00f6r Korsn\u00e4s. Men det \u00e4r tv\u00e5 till spekulanter p\u00e5 Gimo-\u00d6sterby: Marma-L\u00e5ngr\u00f6r och Iggesund. Marma-L\u00e5ngr\u00f6r verkar falla ifr\u00e5n en eventuell aff\u00e4r ganska snart. N\u00e4r Handelsbanken beg\u00e4r att k\u00f6paren ska \u00e5taga sig ett antal sociala f\u00f6rpliktelser backar Iggesund ur ocks\u00e5, de anser att k\u00f6paren inte ska beh\u00f6va ta p\u00e5 sig en s\u00e5dan sak.<\/p>\n<p>Ekman ser inga problem med att g\u00f6ra det, vissa sm\u00e4rre f\u00f6r\u00e4ndringar i de st\u00e4llda krav banken gjort f\u00e5r han igenom dock. Ungef\u00e4r 75 000 hektar skogsmark, varav 63 000 produktiv mark, j\u00e4rnhantering som \u00e4r utarrenderad till Fagersta Bruk och ett s\u00e5gverk som \u00e4r en ekonomisk katastrof. Allt f\u00f6r 9, 75 miljoner kronor. J\u00e4rnhanteringen s\u00e4ljs till Fagersta, s\u00e5gverket l\u00e4ggs ner \u2013 d\u00e4rav de sociala f\u00f6rpliktelserna \u2013 och i skogarna kan man inte g\u00f6ra n\u00e5gra st\u00f6rre uttag de f\u00f6rsta 20 \u00e5ren, bed\u00f6mer Ekman det. Anledningen var att 1931 och -32 h\u00e4rjades de h\u00e4r skogarna sv\u00e5rt av stormar. I st\u00e4llet \u00e4r det plantering, dikningar, r\u00f6jningar som man f\u00e5r arbeta med. Och i det arbetet finns en del ers\u00e4ttningsjobb \u00e5t s\u00e5gverksarbetarna. Korsn\u00e4s startar tillsammans med Kooperativa F\u00f6rbundet \u00e4ven en wallboardfabrik i Karlholm som ocks\u00e5 genererar en del arbetstillf\u00e4llen. Wilhelm f\u00e5r \u00e5ka ner till Gimo \u00e5tskilliga g\u00e5nger i \u00e4renden av social karakt\u00e4r. Han blir ganska h\u00e5rt uppvaktad av myndighetspersoner, fackf\u00f6reningsfolk och f\u00f6retagare som visat intresse f\u00f6r att starta verksamheter d\u00e4r. Och Wilhelm f\u00f6rs\u00f6ker m\u00f6ta upp dessa s\u00e5 gott det g\u00e5r, utan att f\u00f6r den sakens skull medverka till f\u00f6rlustaff\u00e4rer f\u00f6r Korsn\u00e4s.<\/p>\n<p>9, 75 miljoner kronor var mycket pengar p\u00e5 den h\u00e4r tiden. En stor del av k\u00f6pesumman t\u00e4cks med l\u00e5n men en viss del kontanter skjuter Korsn\u00e4s ocks\u00e5 till, knappt 2 miljoner kronor. Detta g\u00f6r man genom att s\u00e4lja av lite Korsn\u00e4saktier som finns i tv\u00e5 dotterbolag till Korsn\u00e4s. Detta sker under h\u00f6sten 1936.<\/p>\n<p>Wilhelm Ekman har tidigare under sommaren haft bes\u00f6k av Sven L\u00fcbeck, landsh\u00f6vding i G\u00e4vleborg. De \u00e4r goda v\u00e4nner och under en middag ber\u00e4ttar L\u00fcbeck att G\u00e4vle Stad har s\u00e5lt sin lilla aktiepost i Korsn\u00e4s S\u00e5gverk eftersom det har uppst\u00e5tt en hausse p\u00e5 aktiemarknaden. En vecka senare har Wilhelm snappat upp att det \u00e4r tv\u00e5 figurer i Norrk\u00f6ping som k\u00f6per korsn\u00e4saktier; Aronowitsch och Fristedt. Ekman vet att det h\u00e4r bara \u00e4r mellanh\u00e4nder. Och visst, efter ytterligare n\u00e5gra dagar erbjuder Aronowitsch Korsn\u00e4s att k\u00f6pa de aktier han samlat ihop.<\/p>\n<p>Styrelsen i Korsn\u00e4s avst\u00e5r, priset \u00e4r f\u00f6r h\u00f6gt. I mitten av augusti ringer en styrelseledamot i Korsn\u00e4s till Ekman och ber\u00e4ttar att det finns en spekulant p\u00e5 Aronowitsch aktier. Nu \u00e4r en bunt aktier p\u00e5 v\u00e4g i h\u00e4nderna p\u00e5\u2026 ja, vem? Jo, baronen Wilhelm Klingspor. Men ganska snart \u00e4r det en till person som tr\u00e4der fram med samma intresse f\u00f6r korsn\u00e4saktier, Klingspors lierade; advokaten Hugo Stenbeck! Aktierna som s\u00e4ljs ut i oktober i samband med Gimo-\u00d6sterbyaff\u00e4ren k\u00f6ps ocks\u00e5 av samma personer. S\u00e5 var fick de kunskaperna ifr\u00e5n, att dessa aktier fanns till f\u00f6rs\u00e4ljning vid de h\u00e4r tv\u00e5 tillf\u00e4llena? Jo, det fanns en \u201dinsider\u201d. Jag n\u00e4mnde nyss att Ekman blev uppringd av en sty relseledamot. Vem var det? Robert von Horn. Och det \u00e4r sen von Horn, Klingspor och Stenbeck som bildar Kinnevik, det sker i december 1936. \u00c4r detta f\u00f6retagshemligheter? Nej, att von Horn sl\u00e4ppte in Stenbeck och Klingspor kan man l\u00e4sa om i bland annat boken \u201dStenbeck\u201d. Vad jag d\u00e4re mot inte visste var, att det redan innan aktieaff\u00e4ren i samband med Gimo-k\u00f6pet p\u00e5g\u00e5tt en viss turbulens p\u00e5 marknaden f\u00f6r Korsn\u00e4saktier. Ny kunskap tack vare Wilhelms dagboksanteckningar allts\u00e5.<\/p>\n<p>Sista boksluts\u00e5ret Wilhelm \u00e4r vd f\u00f6r Korsn\u00e4s levererar f\u00f6retaget ett av de starkaste resultaten under hans tid, detta trots r\u00e5dande krigstillst\u00e5nd i Europa, och Korsn\u00e4s sammanlagda skogsmarker \u00e4r i storleksordning som G\u00e4striklands landskap och lite till. Men skiftet i \u00e4garstrukturen tynger honom. Wilhelm tror, i alla fall inledningsvis, inte p\u00e5 den triad som nu st\u00e4rkt sin position i Korsn\u00e4s. En samling spekulat\u00f6rer, tycker sig Ekman se.<\/p>\n<p>Med facit i hand kan vi se att han missbed\u00f6mde saken, men d\u00e4r och d\u00e5 l\u00e5g det n\u00e4ra till hands att t\u00e4nka tanken att det bara var kortsiktiga profit\u00f6rer som befolkade styrelsen. Det fanns ingen historia bakom dessa herrar som vittnade om engagerat \u00e4gande och byggande av verksamheter. Men tiden kom att visa annat.<\/p>\n<p>30 juni 1942 \u00e4r Wilhelms sista arbetsdag, han har spenderat den sista tiden med att \u00e5ka runt till korsn\u00e4skontoren f\u00f6r att ta adj\u00f6, paret Ekman flyttar ur vd-bostaden och in i en l\u00e4genhet i stan, i Westergrenska huset p\u00e5 Nygatan 11 (idag 40).<\/p>\n<p>Under sina 33 \u00e5r p\u00e5 Korsn\u00e4s styrde han upp skogssk\u00f6tseln, st\u00e4rkte r\u00e5varuf\u00f6rs\u00f6rjningen, ansvarade f\u00f6r uppf\u00f6randet av tv\u00e5 s\u00e5gverk, ledde in Korsn\u00e4s mot vattenkraftbaserad elf\u00f6rs\u00f6rjning samt startade upp nya verksamhetsgrenar: Wallboardfabriken n\u00e4mnde jag, \u00e4ven en tr\u00e4impregneringsfabrik och tillverkning av monteringsf\u00e4rdiga hus kom till samt ytterligare n\u00e5gra verksamheter.<\/p>\n<p><strong>Deltagare<\/strong><\/p>\n<p>1 Erik Ekman C:3:2:2:2:1<br \/>\n2 Josefin Eriksson<br \/>\n3 Claes Ekman C:3:4:3:3<br \/>\n4 Maj-Lis Ekman<br \/>\n5 Anette Liljeberg C:3:4:3:3:1<br \/>\n6 Nils Liljeberg<br \/>\n7 Lykke Liljeberg C:3:4:3:3:1:1<br \/>\n8 Beata Liljeberg C:3:4:3:3:1:2<br \/>\n9 Clara Liljeberg C:3:4:3:3:1:3<br \/>\n10 Peter Ekman C:3:4:3:3:2<br \/>\n11 Gustaf Ekman C:3:2:1:1<br \/>\n12 Ulla Britta Ekman<br \/>\n13 Bengt-\u00c5ke Ekman C:3:2:1:1:1<br \/>\n14 Karin Kr\u00fcger<br \/>\n15 Nils Ekman C:3:4:1:1<br \/>\n16 Peter Ekman B:4:2:4<br \/>\n17 Annika Ekman<br \/>\n18 Fredric Ekman B:4:2:4:1<br \/>\n19 Charlotta Ekman<br \/>\n20 Therese Ekman B:4:2:4:4<br \/>\n21 Anne-Cathrine T Adlercreutz D:5:2:4<br \/>\n22 Gustaf Adlercreutz D:5:2:3<br \/>\n23 Ann Bernhard B:1:5:1:2<br \/>\n24 Stefan Bernhard<br \/>\nPatrik Bernhard (deltog fredag)<br \/>\nLisa Bernhard (deltog fredag)<br \/>\n25 Lukas Bernhard<br \/>\n26 Hugo Bernhard<br \/>\n27 Daniel Bernhard<br \/>\n28 Hellen Bernhard<br \/>\n29 Jan Calvert B:1:3:1:1<br \/>\n30 Eva Helgesson<br \/>\n31 Johan Calvert<br \/>\n32 David Calvert<br \/>\n33 Erik Calvert<br \/>\n34 Ann-Marie Gunnarsson C:3:4:4:2<br \/>\n35 Erik Gunnarsson C:3:4:4:2:3<br \/>\n36 Lena \u00c5hrlin<br \/>\n37 Ingrid Nisser C:3:2:1:3<br \/>\n38 Carl Nisser C:3:2:1:3:2<br \/>\n39 Anneli Nisser<br \/>\n40 Gunnar Nisser<br \/>\n41 Helena Nisser<br \/>\n42 Barbro Bursell C:3:4:1:5<br \/>\n43 Claes Bursell<br \/>\n44 Karin Bursell C:3:4:1:5:1<br \/>\n45 Jenny Bursell C:3:4:1:5:2<br \/>\n46 Erik Gustavsson<br \/>\n47 Jacob Bursell C:3:4:1:5:3<br \/>\n48 Anders Ekman C:3:4:2:3:2<br \/>\n49 Christina Unger C:3:4:1:2<br \/>\n50 Anders Unger<br \/>\n51 Martin Ekman C:3:4:4:5<br \/>\n52 Britt Marie Ekman<br \/>\n53 Magdalena Ekman C:3:2:2:4<br \/>\n54 Hans Ahlen<br \/>\n55 Caroline Appel C:3:2:2:4:2<br \/>\n56 Mats Palm<br \/>\n57 Matts Ekman C:3:2:7:2<br \/>\n58 Caroline Ekman C:3:2:7:2:1<br \/>\n59 Charlotte Ekman C:3:2:7:2:3<br \/>\n60 Louise Stangel D:5:3:2<br \/>\n61 Henrik Stangel<br \/>\n62 M\u00e5ns Hultin D:5:3:1<br \/>\n63 Lilian Hultin<br \/>\n64 Maud Hultin<br \/>\n65 Annika Westerlund C:3:4:1:4<br \/>\n66 Bengt Westerlund<br \/>\n67 Ingrid Ekman C:3:4:4:4<br \/>\n68 Nina Haglind C:3:4:4:4:1<br \/>\n69 Gustaf Ekman A:3:4:5<br \/>\n70 Elisabeth Ekman C:3:4:4:1<br \/>\n71 Margaretha Ekman Jegestam C:3:4:1:3<br \/>\n72 Lennart Jegestam<br \/>\n73 Wilhelm Ekman C:3:4:4:3<br \/>\n74 Ingegerd Ekman Wilma (Ekman)<br \/>\n75 Anders (Ekman)<br \/>\n76 Kirsti (Ekman)<br \/>\n77 Vendela (Ekman)<br \/>\n78 Alexander (Ekman)<br \/>\n79 Gunilla H\u00e5\u00e5l C:3:4:3:2<br \/>\n80 Gabriella Rydin C:3:4:3:2:1 med (Baby)<br \/>\n81 Ian Rydin<br \/>\n82 Jacob H\u00e5\u00e5l C:3:4:3:2:3<br \/>\n83 Nina Johannesson<br \/>\n84 Danielle Peters B:1:5:1:3<br \/>\n85 Carl-Hugo Peters<br \/>\n86 Henrik Peters<br \/>\n87 Susanne Peters<br \/>\n88 Richard Peters<br \/>\n89 Axel Ekman C:3:2:2:2<br \/>\n90 Calla Curman B:1:4:1:3<br \/>\n91 Vanja Curman<br \/>\n92 Astrid Holmberg C:3:2:3:1<\/p>\n","protected":false},"excerpt":{"rendered":"<p>Sl\u00e4ktm\u00f6te 2006 &#8211; H\u00f6gbro bruk, G\u00e4vle, Korsn\u00e4s Ekmanska sl\u00e4ktf\u00f6reningens 24:e sl\u00e4kttr\u00e4ff den 11-13 augusti 2006 \u00e4gde rum p\u00e5 H\u00f6gbo Bruk med n\u00e4romr\u00e5den samt i G\u00e4vle. 92 deltagare &nbsp; PROGRAM Frivilligt program fredagen den 11 augusti &#8211; Golf-starttider fr\u00e5n kl.14.00 &nbsp; &nbsp; &nbsp; &nbsp; Grillafton p\u00e5 altanen kl.19.00 Frivilligt program l\u00f6rdagen den 12 augusti &#8211; Samling [&hellip;]<\/p>\n","protected":false},"author":3,"featured_media":0,"parent":0,"menu_order":0,"comment_status":"closed","ping_status":"closed","template":"","meta":{"_acf_changed":false,"ngg_post_thumbnail":0,"footnotes":""},"tags":[5],"class_list":["post-740","page","type-page","status-publish","hentry","tag-login"],"acf":[],"_links":{"self":[{"href":"https:\/\/ekmanfamily.se\/ver3\/wp-json\/wp\/v2\/pages\/740","targetHints":{"allow":["GET"]}}],"collection":[{"href":"https:\/\/ekmanfamily.se\/ver3\/wp-json\/wp\/v2\/pages"}],"about":[{"href":"https:\/\/ekmanfamily.se\/ver3\/wp-json\/wp\/v2\/types\/page"}],"author":[{"embeddable":true,"href":"https:\/\/ekmanfamily.se\/ver3\/wp-json\/wp\/v2\/users\/3"}],"replies":[{"embeddable":true,"href":"https:\/\/ekmanfamily.se\/ver3\/wp-json\/wp\/v2\/comments?post=740"}],"version-history":[{"count":0,"href":"https:\/\/ekmanfamily.se\/ver3\/wp-json\/wp\/v2\/pages\/740\/revisions"}],"wp:attachment":[{"href":"https:\/\/ekmanfamily.se\/ver3\/wp-json\/wp\/v2\/media?parent=740"}],"wp:term":[{"taxonomy":"post_tag","embeddable":true,"href":"https:\/\/ekmanfamily.se\/ver3\/wp-json\/wp\/v2\/tags?post=740"}],"curies":[{"name":"wp","href":"https:\/\/api.w.org\/{rel}","templated":true}]}}