{"id":61,"date":"2013-01-13T13:18:56","date_gmt":"2013-01-13T13:18:56","guid":{"rendered":"http:\/\/ekmanfamily.se\/ver3\/?page_id=61"},"modified":"2021-11-28T10:48:28","modified_gmt":"2021-11-28T10:48:28","slug":"stadgar","status":"publish","type":"page","link":"https:\/\/ekmanfamily.se\/ver3\/stadgar\/","title":{"rendered":"Stadgar"},"content":{"rendered":"<h1>Stadgar<\/h1>\n<p><a href=\"styrelsen\/\">Styrelsen<\/a> | <a href=\"stadgar\/\">Stadgar<\/a> | <a href=\"dagordning\/\">Dagordning<\/a> | <a href=\"bokslut\/\">Bokslut<\/a> | <a href=\"revisionsberattelse\/\">Revisionsber\u00e4ttelse<\/a> | <a href=\"protokoll\/\">Protokoll<\/a> | <a href=\"medlemskap\/\">Medlemskap<\/a><\/p>\n<ul>\n<li><strong>\u00a7 1.<\/strong> F\u00f6reningen \u00e4r en sl\u00e4ktsammanslutning, som har till \u00e4ndam\u00e5l att st\u00e4rka sl\u00e4ktbandet och m\u00f6jligg\u00f6ra sl\u00e4ktens sj\u00e4lvhj\u00e4lp.<\/li>\n<li><strong>\u00a7 2.&nbsp;<\/strong>Ber\u00e4ttigad att vara medlem av f\u00f6reningen \u00e4r den som har fyllt 18 \u00e5r och som\n<ol>\n<li type=\"1\">har s\u00e5dan h\u00e4rstamning fr\u00e5n handlanden i G\u00f6teborg, Peter Ekman (f. 1740, d. 1807), som ber\u00e4ttigar till b\u00e4randet av namnet Ekman, eller<\/li>\n<li type=\"1\">\u00e4r barn till, i \u00e4ktenskap f\u00f6renad med, eller \u00e4nka eller \u00e4nkling efter n\u00e5gon som har s\u00e5dan h\u00e4rstamning som s\u00e4gs under 1). Adoptivbarn \u00e4r j\u00e4mst\u00e4llda med andra barn.<\/li>\n<\/ol>\n<\/li>\n<li><strong>\u00a7 3.<\/strong> Den som \u00e4r ber\u00e4ttigad att vara medlem av f\u00f6reningen intr\u00e4der genom att anm\u00e4la sig till f\u00f6reningens styrelse. Medlemsskapet \u00e4r st\u00e4ndigt.Avgiften som st\u00e4ndig medlem best\u00e4ms av f\u00f6reningen vid ordinarie f\u00f6reningssammantr\u00e4de. F\u00f6reningssammantr\u00e4det m\u00e5 vid behov kunna besluta om extra uttaxering.<\/li>\n<li><strong>\u00a7 4.<\/strong> F\u00f6reningens angel\u00e4genheter handhas av dess styrelsen som har sitt s\u00e4te i G\u00f6teborg. Styrelsen best\u00e5r av f\u00f6reningens ordf\u00f6rande, som tillika \u00e4r ordf\u00f6rande i styrelsen, skattm\u00e4stare och sekreterare samt tv\u00e5 andra medlemmar. Minst tre av dessa skall b\u00e4ra namnet Ekman. D\u00e4rj\u00e4mte har styrelsen tv\u00e5 suppleanter. Styrelsemedlemmar och suppleanter v\u00e4ljs vid ordinarie f\u00f6reningssammantr\u00e4de f\u00f6r tiden till n\u00e4sta ordinarie f\u00f6reningssammantr\u00e4de.<\/li>\n<li><strong>\u00a7 5.<\/strong> F\u00f6reningen har tv\u00e5 revisorer j\u00e4mte en suppleant. Dessa utses vid ordinarie f\u00f6reningssammantr\u00e4de f\u00f6r tiden till n\u00e4sta ordinarie f\u00f6reningssammantr\u00e4de.<\/li>\n<li><strong>\u00a7 6.<\/strong> Styrelsen \u00e4r beslutf\u00f6r d\u00e5 minst fyra medlemmar eller suppleanter \u00e4r n\u00e4rvarande. Som styrelsens beslut g\u00e4ller det varom flertalet deltagande f\u00f6renar sig. Vid lika r\u00f6stetal har ordf\u00f6randen utslagsr\u00f6st.<\/li>\n<li><strong>\u00a7 7.<\/strong> Styrelsen f\u00f6rvaltar f\u00f6reningens tillg\u00e5ngar. Styrelsen f\u00f6rvaltar ocks\u00e5 f\u00f6reningens arkiv och de sl\u00e4ktminnen o. dyl. som \u00f6verl\u00e4mnas till f\u00f6reningen.<\/li>\n<li><strong>\u00a7 8.<\/strong> F\u00f6reningens tillg\u00e5ngar f\u00e5r anv\u00e4ndas, utom f\u00f6r kostnader f\u00f6r f\u00f6rvaltning och sammantr\u00e4den, f\u00f6r \u00e4ndam\u00e5l vars fr\u00e4mjande f\u00e5r anses vara ett sl\u00e4ktens gemensamma intresse. Har f\u00f6r s\u00e4rskilt \u00e4ndam\u00e5l bildats fond som motsvaras av s\u00e4rskilda tillg\u00e5ngar skall, i den m\u00e5n inte annat f\u00f6ljer av f\u00f6reskrifter vid g\u00e5va eller testamente som ligger till grund f\u00f6r fonden, av avkastningen av tillg\u00e5ngarna \u00e5rligen tio procent l\u00e4ggas till kapitalet.<\/li>\n<li><strong>\u00a7 9.<\/strong> Redovisning f\u00f6r den ekonomiska f\u00f6rvaltningen, omfattande resultatr\u00e4kning och balansr\u00e4kning, sker f\u00f6r period av tre \u00e5r, omfattande tiden fr\u00e5n den 1 januari \u00e5r d\u00e5 ordinarie f\u00f6reningssammantr\u00e4de h\u00e5lls till 31 december \u00e5ret f\u00f6re s\u00e5dant \u00e5r.<\/li>\n<li><strong>\u00a7 10.<\/strong> Ordinarie f\u00f6reningssammantr\u00e4de, som ocks\u00e5 \u00e4r sl\u00e4ktm\u00f6te, h\u00e5lls vart tredje \u00e5r vid tid och p\u00e5 ort som styrelsen best\u00e4mmer.<\/li>\n<li><strong>\u00a7 11.&nbsp;<\/strong>Vid ordinarie f\u00f6reningssammantr\u00e4de skall f\u00f6ljande \u00e4renden f\u00f6rekomma.\n<ol>\n<li>Framl\u00e4ggande av protokoll f\u00f6r n\u00e4rmast f\u00f6reg\u00e5ende ordinarie f\u00f6reningssammantr\u00e4de.<\/li>\n<li>Framl\u00e4ggande av redovisning f\u00f6r n\u00e4rmast f\u00f6reg\u00e5ende tre\u00e5rsperiod.<\/li>\n<li>Framl\u00e4ggande av revisorernas ber\u00e4ttelse.<\/li>\n<li>Fastst\u00e4llande av resultatr\u00e4kning och balansr\u00e4kning.<\/li>\n<li>Fr\u00e5ga om ansvarsfrihet f\u00f6r styrelsen.<\/li>\n<li>Val av ordf\u00f6rande, skattm\u00e4stare, sekreterare, \u00f6vriga styrelsemedlemmar samt suppleanter.<\/li>\n<li>Utseende av revisorer.<\/li>\n<li>Best\u00e4mmande av avgift f\u00f6r st\u00e4ndig medlem.<\/li>\n<\/ol>\n<\/li>\n<li><strong>\u00a7 12.<\/strong> Extra f\u00f6reningssammantr\u00e4de \u00e4ger rum om styrelsen s\u00e5 best\u00e4mmer eller om minst tio medlemmar skriftligen framst\u00e4ller beg\u00e4ran d\u00e4rom till styrelsen. Sammantr\u00e4de skall \u00e4ga rum inom tre m\u00e5nader efter det beg\u00e4ran har framst\u00e4llts. Kallelse till extra sammantr\u00e4de skall uts\u00e4ndas minst en m\u00e5nad f\u00f6re sammantr\u00e4de med angivande av \u00e4rende som skall behandlas vid sammantr\u00e4det.<\/li>\n<li><strong>\u00a7 13.<\/strong> En s\u00e4rskild gren av sl\u00e4kten kan bilda en sektion av f\u00f6reningen genom beslut h\u00e4rom. Sektionen skall ha s\u00e4rskilda stadgar och s\u00e4rskild ekonomi. Stadgar f\u00f6r s\u00e5dan sektion skall godk\u00e4nnas av f\u00f6reningsm\u00f6te med denna f\u00f6rening.<\/li>\n<li><strong>\u00a7 14.<\/strong> Nedg\u00e5r antalet f\u00f6reningsmedlemmar under fem \u00e5r, \u00e4r f\u00f6reningen uppl\u00f6st. I s\u00e5dant fall skall de s\u00e4rskilda fonder, som st\u00e5tt under styrelsens f\u00f6rvaltning, \u00f6verl\u00e4mnas till den till tj\u00e4nstetid \u00e4ldste ledamoten av rikets h\u00f6gsta domstol och av f\u00f6reningens \u00f6vriga tillg\u00e5ngar bildas en fond, varmed f\u00f6rfares p\u00e5 enahanda s\u00e4tt. Den, till vilken fonderna s\u00e5lunda \u00f6verl\u00e4mnas, m\u00e5 ang\u00e5ende dessas anv\u00e4ndning och f\u00f6rvaltning l\u00e4mna de f\u00f6reskrifter han finner l\u00e4mpliga under h\u00e4nsynstagande till de syften f\u00f6r vilka fonderna avsetts, varvid framf\u00f6r allt b\u00f6r tillses, att om en ny f\u00f6rening inom samma sl\u00e4kt med samma \u00e4ndam\u00e5l som denna kan komma till st\u00e5nd, f\u00f6rvaltningen av fonderna skall \u00f6vertagas av denna. P\u00e5 annat s\u00e4tt \u00e4n nu \u00e4r sagt kan f\u00f6reningen ej uppl\u00f6sas.<\/li>\n<li><strong>\u00a7 15.<\/strong> \u00a71, \u00a714, och \u00a715 av dessa stadgar kunna ej \u00e4ndras. Ej heller f\u00e5r s\u00e5dan \u00e4ndring av stadgarna f\u00f6retagas, som avser att under f\u00f6reningens best\u00e5nd helt eller delvis skifta f\u00f6reningens tillg\u00e5ngar.<\/li>\n<li><strong>\u00a7 16.<\/strong> I den m\u00e5n ej stadgandet i \u00a7 15 l\u00e4gger hinder i v\u00e4gen kan dessa stadgar \u00e4ndras genom beslut, fattade med minst tv\u00e5 tredjedelar av avgivna r\u00f6ster vid tv\u00e5 p\u00e5 varandra f\u00f6ljande f\u00f6reningssammantr\u00e4den, varav ett ordinarie.<\/li>\n<li><strong>\u00a717<\/strong>&nbsp;&nbsp; Ny innehavare av ordf\u00f6randeposten \u00f6vertar portr\u00e4ttet p\u00e5 Peter (I) Ekman fr\u00e5n tidigare ordf\u00f6rande.<\/li>\n<\/ul>\n","protected":false},"excerpt":{"rendered":"<p>Stadgar Styrelsen | Stadgar | Dagordning | Bokslut | Revisionsber\u00e4ttelse | Protokoll | Medlemskap \u00a7 1. F\u00f6reningen \u00e4r en sl\u00e4ktsammanslutning, som har till \u00e4ndam\u00e5l att st\u00e4rka sl\u00e4ktbandet och m\u00f6jligg\u00f6ra sl\u00e4ktens sj\u00e4lvhj\u00e4lp. \u00a7 2.&nbsp;Ber\u00e4ttigad att vara medlem av f\u00f6reningen \u00e4r den som har fyllt 18 \u00e5r och som har s\u00e5dan h\u00e4rstamning fr\u00e5n handlanden i G\u00f6teborg, Peter [&hellip;]<\/p>\n","protected":false},"author":3,"featured_media":0,"parent":0,"menu_order":0,"comment_status":"closed","ping_status":"open","template":"","meta":{"_acf_changed":false,"ngg_post_thumbnail":0,"footnotes":""},"tags":[],"class_list":["post-61","page","type-page","status-publish","hentry"],"acf":[],"_links":{"self":[{"href":"https:\/\/ekmanfamily.se\/ver3\/wp-json\/wp\/v2\/pages\/61","targetHints":{"allow":["GET"]}}],"collection":[{"href":"https:\/\/ekmanfamily.se\/ver3\/wp-json\/wp\/v2\/pages"}],"about":[{"href":"https:\/\/ekmanfamily.se\/ver3\/wp-json\/wp\/v2\/types\/page"}],"author":[{"embeddable":true,"href":"https:\/\/ekmanfamily.se\/ver3\/wp-json\/wp\/v2\/users\/3"}],"replies":[{"embeddable":true,"href":"https:\/\/ekmanfamily.se\/ver3\/wp-json\/wp\/v2\/comments?post=61"}],"version-history":[{"count":0,"href":"https:\/\/ekmanfamily.se\/ver3\/wp-json\/wp\/v2\/pages\/61\/revisions"}],"wp:attachment":[{"href":"https:\/\/ekmanfamily.se\/ver3\/wp-json\/wp\/v2\/media?parent=61"}],"wp:term":[{"taxonomy":"post_tag","embeddable":true,"href":"https:\/\/ekmanfamily.se\/ver3\/wp-json\/wp\/v2\/tags?post=61"}],"curies":[{"name":"wp","href":"https:\/\/api.w.org\/{rel}","templated":true}]}}