{"id":404,"date":"2013-01-20T15:17:46","date_gmt":"2013-01-20T15:17:46","guid":{"rendered":"http:\/\/ekmanfamily.se\/ver3\/?page_id=404"},"modified":"2013-10-02T16:51:49","modified_gmt":"2013-10-02T16:51:49","slug":"schema","status":"publish","type":"page","link":"https:\/\/ekmanfamily.se\/ver3\/schema\/","title":{"rendered":"Sl\u00e4ktschema"},"content":{"rendered":"<h1>Sl\u00e4ktschema<\/h1>\n<p><strong>Joen Larsson (1599-1674)<\/strong><br \/>\n<img loading=\"lazy\" decoding=\"async\" class=\"size-full wp-image-469 alignright\" title=\"joen\" alt=\"\" src=\"http:\/\/ekmanfamily.se\/ver3\/wp-content\/uploads\/2013\/08\/joen.jpg\" width=\"170\" height=\"106\" \/>Gift omkring 1628 med Anna Bratt (d 1647)Den \u00e4ldste stamfadern till sl\u00e4kten Ekman som 1633 blev h\u00e4radsskrivare i \u00d6stersysslet och 1650 kronans befallningsman i V\u00e4stersysslet i V\u00e4rmland. I detta landskap \u00e4gde han flera g\u00e5rdar, bl.a \u00d6kna och Hovlanda som han brukade och bebodde. Han hade \u00e4ven en egen g\u00e5rd i Karlstad.Myndig och betrodd sk\u00f6tte han sitt arbetstyngda f\u00f6gderi med ordning, omsorg och r\u00e4ttvisa. Han stod p\u00e5 den skattetyngda allmogens sida, n\u00e4r s\u00e5 kr\u00e4vdes, men s\u00e5g ocks\u00e5 till att kronans r\u00e4tt h\u00e4vdades. Portr\u00e4ttet av den 74-\u00e5rige Joen Larsson med de skarpa vecken kring munnen och den tr\u00f6tta blicken i de kloka \u00f6gonen ger intryck av en gammal kronans befallningsman som st\u00e5r vid slutet av en \u00e5ng och m\u00f6dosam arbetsdag.<\/p>\n<p><strong>Daniel Joensson Ekman (1632-1695)<a href=\"http:\/\/ekmanfamily.se\/ver3\/wp-content\/uploads\/2013\/08\/daniel.jpg\"><img loading=\"lazy\" decoding=\"async\" class=\"alignright size-full wp-image-465\" title=\"daniel\" alt=\"\" src=\"http:\/\/ekmanfamily.se\/ver3\/wp-content\/uploads\/2013\/08\/daniel.jpg\" width=\"169\" height=\"106\" \/><\/a><\/strong><br \/>\nGift 1662 med Elisabeth Marcus (d 1719)En kort tid bosatt i G\u00f6teborg, d\u00e4r han gifte sig med Elisabeth Marcus, flyttade Daniel Joensson Ekman till V\u00e4nersborg, d\u00e4r han \u00e4gnade sig \u00e5t flera verksamhetsgrenar, framf\u00f6r allt transitering av st\u00e5ngj\u00e4rn mellan V\u00e4rmland och G\u00f6teborg och arbetade sig upp bland stadens ledande k\u00f6pmannaskikt. I den av honom ink\u00f6pta Jan B\u00f6ckers g\u00e5rd vid stora torget hade han sin bostad och dessutom en betydande v\u00e4rdshusr\u00f6relse. Stridbar, hetsig och tr\u00e4tlysten deltog han med sin snabba och spetsiga tunga i flera konflikter i V\u00e4nersborg men n\u00e5dde trots detta positionen av r\u00e5dman och kyrkov\u00e4rd.<\/p>\n<p><strong>Peter I Ekman (1663-1716)<a href=\"http:\/\/ekmanfamily.se\/ver3\/wp-content\/uploads\/2013\/08\/peter1.jpg\"><img loading=\"lazy\" decoding=\"async\" class=\"alignright size-full wp-image-473\" title=\"peter1\" alt=\"\" src=\"http:\/\/ekmanfamily.se\/ver3\/wp-content\/uploads\/2013\/08\/peter1.jpg\" width=\"170\" height=\"106\" \/><\/a><\/strong><br \/>\nGift 1695 med Regina Lind (d 1748)I samarbete med modern Elisabeth Ekman och br\u00f6derna Anders och Christopher fortsatte Peter Ekman faderns handelsverksamhet i V\u00e4nersborg med huvudsaklig inriktning p\u00e5 transitering av j\u00e4rn och tr\u00e4varor fr\u00e5n V\u00e4rmland och Dal till G\u00f6teborg. Peter Ekman \u00e4gnade sig emellertid framf\u00f6r allt \u00e5t handeln med tr\u00e4varor, av vilka masterna blev de viktigaste. Egen s\u00e5gverksr\u00f6relse grundade Peter Ekman vid Trollh\u00e4ttefallen, och denna blev av ansenlig omfattning. Liksom fadern och modern var Peter Ekman stridbar och \u00e4relysten, och han deltog livligt i V\u00e4nersborgs kommunala och kyrkliga liv.<\/p>\n<p><strong>Peter II Ekman (1704-1783)<a href=\"http:\/\/ekmanfamily.se\/ver3\/wp-content\/uploads\/2013\/08\/peterII.jpg\"><img loading=\"lazy\" decoding=\"async\" class=\"alignright size-full wp-image-474\" title=\"peterII\" alt=\"\" src=\"http:\/\/ekmanfamily.se\/ver3\/wp-content\/uploads\/2013\/08\/peterII.jpg\" width=\"170\" height=\"106\" \/><\/a><\/strong><br \/>\nGift 1736 med Johanna von Minden (1718-1752)Peter II Ekman f\u00f6ddes i V\u00e4nersborg och bitr\u00e4dde i sin ungdom modern Regina Ekman, d\u00e5 hon fortsatte makens aff\u00e4rsr\u00f6relse. Sina f\u00f6rsta l\u00e4ro\u00e5r inom hadelsyrket skaffade han sig som lagerbokh\u00e5llare vid Alstr\u00f6mers Alingss\u00e5sverk. \u00c5r 1731 flyttade han till G\u00f6teborg och vann burskap som handlande \u00e5r 1733 med borgen av tv\u00e5 av stadens mest inflytelserika aff\u00e4rsm\u00e4n Hans Olofsson Str\u00f6m och Niclas Sahlgren. Medan faderns s\u00e5gar varit lokaliserade till Trollh\u00e4ttefallen, f\u00f6rlade Peter II Ekman sina s\u00e5gverksintressen till Lilla Edet, d\u00e4r han introducerade nya metoder med finbladiga s\u00e5gar och gav\u00a0d\u00e4rigenom signalen till en allm\u00e4n modernisering av s\u00e5gverksr\u00f6relsen vid G\u00f6ta \u00c4lv.<\/p>\n<p><strong>Peter III Ekman (1740-1907)<a href=\"http:\/\/ekmanfamily.se\/ver3\/wp-content\/uploads\/2013\/08\/peterIIIa.jpg\"><img loading=\"lazy\" decoding=\"async\" class=\"alignright size-full wp-image-475\" title=\"peterIIIa\" alt=\"\" src=\"http:\/\/ekmanfamily.se\/ver3\/wp-content\/uploads\/2013\/08\/peterIIIa.jpg\" width=\"190\" height=\"108\" \/><\/a><\/strong><br \/>\nGift med Hedvig Bo\u00ebthius (1739-1811)Efter studier i Greifswald och l\u00e4ro\u00e5r i Amsterdam anst\u00e4lldes Peter III Ekman hos Christian Arfwidsson, den ledande tr\u00e4export\u00f6ren i G\u00f6teborg och samtidigt en f\u00f6reg\u00e5ngsman inom sillhanteringen. Visserligen intr\u00e4dde Peter III Ekman 1761 i faderns firma, men hans intressen vore mindre inriktade p\u00e5 tr\u00e4varuhandel \u00e4n p\u00e5 de m\u00f6jligheter, som det begynnande bohusl\u00e4ndska sillfisket st\u00e4llde i utsikt, och han startade d\u00e4rf\u00f6r en egen firma i sillsalteribranchen. Han fortsatte sedan att anl\u00e4gga sillsalterier och trankokerier i skilda delar av Bohusl\u00e4n. Hans verksamhet som k\u00f6pman i G\u00f6teborg sammanfaller helt med de bohusl\u00e4nska sillfiskets storhetsperiod.<\/p>\n<p><strong>Johan Jacob (1771-1814) &#8211; Peter III Ekmans f\u00f6rsta son<a href=\"http:\/\/ekmanfamily.se\/ver3\/wp-content\/uploads\/2013\/08\/johanjacob.jpg\"><img loading=\"lazy\" decoding=\"async\" class=\"alignright size-full wp-image-470\" title=\"johanjacob\" alt=\"\" src=\"http:\/\/ekmanfamily.se\/ver3\/wp-content\/uploads\/2013\/08\/johanjacob.jpg\" width=\"157\" height=\"108\" \/><\/a><\/strong><br \/>\nGift 1810 med Sara Elisabeth Minten (1785-1842)Efter skolstudier vid de ber\u00f6mda herrnhutiska l\u00e4roanstalterna i Christiansfeld och Niesky studerade han medicin i Lund och Uppsala och avslutade med doktorsgrad. Han var \u00f6verl\u00e4kare vid Sahlgrenska sjukhuset och ordf\u00f6rande i dess direktion samt ledamot av Svenska Vetenskapsakademin. Johan Jacob var en berest, spr\u00e5kkunnig och intellektuell livskonstn\u00e4r. Han innehade ett rikt bibliotek och stora konstskatter.<\/p>\n<p><strong>Gustaf Henric (1774-1847) &#8211; Peter III Ekmans andra son<a href=\"http:\/\/ekmanfamily.se\/ver3\/wp-content\/uploads\/2013\/08\/gustafhenric.jpg\"><img loading=\"lazy\" decoding=\"async\" class=\"alignright size-full wp-image-467\" title=\"gustafhenric\" alt=\"\" src=\"http:\/\/ekmanfamily.se\/ver3\/wp-content\/uploads\/2013\/08\/gustafhenric.jpg\" width=\"173\" height=\"107\" \/><\/a><\/strong><br \/>\nGift 1803 med Gustafva T\u00f6rngren (1786-1851)Som sin bror studerade han vid den herrnhutiska skolan. Han tog en juridisk examen i Lund. Han grundade handelsfirman Ekman &amp; Co 1802 tillsammans med Gustaf Rudolf Prytz och sin sv\u00e5ger Nils Fredrik Wahlberg. Gustaf Henric verkade f\u00f6r och var genom Ekman &amp; Co en av de st\u00f6rsta investorerna i G\u00f6ta Kanalbygget 1817. Fr\u00e5n att ha varit ett av G\u00f6teborgs mindre handelshus blev det ett av Sveriges ledande j\u00e4rnexportf\u00f6retag i mitten p\u00e5 1850-talet. Framg\u00e5ngarna tros ha berott p\u00e5 hans lugna s\u00e4tt och goda omd\u00f6me. Wahlberg och Prytz duglighet som j\u00e4rnexporthandlare hj\u00e4lpte ocks\u00e5 sonen Johan Jacob (Jannes) att bygga vidare p\u00e5 dessa framg\u00e5ngar.<\/p>\n<h2>A-GRENEN<\/h2>\n<p><strong>Johan Oscar (1812-1907) &#8211; Johan Jacob Ekmans f\u00f6rsta son<a href=\"http:\/\/ekmanfamily.se\/ver3\/wp-content\/uploads\/2013\/08\/johanoscar.jpg\"><img loading=\"lazy\" decoding=\"async\" class=\"alignright size-full wp-image-472\" title=\"johanoscar\" alt=\"\" src=\"http:\/\/ekmanfamily.se\/ver3\/wp-content\/uploads\/2013\/08\/johanoscar.jpg\" width=\"174\" height=\"108\" \/><\/a><\/strong><br \/>\nGift 1:o 1848 med Louise C von Dyben (1822-1861)<br \/>\nGift 2:o 1872 med Maria AA Lavonius (1846-1915)<\/p>\n<p>Han startade Bergslagsbanan mellan G\u00f6teborg och Falun och var en av grundarna av Skandinaviska Kredit AB i G\u00f6teborg 1863 (dagens SEB). Han var ledamot av talrika bolagsstyrelser. Han \u00e4rvde och blev stor aktie\u00e4gare i D. Carnegie &amp; Co efter Carnegies bortg\u00e5ng. Johan Oscar var en djupt imponerande personlighet, s\u00e4llsynt skicklig som aff\u00e4rsman, sund, klok, v\u00e4lbalanserad och solid, en gammeldags patriarkalisk k\u00f6pman. Han blev \u00e4gare till bl. a Bj\u00e4rka-S\u00e4by. Han var en av Sveriges mest storslagna donatorer.<\/p>\n<h2>B-GRENEN<\/h2>\n<p><strong>Jacob Emil (1815-1900) &#8211; Johan Jacob Ekmans andra son<a href=\"http:\/\/ekmanfamily.se\/ver3\/wp-content\/uploads\/2013\/08\/jacobemil.jpg\"><img loading=\"lazy\" decoding=\"async\" class=\"alignright size-full wp-image-468\" title=\"jacobemil\" alt=\"\" src=\"http:\/\/ekmanfamily.se\/ver3\/wp-content\/uploads\/2013\/08\/jacobemil.jpg\" width=\"173\" height=\"108\" \/><\/a><\/strong><br \/>\nGift 1851 med Sophia U J Kurck (1823-1907)Han tog sj\u00f6officersexamen i Karlskrona 1833 och blev kommend\u00f6rkapten 1861. Han blev del\u00e4gare i AB D. Carnegie &amp; Co 1860 och en av dess direkt\u00f6rer. Den enast\u00e5ende br\u00f6drak\u00e4rleken mellan Johan Oscar och Jacob Emil f\u00f6rverkligade denna dr\u00f6m. Jacob Emil var en beg\u00e5vad, skarp och \u00e4ven humoristisk observat\u00f6r med ett \u00f6ppet s\u00e4tt.<\/p>\n<h2>C-GRENEN<\/h2>\n<p><strong>Gustaf Ekman(1804-1876) &#8211; Gustaf Henric Ekmans f\u00f6rsta son<a href=\"http:\/\/ekmanfamily.se\/ver3\/wp-content\/uploads\/2013\/08\/gustaf.jpg\"><img loading=\"lazy\" decoding=\"async\" class=\"alignright size-full wp-image-466\" title=\"gustaf\" alt=\"\" src=\"http:\/\/ekmanfamily.se\/ver3\/wp-content\/uploads\/2013\/08\/gustaf.jpg\" width=\"176\" height=\"110\" \/><\/a><\/strong><br \/>\nGift 1836 med sin kusin Carolina Lovisa Wahlberg (1905-1882)Han blev del\u00e4gare i Lesj\u00f6fors bruk vid faderns d\u00f6d 1847 och startade tillsammans med sina br\u00f6der Lesj\u00f6fors AB 1866. Svenskt j\u00e4rn h\u00f6ll p\u00e5 att f\u00f6rlora sin plats p\u00e5 v\u00e4rldsmarknaden. Ingen s\u00e5g detta klarare \u00e4n Gustaf Ekman och han visade sig \u00e4ven \u00e4ga de kunskaper och den erfarenhet, som beh\u00f6vdes. Gustaf Ekman inf\u00f6rde Lanchashire-metoden i Sverige och med hans gasv\u00e4llugn kunde br\u00e4nslebesparing g\u00f6ras samtidigt som skogsavkastningen \u00f6kade. P\u00e5 10 \u00e5r femdubblades smidesr\u00e4tten vid Lesj\u00f6fors. Hans uppfinningar och metoder har haft den st\u00f6rsta betydelse f\u00f6r hela den svenska j\u00e4rnhanteringens omdaning.<\/p>\n<p><strong>Peter Wilhelm (1806-1863) &#8211; Gustaf Henric Ekmans andra son<a href=\"http:\/\/ekmanfamily.se\/ver3\/wp-content\/uploads\/2013\/08\/peterwilhelm.jpg\"><img loading=\"lazy\" decoding=\"async\" class=\"alignright size-full wp-image-476\" title=\"peterwilhelm\" alt=\"\" src=\"http:\/\/ekmanfamily.se\/ver3\/wp-content\/uploads\/2013\/08\/peterwilhelm.jpg\" width=\"94\" height=\"112\" \/><\/a><\/strong><br \/>\nBlev 1833 \u00e4gare till Kilanda s\u00e4teri i V\u00e4sterg\u00f6tland, som hans farfar Peter III k\u00f6pt 1798. Peter Wilhelm utvecklade egendomen betydligt. Han var ledamot av Lantbruksakademin. Han dog barnl\u00f6s och Kilanda \u00f6vertogs av brodern Carl Edward. P\u00e5 Kilanda kyrkog\u00e5rd ligger flera av sl\u00e4kten Ekmans \u00e4ldre medlemmar begravda.<\/p>\n<p><strong>Johan Jacob (Janne) (1815-1908) &#8211; Gustaf Henric Ekmans tredje son<a href=\"http:\/\/ekmanfamily.se\/ver3\/wp-content\/uploads\/2013\/08\/johanjacobII.jpg\"><img loading=\"lazy\" decoding=\"async\" class=\"alignright size-full wp-image-471\" title=\"johanjacobII\" alt=\"\" src=\"http:\/\/ekmanfamily.se\/ver3\/wp-content\/uploads\/2013\/08\/johanjacobII.jpg\" width=\"173\" height=\"108\" \/><\/a><\/strong><br \/>\nGift 1853 med Martina Fredrika von Heideman (1826-1894)Han var barnl\u00f6s och omn\u00e4mns h\u00e4r eftersom han hade stor betydelse f\u00f6r sina br\u00f6ders och kusiners exportframg\u00e5ngar genom handelshuset Ekman &amp; Co, som under sina glansdagar p\u00e5 1860-70 talet var Nordens ledande j\u00e4rnexportf\u00f6retag. Han var del\u00e4gare i Lesj\u00f6fors, Gustafsfors, H\u00e4llefors och Uddeholm m.fl. bruksf\u00f6retag. 1874 erbj\u00f6ds han finansministerposten, men han avb\u00f6jde. Den barnl\u00f6se Johan Jacob \u00f6verl\u00e4t sina aktier i Ekman &amp; Co till sin kusins son Johan Ekman (B-grenen), som var bolagets chef fr\u00e5n 1891.<\/p>\n<h2>D-GRENEN<\/h2>\n<p><strong>Carl Edward (1826-1903) &#8211; Gustaf Henric Ekmans fj\u00e4rde son<a href=\"http:\/\/ekmanfamily.se\/ver3\/wp-content\/uploads\/2013\/08\/carledward.jpg\"><img loading=\"lazy\" decoding=\"async\" class=\"alignright size-full wp-image-464\" title=\"carledward\" alt=\"\" src=\"http:\/\/ekmanfamily.se\/ver3\/wp-content\/uploads\/2013\/08\/carledward.jpg\" width=\"176\" height=\"110\" \/><\/a><\/strong><br \/>\nGift 1849 med A Augusta J von Sch\u00e9ele (1826-1893)Han studerade j\u00e4rnhantering i England och Skottland 1846-47 och blev del\u00e4gare i Lesj\u00f6fors bruk 1847. 1851 blev han del\u00e4gare i Finsp\u00e5ng och d\u00e4refter ensam\u00e4gare 1856-84. Han moderniserade och utvecklade bruket till ett av Sveriges st\u00f6rsta och fr\u00e4msta j\u00e4rnbruk. P\u00e5 ett \u00f6desdigert s\u00e4tt underskattade Carl st\u00e5lets \u00f6verl\u00e4gsenhet framf\u00f6r tackj\u00e4rnet och med tidens r\u00e5dande kredit\u00e5tstramning tvekade han inf\u00f6r de experiment och nyanl\u00e4ggningar, som kr\u00e4vdes f\u00f6r det nya st\u00e5let, vilket blev Finsp\u00e5ngs slut som kanontillverkare. Carl blev tillfr\u00e5gad vid flera tillf\u00e4llen under 1870-talet, om han ville ing\u00e5 som finansminister under De Geer och Arvid Posse men avb\u00f6jde. Han blev ocks\u00e5 erbjuden att bilda regering men tackade nej.<\/p>\n","protected":false},"excerpt":{"rendered":"<p>Sl\u00e4ktschema Joen Larsson (1599-1674) Gift omkring 1628 med Anna Bratt (d 1647)Den \u00e4ldste stamfadern till sl\u00e4kten Ekman som 1633 blev h\u00e4radsskrivare i \u00d6stersysslet och 1650 kronans befallningsman i V\u00e4stersysslet i V\u00e4rmland. I detta landskap \u00e4gde han flera g\u00e5rdar, bl.a \u00d6kna och Hovlanda som han brukade och bebodde. Han hade \u00e4ven en egen g\u00e5rd i Karlstad.Myndig [&hellip;]<\/p>\n","protected":false},"author":3,"featured_media":0,"parent":0,"menu_order":0,"comment_status":"closed","ping_status":"open","template":"","meta":{"_acf_changed":false,"ngg_post_thumbnail":0,"footnotes":""},"tags":[],"class_list":["post-404","page","type-page","status-publish","hentry"],"acf":[],"_links":{"self":[{"href":"https:\/\/ekmanfamily.se\/ver3\/wp-json\/wp\/v2\/pages\/404","targetHints":{"allow":["GET"]}}],"collection":[{"href":"https:\/\/ekmanfamily.se\/ver3\/wp-json\/wp\/v2\/pages"}],"about":[{"href":"https:\/\/ekmanfamily.se\/ver3\/wp-json\/wp\/v2\/types\/page"}],"author":[{"embeddable":true,"href":"https:\/\/ekmanfamily.se\/ver3\/wp-json\/wp\/v2\/users\/3"}],"replies":[{"embeddable":true,"href":"https:\/\/ekmanfamily.se\/ver3\/wp-json\/wp\/v2\/comments?post=404"}],"version-history":[{"count":0,"href":"https:\/\/ekmanfamily.se\/ver3\/wp-json\/wp\/v2\/pages\/404\/revisions"}],"wp:attachment":[{"href":"https:\/\/ekmanfamily.se\/ver3\/wp-json\/wp\/v2\/media?parent=404"}],"wp:term":[{"taxonomy":"post_tag","embeddable":true,"href":"https:\/\/ekmanfamily.se\/ver3\/wp-json\/wp\/v2\/tags?post=404"}],"curies":[{"name":"wp","href":"https:\/\/api.w.org\/{rel}","templated":true}]}}