{"id":280,"date":"2013-01-20T13:35:36","date_gmt":"2013-01-20T13:35:36","guid":{"rendered":"http:\/\/ekmanfamily.se\/ver3\/?page_id=280"},"modified":"2017-05-08T16:26:11","modified_gmt":"2017-05-08T16:26:11","slug":"namnet","status":"publish","type":"page","link":"https:\/\/ekmanfamily.se\/ver3\/namnet\/","title":{"rendered":"Sl\u00e4ktnamnet"},"content":{"rendered":"<h1>Sl\u00e4ktnamnet<\/h1>\n<h2>Martin Ekman skrev<\/h2>\n<p>Publicerad i Sl\u00e4kt och h\u00e4vd (Genealogiska f\u00f6reningens tidskrift), 1994\/2<\/p>\n<p><a href=\"http:\/\/ekmanfamily.se\/ver3\/wp-content\/uploads\/2013\/01\/sigill1.jpg\"><img loading=\"lazy\" decoding=\"async\" class=\"alignright size-full wp-image-488\" title=\"sigill\" src=\"http:\/\/ekmanfamily.se\/ver3\/wp-content\/uploads\/2013\/01\/sigill1.jpg\" alt=\"\" width=\"399\" height=\"212\" srcset=\"https:\/\/ekmanfamily.se\/ver3\/wp-content\/uploads\/2013\/01\/sigill1.jpg 399w, https:\/\/ekmanfamily.se\/ver3\/wp-content\/uploads\/2013\/01\/sigill1-300x159.jpg 300w\" sizes=\"auto, (max-width: 399px) 100vw, 399px\" \/><\/a>Sl\u00e4ktnamnet Ekman \u2013 namnet p\u00e5 den s.k. v\u00e4rmlandssl\u00e4kten Ekman eller g\u00f6teborgssl\u00e4kten Ekman \u2013 togs av barnen till stamfadern Joen Larsson och hans hustru Anna Bratt. F\u00f6rsta g\u00e5ngen vi vet att det anv\u00e4ndes \u00e4r \u00e5r 1666. Men varf\u00f6r valde de just namnet Ekman? Det har hittills varit en ol\u00f6st fr\u00e5ga.<br \/>\nEn rad sl\u00e4kter tog vid denna tid sl\u00e4ktnamn, vars f\u00f6rled \u2013 t.ex. Ek- i Ekman \u2013 bevarar minnet av hembygden, ofta socknens eller g\u00e5rdens namn. Munthe (1958) skriver i sin bok \u201dSl\u00e4kten Ekman\u201d: \u201dSj\u00e4lvfallet skulle det vara av mycket stort intresse om n\u00e5gon liknande h\u00e4rledning kunde p\u00e5visas f\u00f6r den s.k. g\u00f6teborgssl\u00e4kten Ekmans del. Dessv\u00e4rre synes detta icke vara m\u00f6jligt. En inventering av de v\u00e4rml\u00e4ndska ortnamnen p\u00e5 Ek- \u2026 ger i och f\u00f6r sig ett ganska magert utbyte, och inget av de framkomna namnen kan s\u00e4ttas i f\u00f6rbindelse med Joen Larssons k\u00e4nda vistelseorter eller verksamhet.\u201d<\/p>\n<p>Jag tror emellertid att jag nu har funnit ursprunget till v\u00e5rt sl\u00e4ktnamn Ekman: Det \u00e4r med stor sannolikhet taget efter Ekudden, p\u00e5 Arn\u00f6n i V\u00e4nern, som av allt att d\u00f6ma var Joen Larssons och hans barns fiskel\u00e4ge.<\/p>\n<p>L\u00e5t oss se hur vi kan komma fram till detta. F\u00f6rst n\u00e5gra ord om Joen Larsson och hans familj (se \u00e4ven Ekman, 1941):<\/p>\n<p>Joen Larsson (1599 \u2013 1674) var bosatt i V\u00e4rmland, f\u00f6rst p\u00e5 Kyrkbyn i Arvika socken, d\u00e4refter p\u00e5 \u00d6ckna i \u00d6stra F\u00e5gelviks socken, och slutligen p\u00e5 Hovlanda i V\u00e4se socken. Han var h\u00e4radsskrivare och sedan kronofogde och var \u2013 enligt V\u00e4nersborgs kyrkas d\u00f6d- och begravningsbok \u2013 \u201d\u00f6fver alla fougdar ber\u00f6mdh f\u00f6r ricktighet\u201d. Joen gifte sig omkring 1628 med Anna Bratt, som dog 1647. De hade nio barn: s\u00f6nerna Lars, Daniel (som nu k\u00e4nda sl\u00e4ktmedlemmar h\u00e4rstammar fr\u00e5n), Johan och Per samt d\u00f6ttrarna Carin, Maria, Sigrid, Ingrid (som f\u00f6dde 18 barn) och Cecilia. Det var dessa som tog sig namnet Ekman. Joen gifte \u00e5r 1648 om sig med Elisabeth Bengtsdotter, som 1672 gick genom V\u00e4nerns is och drunknade. De hade tre barn: sonen Bengt samt d\u00f6ttrarna Anna och Elisabeth. Dessa kallade sig Carlgren efter Karlstad, d\u00e4r Joen ocks\u00e5 hade en g\u00e5rd, som han tidvis bebodde. Joen drev ytterligare ett antal g\u00e5rdar samt n\u00e5gra hyttor och hamrar p\u00e5 andra h\u00e5ll i V\u00e4rmland.<\/p>\n<p>Hemmanet Hovlanda, d\u00e4r Joen Larsson bosatte sig efter sitt andra gifte, ligger p\u00e5 Arn\u00f6n i V\u00e4nern, se karta 1. Hans hustru kom fr\u00e5n grannhemmanet Faxstad p\u00e5 samma \u00f6, d\u00e4r nu hennes styvfar bodde. Denne gifte sig med Joens dotter Sigrid (Ekman), som redan efter n\u00e5gra \u00e5r blev \u00e4nka. P\u00e5 1660-talet var d\u00e4rf\u00f6r Hovlanda (med Sandn\u00e4s) i Joen Larssons \u00e4go och Faxstad (med Hovlandstorp) i Sigrid Joensdotter Ekmans \u00e4go. Tillsammans omfattade dessa \u00e4gor hela Arn\u00f6n utom den nordv\u00e4stligaste delen samt ett antal mindre \u00f6ar runt omkring. H\u00e4r fanns f\u00f6rutom jordbruk betydande skogar och fiskvatten.<\/p>\n<p>En inblick i Joen Larssons f\u00f6rh\u00e5llanden f\u00e5r vi bl.a. genom Gyllenius dagbok fr\u00e5n mitten av 1600-talet. Gyllenius, som efter studier i Karlstad och \u00c5bo blev pr\u00e4st i V\u00e4rmland, umgicks med Joens familj och var l\u00e4rare f\u00f6r fem av barnen. Gyllenius uppger i sin dagbok, att han sj\u00e4lv tagit sig sitt namn fr\u00e5n en liten lustig halv\u00f6 i V\u00e4nern, Gyllenholmen, som l\u00e5g i n\u00e4rheten av f\u00f6r\u00e4ldrahemmet. Det ligger n\u00e4ra till hands att t\u00e4nka sig, att hans elever kan ha tagit sig namnet Ekman p\u00e5 liknande s\u00e4tt, allts\u00e5 efter n\u00e5gon relativt obetydlig plats, som dock spelat en roll f\u00f6r familjen.<br \/>\n<a href=\"http:\/\/ekmanfamily.se\/ver3\/wp-content\/uploads\/2013\/01\/slaktnamn11.jpg\"><img loading=\"lazy\" decoding=\"async\" class=\"alignleft size-full wp-image-489\" title=\"slaktnamn1\" src=\"http:\/\/ekmanfamily.se\/ver3\/wp-content\/uploads\/2013\/01\/slaktnamn11.jpg\" alt=\"\" width=\"293\" height=\"219\" \/><\/a>Fanns det d\u00e5 n\u00e5gon liten plats som b\u00f6rjade p\u00e5 Ek-? I Gyllenius dagbok f\u00f6rekommer en m\u00e4ngd ortnamn och naturnamn. En v\u00e5rdag \u00e5r 1666 reser Gyllenius med b\u00e5t p\u00e5 V\u00e4nern och avslutar dagens anteckningar med en uppr\u00e4kning av \u00f6ar och halv\u00f6ar i nord\u00f6stra V\u00e4nern, s\u00e5v\u00e4l stora som sm\u00e5. Bland s\u00e5dana \u201ds\u00f6der om Arn\u00f6\u00f6n\u201d n\u00e4mner kan \u201dEekudden\u201d.<\/p>\n<p>Var l\u00e5g d\u00e5 denna plats och var den m\u00e5h\u00e4nda i Joen Larssons \u00e4go? Svaret p\u00e5 denna fr\u00e5ga finns p\u00e5 en gammal karta i Lantm\u00e4teriverkets arkiv. Kartan \u00e4r fr\u00e5n \u00e5r 1714 och f\u00f6rest\u00e4ller den av Hovlanda (med Sandn\u00e4s) och Faxstad (med Hovlands-torp) sam\u00e4gda skogen p\u00e5 s\u00f6dra Arn\u00f6n. L\u00e4ngst ned p\u00e5 sydostligaste Arn\u00f6n finner man en klunga stugor p\u00e5 en liten udde, se karta 2. Till h\u00f6ger d\u00e4rom st\u00e5r \u201dEkudden\u201d och till v\u00e4nster \u201dFiskareboder\u201d. I en f\u00f6rklarande text till kartan anges, att skogsomr\u00e5det \u00f6ster om linjen B avsatts \u201dtill fiskarebodernes brenwedh och underh\u00e5ll\u201d. Ekudden torde allts\u00e5 ha tillh\u00f6rt Joen Larsson och Sigrid Ekman och tycks i sj\u00e4lva verket ha varit deras fiskel\u00e4ge.<\/p>\n<p>En episod fr\u00e5n Joens fiskeverksamhet finns bevarad: \u00c5r 1669 st\u00e4mmer han sin granne p\u00e5 fastlandet f\u00f6r att denne satt sina fiskeredskap p\u00e5 Joens fiskevatten. Det hela slutar dock med f\u00f6rlikning mellan parterna.<\/p>\n<p>Det f\u00f6refaller s\u00e5ledes h\u00f6gst troligt, att Joen Larssons och Anna Bratts barn valt sl\u00e4ktnamnet Ekman efter familjens fiskel\u00e4ge Ekudden p\u00e5 Arn\u00f6n i V\u00e4nern.<\/p>\n<p>Avslutningsvis kan n\u00e4mnas, att omr\u00e5det \u00f6ster om linjen B p\u00e5 den gamla kartan idag utg\u00f6r en separat fastighet (helt skogkl\u00e4dd) med just namnet Ekudden.<\/p>\n<h2>K\u00e4llor<\/h2>\n<p>Ekman, W: Joen Larsson Ekman 1599 \u2013 1674. Uppsala 1941.<\/p>\n<p>Munthe, A: Sl\u00e4kten Ekman \u2013 Handelshuset Ekman &amp; Co:s f\u00f6reg\u00e5ngare. G\u00f6teborg 1958.<\/p>\n<p>Diarium Gyllenianum. Petrus Magni Gyllenii dagbok 1622 \u2013 1667. (Karlstads stifts- och l\u00e4roverksbibliotek; publicerad i V\u00e4rmland f\u00f6rr och nu 1962.)<\/p>\n<p>Affritningh \u00f6ffwer samskogen emellan Hoflanda Fackstadh Hoflandstorp och Sann\u00e4s i Wermelands \u00d6stersysle och W\u00e4sh\u00e4rads sochen bel\u00e4gen. Karta fr\u00e5n 1714. (Lant-m\u00e4teriverkets arkiv, G\u00e4vle.)<\/p>\n","protected":false},"excerpt":{"rendered":"<p>Sl\u00e4ktnamnet Martin Ekman skrev Publicerad i Sl\u00e4kt och h\u00e4vd (Genealogiska f\u00f6reningens tidskrift), 1994\/2 Sl\u00e4ktnamnet Ekman \u2013 namnet p\u00e5 den s.k. v\u00e4rmlandssl\u00e4kten Ekman eller g\u00f6teborgssl\u00e4kten Ekman \u2013 togs av barnen till stamfadern Joen Larsson och hans hustru Anna Bratt. F\u00f6rsta g\u00e5ngen vi vet att det anv\u00e4ndes \u00e4r \u00e5r 1666. Men varf\u00f6r valde de just namnet Ekman? [&hellip;]<\/p>\n","protected":false},"author":3,"featured_media":0,"parent":0,"menu_order":0,"comment_status":"closed","ping_status":"open","template":"","meta":{"_acf_changed":false,"ngg_post_thumbnail":0,"footnotes":""},"tags":[],"class_list":["post-280","page","type-page","status-publish","hentry"],"acf":[],"_links":{"self":[{"href":"https:\/\/ekmanfamily.se\/ver3\/wp-json\/wp\/v2\/pages\/280","targetHints":{"allow":["GET"]}}],"collection":[{"href":"https:\/\/ekmanfamily.se\/ver3\/wp-json\/wp\/v2\/pages"}],"about":[{"href":"https:\/\/ekmanfamily.se\/ver3\/wp-json\/wp\/v2\/types\/page"}],"author":[{"embeddable":true,"href":"https:\/\/ekmanfamily.se\/ver3\/wp-json\/wp\/v2\/users\/3"}],"replies":[{"embeddable":true,"href":"https:\/\/ekmanfamily.se\/ver3\/wp-json\/wp\/v2\/comments?post=280"}],"version-history":[{"count":0,"href":"https:\/\/ekmanfamily.se\/ver3\/wp-json\/wp\/v2\/pages\/280\/revisions"}],"wp:attachment":[{"href":"https:\/\/ekmanfamily.se\/ver3\/wp-json\/wp\/v2\/media?parent=280"}],"wp:term":[{"taxonomy":"post_tag","embeddable":true,"href":"https:\/\/ekmanfamily.se\/ver3\/wp-json\/wp\/v2\/tags?post=280"}],"curies":[{"name":"wp","href":"https:\/\/api.w.org\/{rel}","templated":true}]}}