{"id":2666,"date":"2022-09-02T14:16:49","date_gmt":"2022-09-02T14:16:49","guid":{"rendered":"http:\/\/ekmanfamily.se\/ver3\/?page_id=2666"},"modified":"2025-08-31T10:58:06","modified_gmt":"2025-08-31T10:58:06","slug":"protokoll-2022","status":"publish","type":"page","link":"https:\/\/ekmanfamily.se\/ver3\/protokoll-2022\/","title":{"rendered":"Protokoll 2022"},"content":{"rendered":"<h1>Protokoll<\/h1>\n<p><a href=\"styrelsen\/\">Styrelsen<\/a> | <a href=\"stadgar\/\">Stadgar<\/a> | <a href=\"dagordning\/\">Dagordning<\/a> | <a href=\"bokslut\/\">Bokslut<\/a> | <a href=\"revisionsberattelse\/\">Revisionsber\u00e4ttelse<\/a> | <a href=\"\/ver3\/protokoll-2022\/\">Protokoll<\/a> | <a href=\"medlemskap\/\">Medlemskap<br \/>\n<\/a><a class=\"green_link\" href=\"http:\/\/ekmanfamily.se\/ver3\/protokoll-2012\/\">Protokoll 2012<\/a><br \/>\n<a class=\"green_link\" href=\"http:\/\/ekmanfamily.se\/ver3\/protokoll\/\">Protokoll 2015<\/a><br \/>\n<a class=\"green_link\" href=\"http:\/\/ekmanfamily.se\/ver3\/protokoll-2018\/\">Protokoll 2018<\/a><br \/>\n<a class=\"green_link\" href=\"http:\/\/ekmanfamily.se\/ver3\/protokoll-2022\/\">Protokoll 2022<\/a><br \/>\n<a class=\"green_link\" href=\"http:\/\/ekmanfamily.se\/ver3\/protokoll-2025\/\">Protokoll 2025<\/a><\/p>\n<h2>&nbsp;<\/h2>\n<h2 style=\"text-align: center;\"><span style=\"color: #000000; font-style: normal; font-weight: bold;\">Protokoll Ekmanska Sl\u00e4ktf\u00f6reningen <\/span><span style=\"color: #000000; font-weight: bold;\">13 augusti 2022 p\u00e5 Sundsg\u00e5rden i Helsingborg &nbsp;<\/span><\/h2>\n<p>&nbsp;<\/p>\n<p><strong>1. Val av ordf\u00f6rande och protokollf\u00f6rare vid st\u00e4mman<\/strong><br \/>\nSittande \u2013 accepterat<\/p>\n<p><strong>2.&nbsp;Val av tv\u00e5 justeringsm\u00e4n<\/strong><br \/>\nSusanne H\u00e4gg, Henrik Ekman<\/p>\n<p><strong>3. Fr\u00e5gan om st\u00e4mman utlysts i beh\u00f6rig ordning<\/strong><br \/>\nJa!<\/p>\n<p><strong>4. Erinran om bortg\u00e5ngna sl\u00e4ktmedlemmar<\/strong><br \/>\nEn tyst stund till minne av v\u00e5ra sl\u00e4ktningar<\/p>\n<p><strong>5. Nyf\u00f6dda sl\u00e4ktmedlemmar<\/strong><br \/>\nNamnen p\u00e5 v\u00e5ra nya medlemmar i sl\u00e4ktf\u00f6reningen l\u00e4stes upp<\/p>\n<p><strong>6. Fastst\u00e4llande av r\u00f6stl\u00e4ngd: Medlemmar, \u00f6vriga n\u00e4rvarande<\/strong><br \/>\nDeltagarlistan enl anm\u00e4lningar \u2013 Godk\u00e4nner att vi som \u00e4r n\u00e4rvarande \u00e4r beh\u00f6riga att fatta beslut.<\/p>\n<p><strong>7. Protokoll fr\u00e5n f\u00f6reg\u00e5ende f\u00f6reningsst\u00e4mma<\/strong><br \/>\nFr\u00e5gan st\u00e4lldes om n\u00e5gon hade synpunkter. En kommentar framf\u00f6rdes, n\u00e4mligen att det var v\u00e4lformulerat och b\u00f6r l\u00e4ggas till handlingarna. Sagt och gjort.<\/p>\n<p><strong>8. Styrelsens \u00e5rsredovisning f\u00f6r r\u00e4kenskaps\u00e5ren 2018-2021<\/strong><br \/>\nDen \u00e5terfinns i kallelsen och p\u00e5 hemsidan \u2013 finns n\u00e5gra synpunkter? -\u201dH\u00f6gra h\u00f6rnan\u201d visar att vi har 1.4 miljoner i vinst och d\u00e4ri finns b\u00e5de reavinster och utdelningar. Eget kapital p\u00e5 dryga 9 miljoner (slutet 21 hade vi n\u00e4stan 10 miljoner). St\u00e4mman godk\u00e4nde balans- och resultatr\u00e4kningen.<\/p>\n<p><strong>9. Revisionsber\u00e4ttelse f\u00f6r r\u00e4kenskaps\u00e5ren 2018-2021<\/strong><br \/>\nDen \u00e5terfinns i kallelsen och p\u00e5 hemsidan, ingen av revisorerna fanns n\u00e4rvarande och inga kommentarer kom fr\u00e5n deltagare p\u00e5 st\u00e4mman.<\/p>\n<p><strong>10. Fastst\u00e4llande av balans- och resultatr\u00e4kning<\/strong><br \/>\nAllt fastst\u00e4llt av st\u00e4mman s\u00e5som det \u00e4r redovisat i kallelse och p\u00e5 hemsidan.<\/p>\n<p><strong>11. Fr\u00e5gan om beviljande av ansvarsfrihet f\u00f6r styrelsen.<\/strong><br \/>\nTack och lov \u00e4r vi godk\u00e4nda.<\/p>\n<p><strong>12. F\u00f6reningsavgifter \u2013 vi tar inte ut avgifter och f\u00f6resl\u00e5r att vi forts\u00e4tter p\u00e5 samma linje.<\/strong><br \/>\nEnst\u00e4mmigt svarades Ja! p\u00e5 den punkten.<\/p>\n<p><strong>13. Valberedningen<\/strong><br \/>\nMatts Ekman ordf\u00f6rande och enda medlem! Redogjorde f\u00f6r nuvarande styrelse best\u00e5ende av Peter Ekman, Claes Ekman, Fredric Ekman, Jonas Ekman och Hedvig Ekman. Suppleanter \u00e4r Annika Ekman och Christian Ekman.<\/p>\n<p>Valberedelsens f\u00f6rslag till ny styrelse:<br \/>\nOrdf\u00f6rande: Claes Ekman<br \/>\nLedam\u00f6ter: Fredric Ekman, Hedvig Ekman, Christian Ekman och Gustav Ekman (\u00c5rn\u00e4s)<br \/>\nSuppleant: Jonas och Annika<\/p>\n<p>Revisorer: Nils Liljeberg, Caroline Ekman och Magdalena Ekman som suppleant.<\/p>\n<p>Ovan godk\u00e4nt av st\u00e4mman.<\/p>\n<p>Val av valberedning: f\u00f6rslag att ut\u00f6kas till att inneh\u00e5lla rep fr\u00e5n varje gren. Peter Ekman A, Peter Ekman B, Matts Ekman C.<\/p>\n<p>Nya valberedningen \u00e4r godk\u00e4nd.<\/p>\n<p><strong>14. \u00c5rsm\u00f6tet avslutas h\u00e4rmed<\/strong><\/p>\n<p>Efter ett informativt och intressant f\u00f6redrag kring sockerbruket i Klippan l\u00e4mnade nuvarande ordf\u00f6rande, Peter Ekman \u00f6ver ordet till den nya ordf\u00f6rande Claes Ekman<br \/>\nClaes ber\u00e4ttade om att Styrelsen beslutat att vi ska g\u00f6ra en dokument\u00e4rfilm om 1800-talets industri- och samh\u00e4llsutveckling och v\u00e5r familjs betydelse f\u00f6r den. Vi vill g\u00f6ra en film som \u00e4r s\u00e5 bra att den visas p\u00e5 TV. En liten smakbit visades och jubel uppstod sj\u00e4lvklart. Filmen f\u00f6rv\u00e4ntas bli ca 55 min och kunna visas vid n\u00e4sta sl\u00e4ktm\u00f6te.<br \/>\nD\u00e4refter avtackades Peter som ordf\u00f6rande. Tacktal av Peter om att bevara arvet av familjen och sammanh\u00e5llningen. A jolly good fellow &lt;3.<\/p>\n<p>&nbsp;<\/p>\n<p>__________________<\/p>\n<p>Hedvig Ekman, Ledamot<\/p>\n<p>&nbsp;<\/p>\n<p>Justering av protokollet utf\u00f6rt av:<br \/>\nDatum &amp; ort:&nbsp; &nbsp; &nbsp; &nbsp; &nbsp; &nbsp; &nbsp; &nbsp; &nbsp; &nbsp; &nbsp; &nbsp; &nbsp; &nbsp; &nbsp; &nbsp; &nbsp; &nbsp; &nbsp; &nbsp; &nbsp; &nbsp; &nbsp;Datum &amp; ort:<\/p>\n<p>___________________ &nbsp; &nbsp; &nbsp; &nbsp; &nbsp; &nbsp; &nbsp; &nbsp; &nbsp; &nbsp; &nbsp; &nbsp; &nbsp; ___________________<\/p>\n<p>Susanne H\u00e4gg&nbsp; &nbsp; &nbsp; &nbsp; &nbsp; &nbsp; &nbsp; &nbsp; &nbsp; &nbsp; &nbsp; &nbsp; &nbsp; &nbsp; &nbsp; &nbsp; &nbsp; &nbsp; &nbsp; &nbsp;&nbsp; Henrik Ekman<\/p>\n<p>Undertecknat original arkiverat.<\/p>\n","protected":false},"excerpt":{"rendered":"<p>Protokoll Styrelsen | Stadgar | Dagordning | Bokslut | Revisionsber\u00e4ttelse | Protokoll | Medlemskap Protokoll 2012 Protokoll 2015 Protokoll 2018 Protokoll 2022 Protokoll 2025 &nbsp; Protokoll Ekmanska Sl\u00e4ktf\u00f6reningen 13 augusti 2022 p\u00e5 Sundsg\u00e5rden i Helsingborg &nbsp; &nbsp; 1. Val av ordf\u00f6rande och protokollf\u00f6rare vid st\u00e4mman Sittande \u2013 accepterat 2.&nbsp;Val av tv\u00e5 justeringsm\u00e4n Susanne H\u00e4gg, Henrik [&hellip;]<\/p>\n","protected":false},"author":6,"featured_media":0,"parent":0,"menu_order":0,"comment_status":"closed","ping_status":"closed","template":"","meta":{"_acf_changed":false,"ngg_post_thumbnail":0,"footnotes":""},"tags":[],"class_list":["post-2666","page","type-page","status-publish","hentry"],"acf":[],"_links":{"self":[{"href":"https:\/\/ekmanfamily.se\/ver3\/wp-json\/wp\/v2\/pages\/2666","targetHints":{"allow":["GET"]}}],"collection":[{"href":"https:\/\/ekmanfamily.se\/ver3\/wp-json\/wp\/v2\/pages"}],"about":[{"href":"https:\/\/ekmanfamily.se\/ver3\/wp-json\/wp\/v2\/types\/page"}],"author":[{"embeddable":true,"href":"https:\/\/ekmanfamily.se\/ver3\/wp-json\/wp\/v2\/users\/6"}],"replies":[{"embeddable":true,"href":"https:\/\/ekmanfamily.se\/ver3\/wp-json\/wp\/v2\/comments?post=2666"}],"version-history":[{"count":0,"href":"https:\/\/ekmanfamily.se\/ver3\/wp-json\/wp\/v2\/pages\/2666\/revisions"}],"wp:attachment":[{"href":"https:\/\/ekmanfamily.se\/ver3\/wp-json\/wp\/v2\/media?parent=2666"}],"wp:term":[{"taxonomy":"post_tag","embeddable":true,"href":"https:\/\/ekmanfamily.se\/ver3\/wp-json\/wp\/v2\/tags?post=2666"}],"curies":[{"name":"wp","href":"https:\/\/api.w.org\/{rel}","templated":true}]}}