{"id":254,"date":"2013-01-20T13:20:45","date_gmt":"2013-01-20T13:20:45","guid":{"rendered":"http:\/\/ekmanfamily.se\/ver3\/?page_id=254"},"modified":"2018-11-25T18:05:06","modified_gmt":"2018-11-25T18:05:06","slug":"ursprung","status":"publish","type":"page","link":"https:\/\/ekmanfamily.se\/ver3\/ursprung\/","title":{"rendered":"Sl\u00e4ktens Ursprung"},"content":{"rendered":"<h1>Sl\u00e4ktens ursprung<\/h1>\n<p><a href=\"http:\/\/ekmanfamily.se\/ver3\/wp-content\/uploads\/2013\/01\/ursprung11.jpg\"><img loading=\"lazy\" decoding=\"async\" class=\"alignright size-full wp-image-486\" title=\"ursprung1\" src=\"http:\/\/ekmanfamily.se\/ver3\/wp-content\/uploads\/2013\/01\/ursprung11.jpg\" alt=\"\" width=\"348\" height=\"438\" srcset=\"https:\/\/ekmanfamily.se\/ver3\/wp-content\/uploads\/2013\/01\/ursprung11.jpg 348w, https:\/\/ekmanfamily.se\/ver3\/wp-content\/uploads\/2013\/01\/ursprung11-238x300.jpg 238w\" sizes=\"auto, (max-width: 348px) 100vw, 348px\" \/><\/a>V\u00e5r sl\u00e4kt har liksom de flesta andra sl\u00e4kter haft ett traditionellt -son namn. Vi h\u00e4rstammar fr\u00e5n Joen Larsson och Anna Bratt af H\u00f6glunda i 1600-talets V\u00e4rmland. Joen Larsson (1599-1674) var kronofogde i l\u00e4net och enligt samtida k\u00e4llor \u201d\u00f6fver alla fougdar ber\u00f6mdh f\u00f6r ricktighet\u201d.<\/p>\n<p>Joen och Anna gifte sig omkring1628 och fick tillsammans nio barn, 5 d\u00f6ttrar och 4 s\u00f6ner. S\u00f6nerna tog sig namnet Ekman 1666, sannolikt efter familjens fiskel\u00e4ge Ekudden p\u00e5 Arn\u00f6n i V\u00e4nern. Genom att en av s\u00f6nerna, Daniel Joensson Ekman (1632-1695), flyttade till V\u00e4nersborg, d\u00e4r han bedrev handel, kom sl\u00e4kten att hamna l\u00e4ngre s\u00f6derut.<\/p>\n<p>1662 gifte sig Daniel\u00a0med Elisabeth Marcus. Med deras s\u00f6ner Peter och Anders delades sl\u00e4kten i tv\u00e5 grenar. <strong>Det \u00e4r den \u00e4ldste brodern Peters barn v\u00e5r sl\u00e4ktf\u00f6rening omfattar<\/strong>. Liksom sin far bedrev Peter (I) handel i V\u00e4nersborg.<\/p>\n<p>1695 gifte sig Peter (I) med Regina Lind. De fick sonen Peter (II) Ekman (1704-1783), \u00e4ven han handlande, men nu har sl\u00e4kten flyttat till G\u00f6teborg.<br \/>\nPeter (II) gifte sig 1736 med Johanna von Minden. \u2028Det \u00e4r f\u00f6rst med deras son Peter Ekman, konungsligt ben\u00e4mnd III, och hans maka Hedvig Bo\u00ebthius, som sl\u00e4ktf\u00f6reningen b\u00f6rjar sin genealogiska r\u00e4kning.<\/p>\n<p>Hedvig och Peter fick tv\u00e5 s\u00f6ner, Johan Jacob och Gustaf Henrik. Deras barn i sin tur kom att starta de fyra sl\u00e4ktgrenar, som ben\u00e4mns A,B,C,D.<br \/>\nGenom att barnen flyttade till olika delar av landet kom ocks\u00e5 sl\u00e4ktens grenar att spridas geografiskt.<\/p>\n<p>A-grenen utg\u00e5r fr\u00e5n Johan Jacobs \u00e4ldste son Johan Oscar Ekman, Carnegie i G\u00f6teborg.<br \/>\nB-grenen startar med\u00a0Jacob Emil, sj\u00f6officer. Han g\u00e5r iland f\u00f6r att hj\u00e4lpa sin bror att leda Carnegie.<br \/>\nC-grenen h\u00e4rstammar ifr\u00e5n\u00a0Gustaf Ekman p\u00e5 Lesj\u00f6fors bruk.<br \/>\nD-grenen, slutligen, med\u00a0sonen Carl Edward, som tar \u00f6ver\u00a0Finsp\u00e5ngs bruk.<\/p>\n<p>Det har antagits att Joen Larssons fader var Lars Jonsson, fogde p\u00e5 V\u00e4rmlandsberg, eventuellt tillh\u00f6rande Glumserudssl\u00e4kten<br \/>\noch gift med True Jansson. Ovanst\u00e5ende g\u00e5r ej att styrka, trots m\u00e5nga sl\u00e4ktforskares p\u00e5st\u00e5ende. Mer om detta g\u00e5r att l\u00e4sa i<br \/>\nSl\u00e4kten Ekman, Handelshuset Ekman &amp; Co:s f\u00f6reg\u00e5ngare\u00a0samt i Sven T\u00e5gmarks f\u00f6redrag om Glumserudsl\u00e4kten.<\/p>\n<h1><strong>Ur-ekm\u00e4nnen och deras syskon<\/strong><\/h1>\n<p>t. o. m. A, B, C, D &#8211; grenarna<\/p>\n<p><strong>Joen Larsson (1599-1674) gift med Anna Bratt af H\u00f6glunda (1600-1647)<\/strong><strong><br \/>\n<\/strong>9 barn<br \/>\n1. Ingrid Joensson Ekman f ca 1626 &#8211; d 1687 g m Brukspatron Anders Andersson<br \/>\nB\u00e5nge (Brattforsbruk) 1610 &#8211; 1677. Gravsten \u00f6ver Anders Bratt &amp; Ingrid finns i golvet i\u00a0Brattfors kyrka. OBS! Anders Andersson B\u00e5nge Bratt \u00e4rvde\u00a0Joen Larssons\u00a0del i Brattforsbruk<br \/>\noch la till Bratt i sitt efternamn och ska\u00a0allts\u00e5 ej f\u00f6rv\u00e4xlas med den adliga grenen Bratt.<br \/>\n2. Lars Joensson Ekman (1630-1680) Handelsman, Befallningsman g m Anna Eriksson<br \/>\nLuth<br \/>\n<strong>3. Daniel Joensson Ekman<\/strong>\u00a0(1632-1695) Handelsman, g m Elisabeth\u00a0Marcus<br \/>\n4. Marcus Johan Joensson Ekman f?<br \/>\n5. Per Joensson Ekman f ?, reser till Tyskland och d\u00f6r troligtvis d\u00e4r i krig.<br \/>\n6. Sigrid Joensdotter Ekman f ?, g m Joens sv\u00e4rfar befallningsmannen Jost Larsson i Faxstad<br \/>\n7. Carin Joensson Ekman f ? g m Handelsmannen Samuel Ersson, <strong>2:o<\/strong> R\u00e5dman Eric Lindh<br \/>\n8. Maria Joensson Ekman f ?<br \/>\n9. Kvinna Joensson f ? g m Borgm\u00e4staren i Filipstad Johan Danielsson (dog tidigt)<\/p>\n<p><strong>1647 d\u00f6r Anna Bratt i \u00f6stra F\u00e5gelviks socken, hon \u00e4r begravd i V\u00e4se kyrka i F\u00e5gelvik.<br \/>\n<\/strong><strong>Joen Larsson gifter om sig 1648 med \u2028Elisabeth Bengtsdotter.<\/strong><strong><br \/>\n<\/strong>Elisabeth Bengtsdotter gick genom V\u00e4nerns is 1672 och drunknar<br \/>\nmed sin dotterdotter Ebba Luth.\u00a0Joen &amp; Elisabeths barn tar sig efternamnet Carlgren.<br \/>\n3 barn:<br \/>\n1. Bengt Joensson Carlgren f ca 1648 g m Eriks dotter i Sillerud (barnl\u00f6s)<br \/>\n2. Anna Joensdotter Carlgren f ? g m Borgm\u00e4staren i \u00d6rebro Johan Luth i hans andra\u00a0gifte<br \/>\n3. Elisabeth\u00a0Joensdotter Carlgren f ca 1663 g ca 1680 m Major Johan Jonsson (adlad) Sparrin<\/p>\n<p><strong>Daniel Joensson\u00a0Ekman (1632-1695) g m Elisabeth Marcus<\/strong><br \/>\n4 barn:<br \/>\n<strong>1. Peter (I) Ekman <\/strong>(1663-1716) g m Regina Lind<br \/>\n2. Anders Danielsson Ekman (\u00c5m\u00e5lgrenen) (1666-1705) g m Elsa Andersdotter Bark,\u00a0d\u00e4refter g m Ingiel (Engel) Bretman<br \/>\n3. Christopher Danielsson Ekman f? d 1725 g m Christina Hansdotter<br \/>\n4. Annika Danielsdotter Ekman f ? g m Bengt Haller, i andra giftet\u00a0med\u00a0Handlanden Jakob Fredrik\u00a0Neuman<\/p>\n<p><strong>Peter (I) Ekman (1663-1716) Handelsman g m Regina Lindh<br \/>\n<\/strong>7 barn:<br \/>\n1. Daniel Ekman f 1696, F\u00e4nrik i Hallands regemente. Han\u00a0tog avsked 1721\u00a0och begav sig till Livland, d\u00e4r han dog.<br \/>\n2. Anna Maria Ekman f 1697 g m Regementf\u00e4ltsk\u00e4ren Adam Faselius 1715<br \/>\n3. Eric Ekman (1699-1752) g m Maria Beata Uggla, L\u00f6jtnant, dog omkring 1752.\u00a0Deras ene son Johan Georg f 1731.<br \/>\nAns\u00e5gs vara sl\u00e4ktens aff\u00e4rsbeg\u00e5vning, Han etablerade sig som k\u00f6pman i G\u00f6teborg,\u00a0d\u00e4r han grundade firman J. G. Ekman &amp; Son.<br \/>\n4. Carl Ekman (1701-1755) \u00a0F\u00e4nrik, Handlanden \u00a0g m ?<br \/>\n5. Andrias Ekman f 1702, dog ung<br \/>\n<strong>6 Peter (II) Ekman <\/strong>(1704-1783) g m Johanna von Minden<br \/>\n7. Elisabeth Ekman f 1708 g m Adam Bahrman, Fogde i Dalslands s\u00f6dra f\u00f6gderi<\/p>\n<p><strong>Peter (II) Ekman (1704-1783) g m Johanna von Minden<br \/>\n<\/strong>9 barn:<br \/>\n1. Anna (1737-1740)<br \/>\n2. Elisabeth f 1738 g m Tolagskamrer i G\u00f6teborg Jacob Gabriel Brusewitz<br \/>\n<strong>3. Peter (III) Ekman <\/strong>(1740-1807) g m Hedvig Bo\u00ebthius<strong><br \/>\n<\/strong>4. Anna Maria f 1741<br \/>\n5. Catharina Christina (Cajsa) g m Fattighuspredikant Erik Wallerius<br \/>\n6. Juliana f 1745 g m Handlanden Asmund Swahn<br \/>\n7. Ulrica Ekman f 1746 g m K\u00f6pman Anders Rydell<br \/>\n8. Dorothea Ekman f 1749, ogift<br \/>\n9. Magdalena Ekman f 1751, ogift<\/p>\n<p><strong>Peter (III) Ekman (1740-1807) g m\u00a0Hedvig Bo\u00ebthius<br \/>\n<\/strong>4 barn:<br \/>\n1. <strong>Johan Jacob<\/strong> Ekman<b>\u00a0<\/b>(1771-1814) g\u00a0m\u00a0Sara Elisabeth Minten<strong><br \/>\n<\/strong>2. <strong>Gustaf Henrik<\/strong> Ekman\u00a0(1774 -1847) g\u00a0m\u00a0Gustafa T\u00f6rngren\u00a0<strong><br \/>\n<\/strong>3.<strong>\u00a0<\/strong>Anna Margaretha Ekman (1779 -1821) g m Nils Fredrik Wahlberg<br \/>\n4. Hedvig Elisabeth Ekman (1780 -1862) g m Baltzar Bogislaus von Platen<\/p>\n<p><strong>Johan Jacob Ekman (1771-1814) g m Sara\u00a0Elisabeth Minden<br \/>\n<\/strong>2 barn: Dessa bildar <strong>A och B &#8211;\u00a0<\/strong>grenarna i sl\u00e4kten.<br \/>\n1. <strong>A<\/strong>. Johan Oscar Ekman (1812 -1907) g m Louise von Dyben, i andra\u00a0giftet med Maria AA Lavonus<br \/>\n2.<strong> B<\/strong>. Jacob\u00a0Emil Ekman (1815 -1900) g m Sophia U J Kurck<\/p>\n<p><strong>Gustaf Henrik Ekman\u00a0(1774 -1847) g m\u00a0Gustafa\u00a0T\u00f6rngren<br \/>\n<\/strong>6 barn: Gustaf &amp; Carl Edvard bildar <strong>C och D<\/strong>\u00a0&#8211; grenarna i sl\u00e4kten.<br \/>\n<strong>1. C<\/strong>. Gustaf Ekman (1804 -1876) g m Carolina Lovisa Wahlberg<br \/>\n2. Peter Wilhelm Ekman (1806 -1863) ogift<br \/>\n3. Hedvig Maria Ekman (1808 -1842) g m Carl Henrik Ewert, inga barn<br \/>\n4. Hilda Elisabeth Ekman (1812 -1814)<br \/>\n5. Johan Jacob Ekman (1815 -1908) g m Martina Fredrika von Heideman, inga barn<br \/>\n6. <strong>D<\/strong>. Carl\u00a0Edward Ekman (1826 -1903) g m A. Augusta J. von Sch\u00e9ele<\/p>\n<h1><strong>Viktiga\u00a0\u00e5rtal och platser<\/strong><\/h1>\n<p>Joen Larsson levde under Sveriges gr\u00e5a stormaktstid under regenterna:<br \/>\nKarl IX 1550 -1611<br \/>\nGustav II Adolf 1594 -1632<br \/>\nKristina 1626 -1689<br \/>\nKarl X Gustav 1622 -1660<br \/>\nKarl XI 1655 -1697<\/p>\n<h1><strong>Drottning Kristina<\/strong><\/h1>\n<p><a href=\"http:\/\/ekmanfamily.se\/ver3\/ursprung\/drottning-kristina\/\" rel=\"attachment wp-att-1972\"><img loading=\"lazy\" decoding=\"async\" class=\"alignleft size-thumbnail wp-image-1972\" src=\"http:\/\/ekmanfamily.se\/ver3\/wp-content\/uploads\/2013\/01\/Drottning-kristina-150x150.jpeg\" alt=\"\" width=\"150\" height=\"150\" \/><\/a>Joen Larsson var hos drottning Kristina uppskattad f\u00f6r sin\u00a0\u00e4rlighet och omfattande tj\u00e4nster till kronan. Joen Larsson fick kungabrev p\u00e5 att han ej ber\u00f6rdes, n\u00e4r kronan kr\u00e4vde reduktion. Sedan Joen Larsson avlidit erh\u00f6ll hans son Daniel konung Karl XI:s konfirmation p\u00e5 donationerna den 28 februari 1676 och att dessa ej ber\u00f6rdes av reduktionen.\u00a0\u201d Han var ber\u00f6md f\u00f6r riktighet \u00f6ver alla fogdar \u201d.<br \/>\n&#8220;Joen Larsson han var en rik fogde. Han byggde hyttor och hamrar och hade \u00e4nd\u00e5 f\u00f6rl\u00e4ning hos kronan.<br \/>\nHans barn kallade sig Ekman och hafva blifvit en vidlyftig sl\u00e4kt&#8221;,\u00a0skrev Erik Fernow, som\u00a0levde 1735-1791.<\/p>\n<p>&nbsp;<\/p>\n<p><strong>1620<\/strong> Joen Larsson blir anst\u00e4lld i kronans tj\u00e4nst.<\/p>\n<p><strong>1621<\/strong> Anna Bratt var f\u00f6rst gift med Anders Gjordsson W\u00e4durhorns, som dog ung i bel\u00e4gringen av Riga 1621. De hade en son, Gjord, som f\u00f6ddes efter faderns d\u00f6d. Vid boskiftet efter unge Gjords farmor, Karin Larsdotter, som var av ofr\u00e4lse b\u00f6rd och som dog 1636, upptr\u00e4dde Joen Larsson som ombud f\u00f6r styvsonen Gjord.<\/p>\n<p><strong>1628<\/strong> Joen Larsson tilltr\u00e4der som\u00a0uppb\u00f6rdsman av boskaps- och kvarntullspengarna i del av V\u00e4stersysslet i V\u00e4rmland.<\/p>\n<p><strong>1629<\/strong> Joen Larsson brukade hemmanet i Kyrkbyn i Arvika socken (relativt stor g\u00e5rd). &#8220;Kyrkbyn f\u00f6rsvarades av Per Bratt af H\u00f6glunda under frihetsmilen till Viks s\u00e4teri. Det ligger d\u00e4rf\u00f6r n\u00e4ra till hands att antaga, att Joen Larssons besittningstagande av detta hemman, liksom hans nya jordf\u00f6rv\u00e4rv kort d\u00e4refter,\u00a0var en frukt av det ekonomiska v\u00e4lst\u00e5nd,\u00a0som han uppn\u00e5tt genom sitt f\u00f6rsta \u00e4ktenskap&#8221;. De gifte sig 1628.<\/p>\n<p><strong>1630<\/strong> f\u00f6rv\u00e4rvar Joen fr\u00e5n kronan, enligt landskontoret i \u00d6rebro, hemmanen\u00a0Rud &amp; Ragnelrud.<\/p>\n<p><strong>1630<\/strong> eller tidigare gifter sig Joen med Anna Bratt af H\u00f6glunda (Annika Bratt till Berg) tillh\u00f6rande en av V\u00e4rmlands relativt f\u00e5 fr\u00e4lsesl\u00e4kter. Fadern Per Bratt af H\u00f6glunda med adelstavla nr. 49 p\u00e5 Riddarhuset var Arvika sockens st\u00f6rsta jorddrott, innehavare av S\u00e4teriet Vik i Arvika socken samt Berg, Rud, Norserud, \u00d6ckna och n\u00e4stan allt fr\u00e4lse i J\u00f6sse h\u00e4rad.<\/p>\n<p><strong>1631<\/strong> h\u00e4vdade Joen Larsson sin \u00e4gander\u00e4tt till halva Spetlanda i By socken.<\/p>\n<p><strong>1633<\/strong> blir Joen Larsson G\u00f6teborgsarrendatorernas och Louis De Geers h\u00e4radsskrivare i \u00d6stersysslet.<\/p>\n<p><strong>1635<\/strong> Joen Larsson k\u00f6per \u00d6kna g\u00e5rd i F\u00e5gelvik i\u00a0V\u00e4se h\u00e4rad med tillh\u00f6rande Killing\u00f6n och en holme kallad K\u00e4rrholmen av Per Bratt. Samma \u00e5r f\u00f6rv\u00e4rvas H\u00f6je och H\u00f6gberga i R\u00e5da socken p\u00e5 \u00f6mse sida av Klar\u00e4lven, 1 mil norr om Munkfors.<\/p>\n<p>I slutet av 1630 talet k\u00f6per Joen Larsson en g\u00e5rd i Karlstad, d\u00e4r han tidvis bos\u00e4tter sig.<br \/>\nP\u00e5 biblioteket i\u00a0Karlstad h\u00e4nger en karta fr\u00e5n 1696. D\u00e4r framg\u00e5r det att ekm\u00e4nnen har 3 g\u00e5rdar, som ligger intill varandra, en till h\u00f6rande Joen Larsson och mitt emot denna p\u00e5 andra sidan gatan hade han ocks\u00e5 en obebyggd tomt. \u00d6ster om denna hade sonen Jon Ekman sin g\u00e5rd. G\u00e5rdarna \u00e4r bel\u00e4gna s\u00f6der om \u00d6stra \u00e4lvgrenen. Den \u00f6stligaste av dessa var Joen Larssons g\u00e5rd, 250 meter fr\u00e5n kyrkan vid v\u00e4stra bron. 1584 f\u00e5r Karlstad stadsprivilegium.<\/p>\n<p><strong>1639<\/strong> bygger han en st\u00e5ngj\u00e4rnshammare vid vattenfallet mellan Skogsberg och Glumserud, en mil nordv\u00e4st om \u00d6ckna, men vattentillg\u00e5ngen var d\u00e5lig.<br \/>\nHan \u00f6verl\u00e4t hammaren till sin bokh\u00e5llare Halvar Olufsson. Hammaren brann ned 1668.<\/p>\n<p><strong>1639<\/strong> Den 7 oktober d\u00f6r sv\u00e4rfadern adelsmannen Pehr J\u00f6nsson Bratt af H\u00f6glunda.<\/p>\n<div id=\"attachment_1970\" style=\"width: 160px\" class=\"wp-caption alignleft\"><a href=\"http:\/\/ekmanfamily.se\/ver3\/ursprung\/bratts-vapen-49\/\" rel=\"attachment wp-att-1970\"><img loading=\"lazy\" decoding=\"async\" aria-describedby=\"caption-attachment-1970\" class=\"wp-image-1970 size-thumbnail\" src=\"http:\/\/ekmanfamily.se\/ver3\/wp-content\/uploads\/2013\/01\/Bratts-vapen-49-150x150.jpg\" alt=\"\" width=\"150\" height=\"150\" \/><\/a><p id=\"caption-attachment-1970\" class=\"wp-caption-text\">Bratt af H\u00f6glunda nr. 49<\/p><\/div>\n<p>Pehr J\u00f6nsson <a href=\"https:\/\/sv.wikipedia.org\/wiki\/Bratt_af_H%C3%B6glunda\"><strong>Bratt af H\u00f6glunda<\/strong><\/a>, f\u00f6dd omkring 1570, introducerades tillsammans med sin bror p\u00e5 <a href=\"https:\/\/sv.wikipedia.org\/wiki\/Adelsst%C3%A5ndet_i_Sverige\">Riddarhuset<\/a> som adliga \u00e4tten Bratt af H\u00f6glunda nr 49. \u00c4tten utslocknade 1984 med\u00a0civilingenj\u00f6rerna Torbj\u00f6rn Bratt, f 1890 samt Per, f 1895. B\u00e4gge dog barnl\u00f6sa\u2028 i Norge.<br \/>\nPehr Bratt\u00a0deltog i <a href=\"https:\/\/sv.wikipedia.org\/wiki\/Uppsala_m%C3%B6te\">Uppsala m\u00f6te<\/a> 1593 och finns med bland undertecknarna av m\u00f6tets beslut.<br \/>\nSom gods\u00e4gare var Bratt en mycket f\u00f6rm\u00f6gen man och sk\u00f6tseln av dessa g\u00e5rder blev hans livsuppgift.<\/p>\n<p>&nbsp;<\/p>\n<p>&nbsp;<\/p>\n<div id=\"attachment_1983\" style=\"width: 160px\" class=\"wp-caption alignleft\"><a href=\"http:\/\/ekmanfamily.se\/ver3\/ursprung\/roos_af_hjalmsater_large_medium\/\" rel=\"attachment wp-att-1983\"><img loading=\"lazy\" decoding=\"async\" aria-describedby=\"caption-attachment-1983\" class=\"wp-image-1983 size-full\" src=\"http:\/\/ekmanfamily.se\/ver3\/wp-content\/uploads\/2013\/01\/roos_af_hjalmsater_large_medium.jpg\" alt=\"\" width=\"150\" height=\"150\" \/><\/a><p id=\"caption-attachment-1983\" class=\"wp-caption-text\">Roos af Hjelms\u00e4ter nr. 51<\/p><\/div>\n<p>&nbsp;<\/p>\n<p>Genom gifterm\u00e5let med Ingrid Persdotter Roos af Hjelms\u00e4ter av adlig b\u00f6rd i sitt \u00a0&#8220;<strong>1:o&#8221;<\/strong> gifte kom Per J\u00f6nsson Bratt genom testamente\u00a01602 fr\u00e5n Ingrids moster Ingrid Bryntesdotter Roos af Hjelms\u00e4ter, ogift i besittning av Berg i \u00c4lg\u00e5 sn, som \u00e4r Ingrid Bryntesdotter s\u00e4tesg\u00e5rd. Dessutom \u00a0ingick arv efter Ingrids ogifta bror Gustaf, d\u00f6d 1587, ytterligare 8 g\u00e5rdar varav Vik i Arvika socken.<br \/>\nPehr Bratt hade f\u00f6re \u00e4ktenskapet g\u00e5rdarna Rud, Norserud och \u00d6ckna i <a href=\"https:\/\/sv.wikipedia.org\/wiki\/Ny_f%C3%B6rsamling\">Ny socken,<\/a> vilket utgjorde snart sagt alla fr\u00e4lse gods i <a href=\"https:\/\/sv.wikipedia.org\/wiki\/J%C3%B6sse_h%C3%A4rad\">J\u00f6sse h\u00e4rad<\/a>. Han bosatte sig mot slutet av sitt liv p\u00e5 Vik, d\u00e4r han dog. Bratt begravdes i <a href=\"https:\/\/sv.wikipedia.org\/wiki\/Mikaelikyrkan,_Arvika\">Mikaelikyrkan, Arvika<\/a> d\u00e4r ett <a href=\"https:\/\/sv.wikipedia.org\/wiki\/Epitafium\">epitafium<\/a> av tr\u00e4, &#8220;minnestavla&#8221;, \u00f6ver honom uppsattes men som idag \u00e4r borta.Vid Pehrs d\u00f6d \u00e4rvde Gustaf Persson Bratt af H\u00f6glunda i f\u00f6rsta giftet, Viks g\u00e5rd och Anna Bratt Bergs s\u00e4teri.<\/p>\n<p>Man vet att Anna Bratt \u00e4rvde Berg samt andra g\u00e5rdar efter\u00a0sin faders bortg\u00e5ng, kanske \u00e4ven pengar. Det \u00e4r m\u00f6jligt att det gjorde att Joen Larsson \u00e4r en synnerligen v\u00e4lsituerad man och som g\u00f6r \u00e5tskilliga jordbesittningar p\u00e5 1640 talet.<br \/>\nPehr J\u00f6nsson Bratts son Gustaf Persson Bratt af H\u00f6glunda i\u00a0f\u00f6rsta\u00a0giftet \u00e4rvde Viks s\u00e4teri. Dottern Ingrid Persdotter Bratt af H\u00f6glunda \u00e4rvde Bergs s\u00e4teri.<\/p>\n<p><strong>1640<\/strong> byggdes H\u00f6kebrohammaren, som brann ned 1654 men som byggdes upp p\u00e5 nytt 1656.<\/p>\n<p><strong>1642<\/strong> arrenderar Joen Larsson hemmanet Sp\u00e5nga bel\u00e4get 500 meter v\u00e4ster om F\u00e5gelviks kyrka\u00a0p\u00e5 6 \u00e5r.<\/p>\n<p><strong>1644<\/strong> uppr\u00e4ttar Joen Larsson Glumserudshammaren, boplats Barsj\u00f6torp.<\/p>\n<p><strong>1645<\/strong> Joen Larsson blir R\u00e5dman i Karlstad, men l\u00e4mnar uppdraget 5 \u00e5r senare, d\u00e5 han blir utn\u00e4mnd till kronans befallningsman i V\u00e4stersysslet i V\u00e4rmland.<\/p>\n<p><strong>1647<\/strong> d\u00f6r Anna Bratt.<\/p>\n<p><strong>1648<\/strong> f\u00f6rvandlas arrendet till livstids donation av kronan.\u00a0\u00c4ven Ulfsbyn i Sunne socken doneras p\u00e5 livstid.<\/p>\n<p><strong>1655<\/strong> inf\u00f6rskaffar Joen Larsson och hans andra hustru Birgitta Bengtsdotter Hoflanda i V\u00e4se h\u00e4rad p\u00e5 Arn\u00f6n och Faxstad. Samtidigt tar \u00e4ldste sonen \u00f6ver \u00d6kna,\u00a0n\u00e4r Joen Larsson flyttar 1656.<\/p>\n<div id=\"attachment_1971\" style=\"width: 160px\" class=\"wp-caption alignleft\"><a href=\"http:\/\/ekmanfamily.se\/ver3\/ursprung\/ekudden\/\" rel=\"attachment wp-att-1971\"><img loading=\"lazy\" decoding=\"async\" aria-describedby=\"caption-attachment-1971\" class=\"wp-image-1971 size-thumbnail\" src=\"http:\/\/ekmanfamily.se\/ver3\/wp-content\/uploads\/2013\/01\/Ekudden-150x150.jpg\" alt=\"\" width=\"150\" height=\"150\" \/><\/a><p id=\"caption-attachment-1971\" class=\"wp-caption-text\">Ekudden<\/p><\/div>\n<p>I k\u00f6pet av Hoflanda ing\u00e5r ocks\u00e5 \u00a0Ekuddens utm\u00e4rkta fiskevatten i de l\u00e5nggrunda vikarna p\u00e5 Arn\u00f6n. Man\u00a0tror, som tidigare sagts, att efternamnet Ekman kan komma d\u00e4rifr\u00e5n.\u00a0Ekudden \u00e4r en vacker och fridfull plats, utan n\u00e4mnv\u00e4rt synliga rester av byggnader.<\/p>\n<p>1659 uppr\u00e4ttar Joen Larsson ett testamente, d\u00e4r han sk\u00e4nker sin del av fastigheten Hoflanda till sin\u00a0hustru Elisabeth Bengtsdotter. Fastigheten har\u00a0de k\u00f6pt tillsammans.\u00a0Mot testamentet protesterar Joens son Lars Joensson och sv\u00e5gern Anders Andersson B\u00e5nge Bratt, gift med Ingrid. De agerar \u00e5 sina och syskonens v\u00e4gnar.\u00a0Backsj\u00f6torp \u00e4gdes av Joen och Anna Bratt. Joen sk\u00e4nker senare g\u00e5rden\u00a0till Elisabeth Bengtsdotter.<\/p>\n<p><strong>1663<\/strong>\u00a0d\u00f6r Elisabeth Bengtsdotters styvfader Jost Larsson tillika Joen Larssons sv\u00e4rfader samt m\u00e5g. Jost Larsson hade gift om sig med Joen Larsson dotter Sigrid Joensdotter efter hans <strong>1:o<\/strong> hustrus d\u00f6d.<br \/>\nFaxstad \u00e4rvdes av Elisabeth Bengtsdotter, &#8220;Joens <strong>2:o<\/strong>\u00a0gifte&#8221; vid fadern Jost Larssons bortg\u00e5ng.<\/p>\n<p><strong>1669<\/strong> h\u00e4rjades \u00d6kna av brand och sammanlagt 40 byggnader g\u00e5r upp i r\u00f6k.<\/p>\n<p><strong>1672<\/strong> Joen Larssons hustru Elisabeth Bengtsdotter g\u00e5r genom V\u00e4nerns is och drunknar med sin dotter Anna Joensdotters styvdotter Ebba Luth. Barnet var dotter till Anna Joensdotters man, borgm\u00e4staren i \u00d6rebro Johan Luth, i hans <strong>1:o<\/strong> gifte.<\/p>\n<p><strong>1673 <\/strong>Efter 53 tj\u00e4nste\u00e5r i kronans tj\u00e4nst l\u00e4mnar Joen Larsson in sin avskedsans\u00f6kan den 4 juli 1673.<\/p>\n<p><strong>1674<\/strong> Joen Larsson d\u00f6r p\u00e5 Hoflanda. Han \u00e4r troligen begravd i V\u00e4se kyrka. Man tror att hans tv\u00e5 hustrur \u00e4r begravda d\u00e4r ocks\u00e5.<\/p>\n<p><strong>1678<\/strong> l\u00f6ser sonen Lars Joensson ut sina tv\u00e5 syskon fr\u00e5n \u00d6kna.<\/p>\n<p>&nbsp;<\/p>\n<h1><strong>G\u00e5rdar\/Bruk<\/strong><\/h1>\n<div class=\"mceTemp\"><\/div>\n<p>Joen Larsson hade en omfattande l\u00e5ner\u00f6relse, vilket visade att han hade betydande resurser. Han \u00f6vertog ett stort antal skattehemman f\u00f6r de l\u00e5n som inte betalades tillbaks. Dessa s\u00e5ldes oftast vidare.<\/p>\n<p><strong>Hans k\u00e4nda g\u00e5rdar och bruk<\/strong>.<br \/>\n1630 ca, kyrkbyn i Arvika, var Joen Larssons f\u00f6rsta k\u00e4nda boplats\u00a0\u00e4gdes av \u00a0Vikss\u00e4teri, Pehr &amp; Ingeborg Bratt.<br \/>\nAnskaffnings\u00e5r f\u00f6r f\u00f6ljande g\u00e5rdar och bruk.<br \/>\n1630 Rud &amp; Ragnelrud<br \/>\n1635 \u00d6kna<br \/>\n1635 H\u00f6je<br \/>\n1635 H\u00f6gberg<br \/>\n1639 3 G\u00e5rdar i Karlstad<br \/>\nBacksj\u00f6torp<br \/>\n1641 H\u00f6kebrohammare<br \/>\n1645 Glumserudshammare<br \/>\n1648 Sp\u00e5nga, g\u00e5va fr\u00e5n drottning Kristina<br \/>\n1651 ca, Brattfors bruk, han \u00f6vergav sin fordran till m\u00e5gen Anders Andersson Bratt<br \/>\n1656 Hoflanda<\/p>\n<h1><strong>Landsarkivet i G\u00f6teborg<\/strong><\/h1>\n<p>Ekmanska arkivet \u00e4r gammalt och historiskt v\u00e4rdefullt med sina 4000 hyllmeter. Forskningsarbete p\u00e5g\u00e5r regelbundet med olika forskningssyften, bl a G\u00f6teborgshistoria och den svenska industrialiseringen, d\u00e4r sl\u00e4kten har haft stort inflytande. Ovanst\u00e5ende info fr\u00e5n tidigare arkivchef Per Clemensson.<\/p>\n<div id=\"attachment_1997\" style=\"width: 594px\" class=\"wp-caption alignleft\"><a href=\"http:\/\/ekmanfamily.se\/ver3\/ursprung\/ekman-co-arkiv-kopia-kopia\/\" rel=\"attachment wp-att-1997\"><img loading=\"lazy\" decoding=\"async\" aria-describedby=\"caption-attachment-1997\" class=\"wp-image-1997 size-large\" src=\"http:\/\/ekmanfamily.se\/ver3\/wp-content\/uploads\/2013\/01\/Ekman-Co-arkiv-kopia-kopia-1024x681.jpg\" alt=\"\" width=\"584\" height=\"388\" srcset=\"https:\/\/ekmanfamily.se\/ver3\/wp-content\/uploads\/2013\/01\/Ekman-Co-arkiv-kopia-kopia-1024x681.jpg 1024w, https:\/\/ekmanfamily.se\/ver3\/wp-content\/uploads\/2013\/01\/Ekman-Co-arkiv-kopia-kopia-300x199.jpg 300w, https:\/\/ekmanfamily.se\/ver3\/wp-content\/uploads\/2013\/01\/Ekman-Co-arkiv-kopia-kopia-768x511.jpg 768w, https:\/\/ekmanfamily.se\/ver3\/wp-content\/uploads\/2013\/01\/Ekman-Co-arkiv-kopia-kopia-451x300.jpg 451w\" sizes=\"auto, (max-width: 584px) 100vw, 584px\" \/><\/a><p id=\"caption-attachment-1997\" class=\"wp-caption-text\">4000 hyllmeter b\u00f6cker m.m<\/p><\/div>\n<p>&nbsp;<\/p>\n<div id=\"attachment_1998\" style=\"width: 310px\" class=\"wp-caption alignleft\"><a href=\"http:\/\/ekmanfamily.se\/ver3\/ursprung\/kassabok-1764-kopia\/\" rel=\"attachment wp-att-1998\"><img loading=\"lazy\" decoding=\"async\" aria-describedby=\"caption-attachment-1998\" class=\"wp-image-1998 size-medium\" src=\"http:\/\/ekmanfamily.se\/ver3\/wp-content\/uploads\/2013\/01\/Kassabok-1764-kopia-300x199.jpg\" alt=\"\" width=\"300\" height=\"199\" srcset=\"https:\/\/ekmanfamily.se\/ver3\/wp-content\/uploads\/2013\/01\/Kassabok-1764-kopia-300x199.jpg 300w, https:\/\/ekmanfamily.se\/ver3\/wp-content\/uploads\/2013\/01\/Kassabok-1764-kopia-768x511.jpg 768w, https:\/\/ekmanfamily.se\/ver3\/wp-content\/uploads\/2013\/01\/Kassabok-1764-kopia-1024x681.jpg 1024w, https:\/\/ekmanfamily.se\/ver3\/wp-content\/uploads\/2013\/01\/Kassabok-1764-kopia-451x300.jpg 451w\" sizes=\"auto, (max-width: 300px) 100vw, 300px\" \/><\/a><p id=\"caption-attachment-1998\" class=\"wp-caption-text\">Kassabok fr\u00e5n 1764<\/p><\/div>\n<p><strong>\u00a0<\/strong><\/p>\n<p>&nbsp;<\/p>\n<p>&nbsp;<\/p>\n<p><strong>\u00a0<\/strong><\/p>\n<p>&nbsp;<\/p>\n<p>&nbsp;<\/p>\n<p>&nbsp;<\/p>\n<p>&nbsp;<\/p>\n<p>&nbsp;<\/p>\n<p>&nbsp;<\/p>\n<p>K\u00e4llmaterial<br \/>\nSL\u00c4KTEN EKMAN<br \/>\nHandelshuset Ekman &amp; Co:s<br \/>\nf\u00f6reg\u00e5ngare<br \/>\nAv Arne Munthe<\/p>\n<p>JOEN LARSSON<br \/>\n1599 -1674<br \/>\nAv Wilhelm Ekman<br \/>\nC:3:4<\/p>\n<p>Sl\u00e4ktens ursprung senast uppdaterad 16 mars 2018<\/p>\n<p>&nbsp;<\/p>\n<p>&nbsp;<\/p>\n<p>&nbsp;<\/p>\n<p>&nbsp;<\/p>\n","protected":false},"excerpt":{"rendered":"<p>Sl\u00e4ktens ursprung V\u00e5r sl\u00e4kt har liksom de flesta andra sl\u00e4kter haft ett traditionellt -son namn. Vi h\u00e4rstammar fr\u00e5n Joen Larsson och Anna Bratt af H\u00f6glunda i 1600-talets V\u00e4rmland. Joen Larsson (1599-1674) var kronofogde i l\u00e4net och enligt samtida k\u00e4llor \u201d\u00f6fver alla fougdar ber\u00f6mdh f\u00f6r ricktighet\u201d. Joen och Anna gifte sig omkring1628 och fick tillsammans nio [&hellip;]<\/p>\n","protected":false},"author":3,"featured_media":0,"parent":0,"menu_order":0,"comment_status":"closed","ping_status":"closed","template":"","meta":{"_acf_changed":false,"ngg_post_thumbnail":0,"footnotes":""},"tags":[],"class_list":["post-254","page","type-page","status-publish","hentry"],"acf":[],"_links":{"self":[{"href":"https:\/\/ekmanfamily.se\/ver3\/wp-json\/wp\/v2\/pages\/254","targetHints":{"allow":["GET"]}}],"collection":[{"href":"https:\/\/ekmanfamily.se\/ver3\/wp-json\/wp\/v2\/pages"}],"about":[{"href":"https:\/\/ekmanfamily.se\/ver3\/wp-json\/wp\/v2\/types\/page"}],"author":[{"embeddable":true,"href":"https:\/\/ekmanfamily.se\/ver3\/wp-json\/wp\/v2\/users\/3"}],"replies":[{"embeddable":true,"href":"https:\/\/ekmanfamily.se\/ver3\/wp-json\/wp\/v2\/comments?post=254"}],"version-history":[{"count":0,"href":"https:\/\/ekmanfamily.se\/ver3\/wp-json\/wp\/v2\/pages\/254\/revisions"}],"wp:attachment":[{"href":"https:\/\/ekmanfamily.se\/ver3\/wp-json\/wp\/v2\/media?parent=254"}],"wp:term":[{"taxonomy":"post_tag","embeddable":true,"href":"https:\/\/ekmanfamily.se\/ver3\/wp-json\/wp\/v2\/tags?post=254"}],"curies":[{"name":"wp","href":"https:\/\/api.w.org\/{rel}","templated":true}]}}