{"id":2464,"date":"2018-12-02T16:25:22","date_gmt":"2018-12-02T16:25:22","guid":{"rendered":"http:\/\/ekmanfamily.se\/ver3\/?page_id=2464"},"modified":"2018-12-14T07:57:43","modified_gmt":"2018-12-14T07:57:43","slug":"korsnas","status":"publish","type":"page","link":"https:\/\/ekmanfamily.se\/ver3\/korsnas\/","title":{"rendered":"Korsn\u00e4s"},"content":{"rendered":"<p><a href=\"http:\/\/ekmanfamily.se\/ver3\/2006-hogbo-bruk-gavle-korsnas\/wilhelm-portratt\/\" rel=\"attachment wp-att-1955\"><img loading=\"lazy\" decoding=\"async\" class=\"alignleft size-medium wp-image-1955\" src=\"http:\/\/ekmanfamily.se\/ver3\/wp-content\/uploads\/2013\/08\/Wilhelm-portr\u00e4tt-212x300.jpg\" alt=\"\" width=\"212\" height=\"300\" srcset=\"https:\/\/ekmanfamily.se\/ver3\/wp-content\/uploads\/2013\/08\/Wilhelm-portr\u00e4tt-212x300.jpg 212w, https:\/\/ekmanfamily.se\/ver3\/wp-content\/uploads\/2013\/08\/Wilhelm-portr\u00e4tt.jpg 595w\" sizes=\"auto, (max-width: 212px) 100vw, 212px\" \/><\/a><\/p>\n<h1><strong>Korsn\u00e4s och Wilhelm Ekman C:3:4<\/strong><\/h1>\n<p>Genom sl\u00e4ktens intressen i j\u00e4rn och tr\u00e4industrin blev Wilhelm Ekman tidigt f\u00f6rtrogen med dalsl\u00e4ndsk och v\u00e4rml\u00e4ndsk bruksmilj\u00f6. Under inflytande av de intressen, som dominerade i f\u00f6r\u00e4ldrahemmet, besl\u00f6t sig Wilhelm f\u00f6r att bli skogsman<\/p>\n<p>Wilhelm Ekman v\u00e4xte upp i Gustafsfors och utexaminerades fr\u00e5n Skogsinstitutet 1898. Innehade ett flertal skogliga uppdrag fram till 1908, d\u00e5 han blev skogschef f\u00f6r Korsn\u00e4s s\u00e5gverksaktiebolag; och var verkst\u00e4llande direkt\u00f6r f\u00f6r Korsn\u00e4s 1924-1942.<\/p>\n<p>De intr\u00e4ngande studier Wilhelm Ekman \u00e4gnade skogsbrukets ekonomiska problem gjorde att han kn\u00f6ts som skogschef till Korsn\u00e4s s\u00e5gverksbolag AB 1908.<\/p>\n<p>Och med sina o\u00e4ndliga uppdrag f\u00f6r svensk skogsindustri, och uppdrag fr\u00e5n regeringen att modernisera skogarna la han grunden f\u00f6r Korsn\u00e4s modernisering och tillv\u00e4xt som gav bolaget dess starka st\u00e4llning i Sverige som skogsbolag.<\/p>\n<p>Han f\u00f6ryngrade dalaskogarna och de orensade, \u00f6vermogna, lavah\u00e4ngda och d\u00f6ende Korsn\u00e4sskogarna till en rationell r\u00e5varutillg\u00e5ng och byggde ut skogarna fr\u00e5n 200000 till 300000 hektar skog. Han f\u00f6rdjupade och rensade \u00e4lvarna f\u00f6r b\u00e4ttre flottning. Han ins\u00e5g vikten av att s\u00e4kerst\u00e4lla f\u00f6retagets behov av energi och \u00f6vertog en stor aktiepost i kr\u00e5ngedebolaget fr\u00e5n Avesta jernverks AB.<br \/>\n\u201dMed andra ord han la grunden f\u00f6r Stenb\u00e4cks ekonomiskt stora framg\u00e5ngar\u201d.<\/p>\n<p>Wilhelm var starkt engaskerad i den Ekmanska sl\u00e4ktforskningen han deltog bl a i f\u00f6rverkligandet av boken SL\u00c4KTEN EKMAN som skrevs av Arne Munthe och gavs ut av Handelshuset EKMAN &amp; Co 1958.<\/p>\n<p><strong>STOD ATT L\u00c4SA I<\/strong><\/p>\n<p>Nya Dagligt Allahanda den 22 februari 1931<br \/>\nVeckans portr\u00e4tt<br \/>\nS\u00d6NDAGSBILAGA<\/p>\n<p>Wilhelm Ekman representerar den tionde generationen i en gammal industri- och k\u00f6pmannaadel. &#8211; Anor till fogdar och j\u00e4rnm\u00e4n i 1600-talets V\u00e4rmland.<\/p>\n<p>Sm\u00e5rolig, anspr\u00e5ksl\u00f6s, kunnig och godhj\u00e4rtad, en som v\u00e5gar miljonen men v\u00e4nder p\u00e5 tjugofem\u00f6ringen, modern tekniker och konservativ m\u00e4nniska, kemist och humanist, kvickt\u00e4nkt och, \u00e4rlig, hederlig, snarilsken och r\u00e4vslug, en man med sinne f\u00f6r detaljer och blick f\u00f6r de vida vyerna, med huvudet fullt och byxbaken tom, torr och mager som sju av n\u00f6ten vid Nilens str\u00e4nder\u00a0&#8211; det \u00e4r Wilhelm Ekman, chef f\u00f6r Korsn\u00e4s s\u00e5gverks-aktiebolag, en aning originell och o\u00e4ndligt sympatisk, en liten man med n\u00e5got av f\u00f6rsynt finsnickare i utseende och med anor \u00f6ver den Ekmanska industri- och k\u00f6pmannadynastien till fogdar i V\u00e4rmland.<\/p>\n<p>Hans m\u00e5tto<br \/>\nKom d\u00e5 alltid ih\u00e5g<\/p>\n<p>\u201dAllt hvad i viljen m\u00e4nniskorna skola g\u00f6ra Eder, det g\u00f6ren i och dem\u201d. Detta \u00e4r grunden f\u00f6r den m\u00e4nniskok\u00e4rlek, som ovillkorligen skall f\u00f6ljas av en r\u00e4ttr\u00e5dig f\u00f6rvaltare.<\/p>\n<p>K\u00e4lla: Wikipedia (P. Wilhelm Ekman), samt Wilhelm Ekmans anteckningar.<\/p>\n","protected":false},"excerpt":{"rendered":"<p>Korsn\u00e4s och Wilhelm Ekman C:3:4 Genom sl\u00e4ktens intressen i j\u00e4rn och tr\u00e4industrin blev Wilhelm Ekman tidigt f\u00f6rtrogen med dalsl\u00e4ndsk och v\u00e4rml\u00e4ndsk bruksmilj\u00f6. Under inflytande av de intressen, som dominerade i f\u00f6r\u00e4ldrahemmet, besl\u00f6t sig Wilhelm f\u00f6r att bli skogsman Wilhelm Ekman v\u00e4xte upp i Gustafsfors och utexaminerades fr\u00e5n Skogsinstitutet 1898. Innehade ett flertal skogliga uppdrag fram [&hellip;]<\/p>\n","protected":false},"author":3,"featured_media":0,"parent":0,"menu_order":0,"comment_status":"closed","ping_status":"closed","template":"","meta":{"_acf_changed":false,"ngg_post_thumbnail":0,"footnotes":""},"tags":[],"class_list":["post-2464","page","type-page","status-publish","hentry"],"acf":[],"_links":{"self":[{"href":"https:\/\/ekmanfamily.se\/ver3\/wp-json\/wp\/v2\/pages\/2464","targetHints":{"allow":["GET"]}}],"collection":[{"href":"https:\/\/ekmanfamily.se\/ver3\/wp-json\/wp\/v2\/pages"}],"about":[{"href":"https:\/\/ekmanfamily.se\/ver3\/wp-json\/wp\/v2\/types\/page"}],"author":[{"embeddable":true,"href":"https:\/\/ekmanfamily.se\/ver3\/wp-json\/wp\/v2\/users\/3"}],"replies":[{"embeddable":true,"href":"https:\/\/ekmanfamily.se\/ver3\/wp-json\/wp\/v2\/comments?post=2464"}],"version-history":[{"count":0,"href":"https:\/\/ekmanfamily.se\/ver3\/wp-json\/wp\/v2\/pages\/2464\/revisions"}],"wp:attachment":[{"href":"https:\/\/ekmanfamily.se\/ver3\/wp-json\/wp\/v2\/media?parent=2464"}],"wp:term":[{"taxonomy":"post_tag","embeddable":true,"href":"https:\/\/ekmanfamily.se\/ver3\/wp-json\/wp\/v2\/tags?post=2464"}],"curies":[{"name":"wp","href":"https:\/\/api.w.org\/{rel}","templated":true}]}}