{"id":2218,"date":"2018-09-26T22:03:29","date_gmt":"2018-09-26T22:03:29","guid":{"rendered":"http:\/\/ekmanfamily.se\/ver3\/?page_id=2218"},"modified":"2025-08-31T10:57:52","modified_gmt":"2025-08-31T10:57:52","slug":"protokoll-2018","status":"publish","type":"page","link":"https:\/\/ekmanfamily.se\/ver3\/protokoll-2018\/","title":{"rendered":"Protokoll 2018"},"content":{"rendered":"<h1>Protokoll<\/h1>\n<p><a href=\"styrelsen\/\">Styrelsen<\/a> | <a href=\"stadgar\/\">Stadgar<\/a> | <a href=\"dagordning\/\">Dagordning<\/a> | <a href=\"bokslut\/\">Bokslut<\/a> | <a href=\"revisionsberattelse\/\">Revisionsber\u00e4ttelse<\/a> | <a href=\"\/ver3\/protokoll-2022\/\">Protokoll<\/a> | <a href=\"medlemskap\/\">Medlemskap<br \/>\n<\/a><a class=\"green_link\" href=\"http:\/\/ekmanfamily.se\/ver3\/protokoll-2012\/\">Protokoll 2012<\/a><br \/>\n<a class=\"green_link\" href=\"http:\/\/ekmanfamily.se\/ver3\/protokoll\/\">Protokoll 2015<\/a><br \/>\n<a class=\"green_link\" href=\"http:\/\/ekmanfamily.se\/ver3\/protokoll-2018\/\">Protokoll 2018<\/a><br \/>\n<a class=\"green_link\" href=\"http:\/\/ekmanfamily.se\/ver3\/protokoll-2022\/\">Protokoll 2022<\/a><br \/>\n<a class=\"green_link\" href=\"http:\/\/ekmanfamily.se\/ver3\/protokoll-2025\/\">Protokoll 2025<\/a><\/p>\n<h2>&nbsp;<\/h2>\n<h2 style=\"text-align: center;\"><span style=\"color: #000000; font-style: normal; font-weight: bold;\">Protokoll f\u00f6r Ekmanska sl\u00e4ktf\u00f6reningens 28 f\u00f6reningsm\u00f6te<br \/>\nden 1<\/span><span style=\"color: #000000; font-weight: bold;\">8 augusti 2018 p\u00e5 Gustaf Fr\u00f6dings hotell i Karlstad &nbsp;<\/span><\/h2>\n<p>Sl\u00e4ktm\u00f6tet inleddes med att Margareta Ekman A:3:4:1 ber\u00e4ttade om boken \u201dkyrka f\u00e5r slott\u201d och donerade en kartong med b\u00f6cker till medlemmarna.<br \/>\nBoken handlar om n\u00e4r Bj\u00e4rka-S\u00e4by donerades till Pingstf\u00f6rsamlingen i Link\u00f6ping 1980.<\/p>\n<p>1. Till ordf\u00f6rande valdes sittande, Peter Ekman B:4:2:4 och till att f\u00f6ra protokoll valdes Hedvig Ekman C:3:4:1:1:1.<\/p>\n<p>2. Tv\u00e5 justeringsm\u00e4n valdes, n\u00e4mligen Oscar Ekman A:3:1:4 och Jan Calvert B:1:3:1:1<\/p>\n<p>3. St\u00e4mman var enig i fr\u00e5gan om att den utlysts i beh\u00f6rig ordning.<\/p>\n<p>4. Namnen \u00f6ver v\u00e5ra bortg\u00e5ngna sl\u00e4ktingar l\u00e4stes upp och f\u00f6r dem stod vi upp och h\u00f6ll en tyst minut.<\/p>\n<p>5. Vi gladdes d\u00e4refter \u00f6ver att listan \u00f6ver nyf\u00f6dda var l\u00e5ng \u2013 deras namn l\u00e4stes upp. M\u00e5nga l\u00e5nga fina namn!<\/p>\n<p>6. Vi beslutade gemensamt att deltagarlistan kunde utg\u00f6ra r\u00f6stl\u00e4ngd.<\/p>\n<p>5. F\u00f6r den som vill l\u00e4sa protokoll fr\u00e5n f\u00f6reg\u00e5ende \u00e5rsm\u00f6te h\u00e4nvisas till hemsidan, <a href=\"http:\/\/ekmanfamily.se\/ver3\/protokoll\/\">klicka h\u00e4r f\u00f6r att l\u00e4sa &gt;&gt;<\/a><\/p>\n<p>6. Claes Ekman C:3:4:3:3, v\u00e5r alldeles egna skattm\u00e4stare gick igenom \u00e5rsredovisning f\u00f6r r\u00e4kenskaps\u00e5ren 2015-17.<br \/>\n\u00c4n en g\u00e5ng kunde vi konstatera att tillg\u00e5ngarna stigit i v\u00e4rde och att f\u00f6reningens ekonomi \u00e4r synnerligen god. L\u00e4s mer om \u00e5rsredovisningen h\u00e4r &gt;&gt;<\/p>\n<p>7. Revisionsber\u00e4ttelsen f\u00f6r r\u00e4kenskaps\u00e5ren 2015 \u2013 2017 l\u00e4stes upp av protokollf\u00f6raren och f\u00f6r den som vill l\u00e4sa den <a href=\"http:\/\/ekmanfamily.se\/ver3\/revisionsberattelse\/\">h\u00e4nvisas till hemsidan &gt;&gt;<\/a><\/p>\n<p>8. D\u00e4refter var st\u00e4mman enig i att fastst\u00e4lla balans \u2013 och resultatr\u00e4kningen<\/p>\n<p>9. Och styrelsen beviljandes ansvarsfrihet.<\/p>\n<p>10. Tack vare den goda ekonomin i f\u00f6reningen s\u00e5gs ingen anledning att ta ut f\u00f6reningsavgifter.<\/p>\n<p>11. St\u00e4mman beslutade att f\u00f6r n\u00e4sta tre\u00e5rsperiod v\u00e4lja f\u00f6ljande styrelse:<\/p>\n<p>Ordf\u00f6rande (omval): Peter Ekman B:4:2:4<\/p>\n<p>Skattm\u00e4stare &amp; hemsida (omval): Claes Ekman C:3:4:3:3<\/p>\n<p>Ledam\u00f6ter: Fredric Ekman B:4:2:4:1 (omval), Hedvig Ekman C:3:4:1:1:1 (omval) och Jonas Ekman A:3:3:2:1 (suppleant ny ledamot)<\/p>\n<p>Suppleanter: Annika Ekman C:3:4:3:3:2 (omval) och Christian Ekman C:3:4:2:3:3 \u2013 v\u00e4lkommen!<\/p>\n<p>Revisorer: Gustaf Ekman A:3:4:5 och Nils Liljeberg (C:3:4:3:3:1)<\/p>\n<p>omval av revisor suppleant Magdalena Ekman C.3:2:2:4<\/p>\n<p>Valberedning (omval): Matts Ekman C:3:2:7:2<\/p>\n<p>Fredrik Ekman A:3:1:5 och Caroline Ekman C:3:2:7:2:1 har avb\u00f6jt omval. Vi tackar f\u00f6r deras fina&nbsp;bidrag till styrelsens arbete \u2013 Tack!<\/p>\n<p>12. \u00d6vriga fr\u00e5gor:<\/p>\n<p>1. Under denna punkt diskuterades Gustav Ekmans (C) grav i Remmen och om vi som sl\u00e4kt&nbsp;ska \u00f6verl\u00e5ta r\u00e4ttigheter och ansvar till Filipstads kyrkof\u00f6rvaltning. Efter resonerande kom vi&nbsp;gemensamt fram till att vi \u00f6verl\u00e5ter ansvaret.<\/p>\n<p>2. Det st\u00e4lldes ocks\u00e5 fr\u00e5gor kring b\u00f6cker om sl\u00e4kten, sl\u00e4ktplatser mm. P\u00e5 hemsidan &nbsp; &nbsp;kan man hitta utdrag ur ett antal b\u00f6cker samt en f\u00f6rteckning \u00f6ver en del av de b\u00f6cker som&nbsp;sl\u00e4ktingar innehar, klicka h\u00e4r &gt;&gt;. Om man vill tillf\u00f6ra fler b\u00f6cker till f\u00f6rteckningen, v\u00e4nligen&nbsp;kontakta Claes Ekman C:3:4:3:3<\/p>\n<p>13. D\u00e4refter avlutades m\u00f6tet.<\/p>\n<p>__________________<\/p>\n<p>Hedvig Ekman<\/p>\n<p>___________________ &nbsp; &nbsp; &nbsp; &nbsp; &nbsp; &nbsp; &nbsp; &nbsp; &nbsp; &nbsp; &nbsp; &nbsp; &nbsp; ___________________<\/p>\n<p>Oscar Ekman &nbsp; &nbsp; &nbsp; &nbsp; &nbsp; &nbsp; &nbsp; &nbsp; &nbsp; &nbsp; &nbsp; &nbsp; &nbsp; &nbsp; &nbsp; &nbsp; &nbsp; &nbsp; &nbsp; &nbsp;Jan Calvert<\/p>\n<p>Undertecknat original arkiverat.<\/p>\n","protected":false},"excerpt":{"rendered":"<p>Protokoll Styrelsen | Stadgar | Dagordning | Bokslut | Revisionsber\u00e4ttelse | Protokoll | Medlemskap Protokoll 2012 Protokoll 2015 Protokoll 2018 Protokoll 2022 Protokoll 2025 &nbsp; Protokoll f\u00f6r Ekmanska sl\u00e4ktf\u00f6reningens 28 f\u00f6reningsm\u00f6te den 18 augusti 2018 p\u00e5 Gustaf Fr\u00f6dings hotell i Karlstad &nbsp; Sl\u00e4ktm\u00f6tet inleddes med att Margareta Ekman A:3:4:1 ber\u00e4ttade om boken \u201dkyrka f\u00e5r slott\u201d [&hellip;]<\/p>\n","protected":false},"author":3,"featured_media":0,"parent":0,"menu_order":0,"comment_status":"closed","ping_status":"closed","template":"","meta":{"_acf_changed":false,"ngg_post_thumbnail":0,"footnotes":""},"tags":[],"class_list":["post-2218","page","type-page","status-publish","hentry"],"acf":[],"_links":{"self":[{"href":"https:\/\/ekmanfamily.se\/ver3\/wp-json\/wp\/v2\/pages\/2218","targetHints":{"allow":["GET"]}}],"collection":[{"href":"https:\/\/ekmanfamily.se\/ver3\/wp-json\/wp\/v2\/pages"}],"about":[{"href":"https:\/\/ekmanfamily.se\/ver3\/wp-json\/wp\/v2\/types\/page"}],"author":[{"embeddable":true,"href":"https:\/\/ekmanfamily.se\/ver3\/wp-json\/wp\/v2\/users\/3"}],"replies":[{"embeddable":true,"href":"https:\/\/ekmanfamily.se\/ver3\/wp-json\/wp\/v2\/comments?post=2218"}],"version-history":[{"count":0,"href":"https:\/\/ekmanfamily.se\/ver3\/wp-json\/wp\/v2\/pages\/2218\/revisions"}],"wp:attachment":[{"href":"https:\/\/ekmanfamily.se\/ver3\/wp-json\/wp\/v2\/media?parent=2218"}],"wp:term":[{"taxonomy":"post_tag","embeddable":true,"href":"https:\/\/ekmanfamily.se\/ver3\/wp-json\/wp\/v2\/tags?post=2218"}],"curies":[{"name":"wp","href":"https:\/\/api.w.org\/{rel}","templated":true}]}}