{"id":1806,"date":"2015-12-12T13:12:32","date_gmt":"2015-12-12T13:12:32","guid":{"rendered":"http:\/\/ekmanfamily.se\/ver3\/?page_id=1806"},"modified":"2025-08-31T10:57:36","modified_gmt":"2025-08-31T10:57:36","slug":"protokoll-2012","status":"publish","type":"page","link":"https:\/\/ekmanfamily.se\/ver3\/protokoll-2012\/","title":{"rendered":"Protokoll 2012"},"content":{"rendered":"<h1>Protokoll<\/h1>\n<p><a href=\"styrelsen\/\">Styrelsen<\/a> | <a href=\"stadgar\/\">Stadgar<\/a> | <a href=\"dagordning\/\">Dagordning<\/a> | <a href=\"bokslut\/\">Bokslut<\/a> | <a href=\"revisionsberattelse\/\">Revisionsber\u00e4ttelse<\/a> | <a href=\"\/ver3\/protokoll-2022\/\">Protokoll<\/a> | <a href=\"medlemskap\/\">Medlemskap<br \/>\n<\/a><a class=\"green_link\" href=\"http:\/\/ekmanfamily.se\/ver3\/protokoll-2012\/\">Protokoll 2012<\/a><br \/>\n<a class=\"green_link\" href=\"http:\/\/ekmanfamily.se\/ver3\/protokoll\/\">Protokoll 2015<\/a><br \/>\n<a class=\"green_link\" href=\"http:\/\/ekmanfamily.se\/ver3\/protokoll-2018\/\">Protokoll 2018<\/a><br \/>\n<a class=\"green_link\" href=\"http:\/\/ekmanfamily.se\/ver3\/protokoll-2022\/\">Protokoll 2022<\/a><br \/>\n<a class=\"green_link\" href=\"http:\/\/ekmanfamily.se\/ver3\/protokoll-2025\/\">Protokoll 2025<\/a><\/p>\n<h2>&nbsp;<\/h2>\n<p align=\"center\"><strong>PROTOKOLL F\u00d6RT VID EKMANSKA SL\u00c4KTF\u00d6RENINGENS 26 F\u00d6RENINGS M\u00d6TE DEN 18 AUGUSTI 2012 P\u00c5 STUFVEN\u00c4S G\u00c4STGIFVERI<\/strong><\/p>\n<p>F\u00f6reningens ordf\u00f6rande Peter Ekman gratulerade segrarna i den nyss utk\u00e4mpade Ekmaniaden, h\u00e4lsade de f\u00f6rsamlade sl\u00e4ktingarna v\u00e4lkomna till \u00e5rsst\u00e4mman och f\u00f6rklarade den \u00f6ppnad. (Fr.o.m punkt 7. avviker numreringen i protokollet fr\u00e5n den i dagordningen)<\/p>\n<p>1. St\u00e4mman valde till ordf\u00f6rande Peter Ekman B:4:2:4; till protokollf\u00f6rare Fredrik Ekman A:3:1:5<\/p>\n<p>2. Till justeringsman valdes Erik Sidenbladh<\/p>\n<p>3. Det konstaterades att st\u00e4mman utlysts i enlighet med f\u00f6reningens stadgar<\/p>\n<p>4. H\u00e4dang\u00e5ngna sl\u00e4ktingar hedrades med en stunds stillhet. Det erinrades att sl\u00e4ktens genealogiske \u00e5lderman, Harald Ekman p\u00e5 \u00c5rn\u00e4s A:3:4 \u2013 den siste tv\u00e5siffrige &#8211; var bland dem.<\/p>\n<p>5. De nyf\u00f6dda och deras f\u00f6r\u00e4ldrar hyllades f\u00f6r sina insatser f\u00f6r sl\u00e4kten och sl\u00e4ktets fortlevnad.<\/p>\n<p>6. Beslutades att deltagarlistan till sl\u00e4ktm\u00f6tet kunde utg\u00f6ra r\u00f6stl\u00e4ngd<\/p>\n<p>7. (5) Protokollet fr\u00e5n f\u00f6reg\u00e5ende m\u00f6te i Vadstena godk\u00e4ndes och lades till handlingarna<\/p>\n<p>8. Styrelsens \u00e5rsredovisning f\u00f6r r\u00e4kenskaps\u00e5ren 2009-2011 f\u00f6redrogs av Claes Ekman, varvid det konstaterades att f\u00f6reningens ekonomi \u00e4r stark. Till denna styrka \u00e4r innehavet i Ekman &amp; Co en tydligt bidragande orsak.<\/p>\n<p>9. Revisionsber\u00e4ttelsen f\u00f6r r\u00e4kenskaps\u00e5ren 2009-2011 f\u00f6redrogs av Caroline Ekman<\/p>\n<p>10. Beslutades att fastst\u00e4lla balans- och resultatr\u00e4kningar f\u00f6r perioden 2009-2011<\/p>\n<p>11. Beslutades att bevilja styrelsen ansvarsfrihet f\u00f6r verksamhets\u00e5ren 2009-2011<\/p>\n<p>12. Beslutades att, med h\u00e4nvisning till f\u00f6reningens goda ekonomi, inte uttaga medlemsavgift<\/p>\n<p>13. Beslutades att till ordf\u00f6rande f\u00f6r f\u00f6reningen omv\u00e4lja Peter Ekman och till dess skattm\u00e4stare tillika webmaster Claes Ekman. Till \u00f6vriga ledam\u00f6ter omvaldes Ann Bernard och Fredrik Ekman, samt nyvaldes Hedvig Ekman C:3:4:3:1:1. Till suppleanter nyvaldes f\u00f6reningens revisor Caroline Ekman och \u00adFredric Ekman. Ordf\u00f6randen p\u00e5pekade att f\u00f6ryngringen av styrelsen alltid \u00e4r angel\u00e4gen och att det blir extra p\u00e5tagligt n\u00e4r de b\u00e4rande krafterna n\u00e4rmar sig <i>(nya)<\/i> pensions\u00e5ldern.<\/p>\n<p>14. Beslutades att justerat protokoll g\u00f6rs tillg\u00e4ngligt p\u00e5 f\u00f6reningens hemsida <a href=\"http:\/\/www.ekmanfamily.se\">www.ekmanfamily.se<\/a><\/p>\n<p>15. \u00d6vriga fr\u00e5gor:<br \/>\nA. Fr\u00e5gan st\u00e4lldes om man p\u00e5 hemsidan kan ha en f\u00f6rteckning \u00f6ver \u2013 och l\u00e4nkar till \u2013 artiklar, b\u00f6cker och andra alster av intresse f\u00f6r medlemmarna. Hemsidesansvarige<br \/>\nClaes Ekman svarade att det \u00e4r en id\u00e9 v\u00e4rd att utv\u00e4rdera.<\/p>\n<p>B. Tankar kring n\u00e4sta sl\u00e4ktm\u00f6te v\u00e4drades. Fint gensvar fick Stockholm med Sigtunastiftelsen som huvudnummer.<\/p>\n<p>16. F\u00f6rklarade ordf\u00f6rande 2012 \u00e5rs sl\u00e4ktm\u00f6te avslutat<\/p>\n<p>Till revisorer valdes Gustaf Ekman (omval) och Marcus Wahlberg (nyval). Till revisorssuppleant omvaldes Magdalena Ekman.<\/p>\n<p>Till valberedning omvaldes Matts Ekman .<\/p>\n","protected":false},"excerpt":{"rendered":"<p>Protokoll Styrelsen | Stadgar | Dagordning | Bokslut | Revisionsber\u00e4ttelse | Protokoll | Medlemskap Protokoll 2012 Protokoll 2015 Protokoll 2018 Protokoll 2022 Protokoll 2025 &nbsp; PROTOKOLL F\u00d6RT VID EKMANSKA SL\u00c4KTF\u00d6RENINGENS 26 F\u00d6RENINGS M\u00d6TE DEN 18 AUGUSTI 2012 P\u00c5 STUFVEN\u00c4S G\u00c4STGIFVERI F\u00f6reningens ordf\u00f6rande Peter Ekman gratulerade segrarna i den nyss utk\u00e4mpade Ekmaniaden, h\u00e4lsade de f\u00f6rsamlade sl\u00e4ktingarna [&hellip;]<\/p>\n","protected":false},"author":3,"featured_media":0,"parent":0,"menu_order":0,"comment_status":"closed","ping_status":"closed","template":"","meta":{"_acf_changed":false,"ngg_post_thumbnail":0,"footnotes":""},"tags":[],"class_list":["post-1806","page","type-page","status-publish","hentry"],"acf":[],"_links":{"self":[{"href":"https:\/\/ekmanfamily.se\/ver3\/wp-json\/wp\/v2\/pages\/1806","targetHints":{"allow":["GET"]}}],"collection":[{"href":"https:\/\/ekmanfamily.se\/ver3\/wp-json\/wp\/v2\/pages"}],"about":[{"href":"https:\/\/ekmanfamily.se\/ver3\/wp-json\/wp\/v2\/types\/page"}],"author":[{"embeddable":true,"href":"https:\/\/ekmanfamily.se\/ver3\/wp-json\/wp\/v2\/users\/3"}],"replies":[{"embeddable":true,"href":"https:\/\/ekmanfamily.se\/ver3\/wp-json\/wp\/v2\/comments?post=1806"}],"version-history":[{"count":0,"href":"https:\/\/ekmanfamily.se\/ver3\/wp-json\/wp\/v2\/pages\/1806\/revisions"}],"wp:attachment":[{"href":"https:\/\/ekmanfamily.se\/ver3\/wp-json\/wp\/v2\/media?parent=1806"}],"wp:term":[{"taxonomy":"post_tag","embeddable":true,"href":"https:\/\/ekmanfamily.se\/ver3\/wp-json\/wp\/v2\/tags?post=1806"}],"curies":[{"name":"wp","href":"https:\/\/api.w.org\/{rel}","templated":true}]}}