{"id":179,"date":"2013-01-20T11:30:58","date_gmt":"2013-01-20T11:30:58","guid":{"rendered":"http:\/\/ekmanfamily.se\/ver3\/?page_id=179"},"modified":"2017-10-11T08:03:02","modified_gmt":"2017-10-11T08:03:02","slug":"facebook","status":"publish","type":"page","link":"https:\/\/ekmanfamily.se\/ver3\/facebook\/","title":{"rendered":"Facebook"},"content":{"rendered":"<h1><\/h1>\n<h1><b>Ekmanska sl\u00e4ktf\u00f6reningen p\u00e5 Facebook<\/b><\/h1>\n<p>Facebook \u00e4r t\u00e4nkt att fungera som sl\u00e4ktens m\u00f6tesplats. Ett forum d\u00e4r vi kan meddela oss med varandra. Komma n\u00e4rmare varandra, l\u00e4ra oss hur vi \u00e4r sl\u00e4kt med varandra. Tr\u00e4ffas och ha kul.<br \/>\nVi ser det som en spr\u00e5ngbr\u00e4da d\u00e4r medlemmarna i gruppen f\u00e5r upp intresset f\u00f6r sin egen sl\u00e4kt och med hj\u00e4lp av hemsidan l\u00e4ra sig f\u00f6rst\u00e5 hur allt h\u00e4nger samman. \u00a0Vi vill helt enkelt f\u00e5 sl\u00e4kten att veta mer om varandra och f\u00f6rhoppningsvis f\u00e5 alla att bli mer insatta i sl\u00e4ktens historia och \u00e4ven veta mer om sina egna r\u00f6tter.<\/p>\n<p>N\u00e4r vi f\u00f6rst testade Facebook f\u00f6r n\u00e5got \u00e5r sedan blev gensvaret mycket st\u00f6rre \u00e4n vi f\u00f6rv\u00e4ntade oss, efter n\u00e5gon<br \/>\nvecka p\u00e5 Facebook hade 113 sl\u00e4ktingar valt att bli v\u00e4n med Ekmanska Sl\u00e4ktf\u00f6reningen!<\/p>\n<p>&nbsp;<\/p>\n<p><a href=\"http:\/\/www.facebook.com\/ekmanska\">www.facebook.com\/ekmanska<\/a><\/p>\n<p>&nbsp;<\/p>\n<div id=\"attachment_1610\" style=\"width: 910px\" class=\"wp-caption alignleft\"><a href=\"http:\/\/ekmanfamily.se\/ver3\/wp-content\/uploads\/2014\/01\/2.-Sl\u00e4kten-Ekman.jpg\"><img loading=\"lazy\" decoding=\"async\" aria-describedby=\"caption-attachment-1610\" class=\" wp-image-1610\" src=\"http:\/\/ekmanfamily.se\/ver3\/wp-content\/uploads\/2014\/01\/2.-Sl\u00e4kten-Ekman.jpg\" alt=\"2. Sl\u00e4kten Ekman\" width=\"900\" height=\"636\" srcset=\"https:\/\/ekmanfamily.se\/ver3\/wp-content\/uploads\/2014\/01\/2.-Sl\u00e4kten-Ekman.jpg 900w, https:\/\/ekmanfamily.se\/ver3\/wp-content\/uploads\/2014\/01\/2.-Sl\u00e4kten-Ekman-300x212.jpg 300w, https:\/\/ekmanfamily.se\/ver3\/wp-content\/uploads\/2014\/01\/2.-Sl\u00e4kten-Ekman-424x300.jpg 424w\" sizes=\"auto, (max-width: 900px) 100vw, 900px\" \/><\/a><p id=\"caption-attachment-1610\" class=\"wp-caption-text\">Joen Larsson, 1599 &#8211; 1674, gift med Anna Bratt: Joen Larsson var en rik fogde. Han byggde hyttor och hamrar och hade \u00e4nd\u00e5 f\u00f6rl\u00e4ning av Kronan. Hans barn tog sig namnet Ekman.<\/p><\/div>\n<p>&nbsp;<\/p>\n<p>&nbsp;<\/p>\n<p>&nbsp;<\/p>\n<p>&nbsp;<\/p>\n<p>&nbsp;<\/p>\n<p>&nbsp;<\/p>\n<p>&nbsp;<\/p>\n<p>&nbsp;<\/p>\n<p>&nbsp;<\/p>\n<p>&nbsp;<\/p>\n","protected":false},"excerpt":{"rendered":"<p>Ekmanska sl\u00e4ktf\u00f6reningen p\u00e5 Facebook Facebook \u00e4r t\u00e4nkt att fungera som sl\u00e4ktens m\u00f6tesplats. Ett forum d\u00e4r vi kan meddela oss med varandra. Komma n\u00e4rmare varandra, l\u00e4ra oss hur vi \u00e4r sl\u00e4kt med varandra. Tr\u00e4ffas och ha kul. Vi ser det som en spr\u00e5ngbr\u00e4da d\u00e4r medlemmarna i gruppen f\u00e5r upp intresset f\u00f6r sin egen sl\u00e4kt och med [&hellip;]<\/p>\n","protected":false},"author":3,"featured_media":0,"parent":0,"menu_order":0,"comment_status":"closed","ping_status":"open","template":"","meta":{"_acf_changed":false,"ngg_post_thumbnail":0,"footnotes":""},"tags":[],"class_list":["post-179","page","type-page","status-publish","hentry"],"acf":[],"_links":{"self":[{"href":"https:\/\/ekmanfamily.se\/ver3\/wp-json\/wp\/v2\/pages\/179","targetHints":{"allow":["GET"]}}],"collection":[{"href":"https:\/\/ekmanfamily.se\/ver3\/wp-json\/wp\/v2\/pages"}],"about":[{"href":"https:\/\/ekmanfamily.se\/ver3\/wp-json\/wp\/v2\/types\/page"}],"author":[{"embeddable":true,"href":"https:\/\/ekmanfamily.se\/ver3\/wp-json\/wp\/v2\/users\/3"}],"replies":[{"embeddable":true,"href":"https:\/\/ekmanfamily.se\/ver3\/wp-json\/wp\/v2\/comments?post=179"}],"version-history":[{"count":0,"href":"https:\/\/ekmanfamily.se\/ver3\/wp-json\/wp\/v2\/pages\/179\/revisions"}],"wp:attachment":[{"href":"https:\/\/ekmanfamily.se\/ver3\/wp-json\/wp\/v2\/media?parent=179"}],"wp:term":[{"taxonomy":"post_tag","embeddable":true,"href":"https:\/\/ekmanfamily.se\/ver3\/wp-json\/wp\/v2\/tags?post=179"}],"curies":[{"name":"wp","href":"https:\/\/api.w.org\/{rel}","templated":true}]}}