{"id":1633,"date":"2014-01-26T20:56:10","date_gmt":"2014-01-26T20:56:10","guid":{"rendered":"http:\/\/ekmanfamily.se\/ver3\/?page_id=1633"},"modified":"2018-09-20T12:22:57","modified_gmt":"2018-09-20T12:22:57","slug":"bokuppslag","status":"publish","type":"page","link":"https:\/\/ekmanfamily.se\/ver3\/bokuppslag\/","title":{"rendered":"Bokuppslag"},"content":{"rendered":"<h1><img loading=\"lazy\" decoding=\"async\" class=\"alignleft size-medium wp-image-1709\" src=\"http:\/\/ekmanfamily.se\/ver3\/wp-content\/uploads\/2014\/01\/1-Sl\u00e4kten-Ekman-300x212.jpg\" alt=\"1 Sl\u00e4kten Ekman\" width=\"300\" height=\"212\" srcset=\"https:\/\/ekmanfamily.se\/ver3\/wp-content\/uploads\/2014\/01\/1-Sl\u00e4kten-Ekman-300x212.jpg 300w, https:\/\/ekmanfamily.se\/ver3\/wp-content\/uploads\/2014\/01\/1-Sl\u00e4kten-Ekman-424x300.jpg 424w, https:\/\/ekmanfamily.se\/ver3\/wp-content\/uploads\/2014\/01\/1-Sl\u00e4kten-Ekman.jpg 1000w\" sizes=\"auto, (max-width: 300px) 100vw, 300px\" \/><\/h1>\n<p>&nbsp;<\/p>\n<h1>Handelshuset Ekman &amp; Co:s f\u00f6reg\u00e5ngare<\/h1>\n<p>Av Arne Muntre och Wilhelm Ekman C:3:4 <a href=\"http:\/\/ekmanfamily.se\/ver3\/bok-2\/2-slakten-ekman\/\" rel=\"attachment wp-att-1610\"><img loading=\"lazy\" decoding=\"async\" class=\"aligncenter size-full wp-image-1610\" src=\"http:\/\/ekmanfamily.se\/ver3\/wp-content\/uploads\/2014\/01\/2.-Sl\u00e4kten-Ekman.jpg\" alt=\"2. Sl\u00e4kten Ekman\" width=\"900\" height=\"636\" srcset=\"https:\/\/ekmanfamily.se\/ver3\/wp-content\/uploads\/2014\/01\/2.-Sl\u00e4kten-Ekman.jpg 900w, https:\/\/ekmanfamily.se\/ver3\/wp-content\/uploads\/2014\/01\/2.-Sl\u00e4kten-Ekman-300x212.jpg 300w, https:\/\/ekmanfamily.se\/ver3\/wp-content\/uploads\/2014\/01\/2.-Sl\u00e4kten-Ekman-424x300.jpg 424w\" sizes=\"auto, (max-width: 900px) 100vw, 900px\" \/><\/a>Boken beskriver en ekonomisk verksamhet i fem generationer. Fr\u00e5n Joen Larsson till Peter III Ekman <a href=\"http:\/\/ekmanfamily.se\/ver3\/kilandabok\/fartyg-3\/\" rel=\"attachment wp-att-1604\"><img loading=\"lazy\" decoding=\"async\" class=\"aligncenter size-full wp-image-1604\" src=\"http:\/\/ekmanfamily.se\/ver3\/wp-content\/uploads\/2014\/01\/Fartyg-3.jpg\" alt=\"Fartyg 3\" width=\"3078\" height=\"2012\" srcset=\"https:\/\/ekmanfamily.se\/ver3\/wp-content\/uploads\/2014\/01\/Fartyg-3.jpg 3078w, https:\/\/ekmanfamily.se\/ver3\/wp-content\/uploads\/2014\/01\/Fartyg-3-300x196.jpg 300w, https:\/\/ekmanfamily.se\/ver3\/wp-content\/uploads\/2014\/01\/Fartyg-3-1024x669.jpg 1024w, https:\/\/ekmanfamily.se\/ver3\/wp-content\/uploads\/2014\/01\/Fartyg-3-458x300.jpg 458w\" sizes=\"auto, (max-width: 3078px) 100vw, 3078px\" \/><\/a> Peter III Ekmans rederiintressen var av strategisk vikt f\u00f6r hans handelsr\u00f6relse. <a href=\"http:\/\/ekmanfamily.se\/ver3\/kilandabok\/hedvig-peter-4\/\" rel=\"attachment wp-att-1602\"><img loading=\"lazy\" decoding=\"async\" class=\"alignleft size-medium wp-image-1602\" src=\"http:\/\/ekmanfamily.se\/ver3\/wp-content\/uploads\/2014\/01\/Hedvig-Peter-4-300x225.jpg\" alt=\"Hedvig &amp; Peter 4\" width=\"300\" height=\"225\" srcset=\"https:\/\/ekmanfamily.se\/ver3\/wp-content\/uploads\/2014\/01\/Hedvig-Peter-4-300x225.jpg 300w, https:\/\/ekmanfamily.se\/ver3\/wp-content\/uploads\/2014\/01\/Hedvig-Peter-4-1024x768.jpg 1024w, https:\/\/ekmanfamily.se\/ver3\/wp-content\/uploads\/2014\/01\/Hedvig-Peter-4-400x300.jpg 400w\" sizes=\"auto, (max-width: 300px) 100vw, 300px\" \/><\/a> \u00a0 \u00a0 \u00a0 Hedvig Ekman f Bo\u00ebthius &amp; Peter III Ekman \u00a0 \u00a0 <a href=\"http:\/\/ekmanfamily.se\/ver3\/kilandabok\/5-slakten-ekman\/\" rel=\"attachment wp-att-1554\"><img loading=\"lazy\" decoding=\"async\" class=\"aligncenter size-full wp-image-1554\" src=\"http:\/\/ekmanfamily.se\/ver3\/wp-content\/uploads\/2013\/01\/5-Sl\u00e4kten-Ekman.jpg\" alt=\"5 Sl\u00e4kten Ekman\" width=\"700\" height=\"991\" srcset=\"https:\/\/ekmanfamily.se\/ver3\/wp-content\/uploads\/2013\/01\/5-Sl\u00e4kten-Ekman.jpg 700w, https:\/\/ekmanfamily.se\/ver3\/wp-content\/uploads\/2013\/01\/5-Sl\u00e4kten-Ekman-211x300.jpg 211w\" sizes=\"auto, (max-width: 700px) 100vw, 700px\" \/><\/a><\/p>\n<h1>Kilandas historia<\/h1>\n<p><b> TILL MEDLEMMARNA I EKMANSKA SL\u00c4KTF\u00d6RENINGEN!<\/b> Bo Bj\u00f6rklund har gett ut en bok p\u00e5 200 A4-sidor med titeln Kilanda-Ekman, von Sch\u00e9ele, Klingspor. Av de cirka 200 bilderna \u00e4r m\u00e5nga fr\u00e5n omkring sekelskiftet 1900. Flera i de 3 sl\u00e4kterna har bidragit med egna texter, med bilder. <a href=\"http:\/\/ekmanfamily.se\/ver3\/wp-content\/uploads\/2014\/01\/1-Kilandabok.jpg\"><img loading=\"lazy\" decoding=\"async\" class=\"alignleft size-medium wp-image-1637\" src=\"http:\/\/ekmanfamily.se\/ver3\/wp-content\/uploads\/2014\/01\/1-Kilandabok-217x300.jpg\" alt=\"1 Kilandabok\" width=\"217\" height=\"300\" srcset=\"https:\/\/ekmanfamily.se\/ver3\/wp-content\/uploads\/2014\/01\/1-Kilandabok-217x300.jpg 217w, https:\/\/ekmanfamily.se\/ver3\/wp-content\/uploads\/2014\/01\/1-Kilandabok.jpg 595w\" sizes=\"auto, (max-width: 217px) 100vw, 217px\" \/><\/a>Boken sp\u00e4nner \u00f6ver den tid sl\u00e4kten Ekman \u00e4gde och tv\u00e5 generationer von Sch\u00e9ele ledde verksamheten p\u00e5 Kilanda s\u00e4teri, ca 35 km norr om G\u00f6teborg.\u2028\u2028Peter III Ekman och hans hustru Hedig Bo\u00ebthius kom till Kilanda i slutet av 1700 talet. Axel Ekman grundade sl\u00e4ktf\u00f6reningen och det var hemma hos Axel och Marianne, f\u00f6dd Klingspor, som f\u00f6reningen hade den f\u00f6rsta sl\u00e4kttr\u00e4ffen 1936. P\u00e5 10 sidor presenteras den fram- g\u00e5ngsrike gods\u00e4garen Peter Wilhelm Ekman, en i literaturen f\u00f6ga beskriven bror till Gustaf p\u00e5 Lesj\u00f6fors, Janne p\u00e5 Ekman &amp; Co och Carl p\u00e5 Finsp\u00e5ng. I f\u00f6rordet p\u00e5 boken st\u00e5r det att jag vill: 1.\u00a0\u00a0\u00a0visa varf\u00f6r inspekt\u00f6rer fr\u00e5n Skogs- och lantbruksakademin h\u00e4vdade att Kilanda lantbruksskola l\u00e5g p\u00e5 utvecklingens absoluta framkant. 2.\u00a0\u00a0\u00a0ber\u00e4tta om s\u00e4teriet, g\u00e5rdar och torp och den f\u00f6rindustriella verksamheten som m\u00f6jliggjordes av tillg\u00e5ngen p\u00e5 vattenkraft och br\u00e4nntorv i en tid n\u00e4r ved och virke var en bristvara. 3.\u00a0\u00a0 lyfta fram n\u00e5gra personligheter i familjen Ekman, von Sch\u00e9ele och Klingspor. 4.\u00a0\u00a0\u00a0f\u00f6rmedla n\u00e5got om tidsandan och hur Kilanda upplevdes av olika m\u00e4nniskor.\u2028En detaljerad inneh\u00e5llsf\u00f6rteckning finns p\u00e5 <a href=\"http:\/\/www.risveden.com\/\">www.risveden.com<\/a> Boken kostar 300 kronor, Plusgirokonto 135 74 73-6, kontohavare Bo Bj\u00f6rklund. Boken skickas hem till dig.<\/p>\n<h1><\/h1>\n<h1><\/h1>\n<h1><\/h1>\n<h1><\/h1>\n<h1><\/h1>\n<h1><\/h1>\n<h1><strong> Johan August Wahlbergs levnadshistoria<\/strong><\/h1>\n<h1><\/h1>\n<p><span style=\"color: #000000; font-weight: bold;\">Som naturforskare, samlare och elefantj\u00e4gare.<\/span> Peter Johansson \u00e4r f\u00f6rfattare till boken,<\/p>\n<h2><\/h2>\n<h2>Snabb historik<\/h2>\n<p><a href=\"http:\/\/ekmanfamily.se\/ver3\/wp-content\/uploads\/2014\/01\/Wahlbergs-sista-elefant.jpg\"><img loading=\"lazy\" decoding=\"async\" class=\"alignleft size-medium wp-image-1662\" src=\"http:\/\/ekmanfamily.se\/ver3\/wp-content\/uploads\/2014\/01\/Wahlbergs-sista-elefant-208x300.jpg\" alt=\"Wahlbergs sista elefant\" width=\"208\" height=\"300\" srcset=\"https:\/\/ekmanfamily.se\/ver3\/wp-content\/uploads\/2014\/01\/Wahlbergs-sista-elefant-208x300.jpg 208w, https:\/\/ekmanfamily.se\/ver3\/wp-content\/uploads\/2014\/01\/Wahlbergs-sista-elefant-711x1024.jpg 711w\" sizes=\"auto, (max-width: 208px) 100vw, 208px\" \/><\/a>Johan August var son till Anna Margaretha Ekman och grosshandlaren Nils Fredrik Wahlberg, pappan var del\u00e4gare tillsammans med Gustaf-Henrik Ekman och Gustaf Prytz i det nystartade bolaget Ekman &amp; Co. F\u00f6r\u00e4ldrarna dog unga och Johan togs om hand av sin morbror Gustaf-Henrik Ekman. Morbr\u00f6drerna Johan Jacob och Gustaf Henrik, samt sv\u00e5gerns Baltzar von Platens naturvetenskapliga intresse, fick stor betydelse f\u00f6r Johan August yrkesval, som vetenskapsman fick Johan August uppdrag av Kungl. Vetenskapsakademin att resa till Natal Gauteng (Transvaal) i Sydafrika. Hans arbete ledde till den \u201dAfrikabild\u201d som till vissa delar funnits i Europa fram till v\u00e5ra dagar. Johan August har haft stor betydelse f\u00f6r den svenska naturvetenskapliga forskningen. Johan blev ihj\u00e4ltrampad, under en dramatisk elefantjakt 1856, n\u00e4r han d\u00f6dade sin 401:a elefant. Skelett av elefanter etc. finns p\u00e5 riksmuseet i Stockholm. <b>Johan August Wahlberg<\/b>, f\u00f6dd 9 oktober 1810\u00a0p\u00e5 herrg\u00e5rden Lagklareb\u00e4ck\u00a0n\u00e4ra G\u00f6teborg, d\u00f6d 6 mars 1856, var en svensk naturforskare och afrikaresen\u00e4r, bror till Peter<a href=\"http:\/\/sv.wikipedia.org\/wiki\/Peter_Fredrik_Wahlberg\">\u00a0<\/a>Fredrik Wahlberg, Wahlberg blev student i Upsala\u00a01829, studerade en tid Kemi\u00a0p\u00e5 Apoteket Nordstj\u00e4rnan\u00a0i Stockholm\u00a0varefter han genomgick Skogsinstitutet\u00a0och Degerbergs\u00a0lantbruksinstitut samt antogs som l\u00e4rare vid det f\u00f6rra och utn\u00e4mndes 1836 till ingenj\u00f6r vid Generallantm\u00e4terikontoret, sedan han d\u00e4r avlagt examen 1837.\u00a0D\u00e5 vid Letterstedts bes\u00f6k i Sverige 1837, fr\u00e5ga v\u00e4cktes att f\u00f6r Naturhistoriska riksmuseet\u00a0samlingar uts\u00e4nda en naturforskare till Sydafrika, erbj\u00f6d sig Wahlberg att \u00e5ta sig detta uppdrag samt avreste med ett litet underst\u00f6d av Vetenskapsakademin\u00a01838 till Kapstaden. Under det f\u00f6rsta \u00e5ret (1839) uppeh\u00f6ll han sig huvudsakligen inom kolonin samt gjorde d\u00e4r betydliga samlingar av djur, v\u00e4xter och mineral (533 d\u00e4ggdjur, 2 527 f\u00e5glar, 480 amfibier, 5 000 insektsarter\u00a0m.m.), vilka hemkom 1840. Sedan hans reskassa blivit f\u00f6rst\u00e4rkt med en st\u00f6rre summa av museets d\u00e5varande inspektor, besl\u00f6t Wahlberg att tr\u00e4nga l\u00e4ngre in i kontinenten. Fr\u00e5n Natal, vars fauna och flora han studerade sommaren 1841, gjorde han tv\u00e5 f\u00e4rder in\u00e5t landet (nuvarande Leshoto, Oranjefristaten\u00a0och Transvaal) till \u00f6vre Limpopo. Resan finansierades genom elefantjakt och elfenbensf\u00f6rs\u00e4ljning. Wahlberg sk\u00f6t 403 elefanter. <a href=\"http:\/\/ekmanfamily.se\/ver3\/wp-content\/uploads\/2014\/01\/A.-Wahlbers-elefant-kopia.jpg\"><img loading=\"lazy\" decoding=\"async\" class=\"alignleft size-medium wp-image-1663\" src=\"http:\/\/ekmanfamily.se\/ver3\/wp-content\/uploads\/2014\/01\/A.-Wahlbers-elefant-kopia-211x300.jpg\" alt=\"A. Wahlbers elefant kopia\" width=\"211\" height=\"300\" srcset=\"https:\/\/ekmanfamily.se\/ver3\/wp-content\/uploads\/2014\/01\/A.-Wahlbers-elefant-kopia-211x300.jpg 211w, https:\/\/ekmanfamily.se\/ver3\/wp-content\/uploads\/2014\/01\/A.-Wahlbers-elefant-kopia.jpg 595w\" sizes=\"auto, (max-width: 211px) 100vw, 211px\" \/><\/a> Han l\u00e4mnade Stockholm h\u00f6sten 1853, anl\u00e4nde till Kapstaden vid jultiden, och ankom till Walvis Bay\u00a0i april 1854. D\u00e4rifr\u00e5n framtr\u00e4ngde han till den genom Charles Andersons\u00a0resa bekanta Ngamisj\u00f6n, fr\u00e5n vilken han gjorde en flera hundra engelska mil l\u00e5ng f\u00e4rd norrut. Efter \u00e5terkomsten beredde han sig till sin sista stora resa \u00e5t nordost, p\u00e5 vilken han under en elefantjakt tillsatte livet. Innan \u00e4nnu hans d\u00f6d var k\u00e4nd i hemlandet, invaldes han 8 oktober 1856 till ledamot nummer 527 av Vetenskapsakademien, och \u00e4r s\u00e5ledes dess enda ledamot som invalts efter sin d\u00f6d. Vetenskapsakademiens museum fick \u00e4ven de under hans sista resa samlade naturalstren. Det m\u00e5l han hade i sikte, \u00e5stadkommandet av ett sydafrikanskt museum, som skulle \u00f6vertr\u00e4ffa alla andra, f\u00f6rverkligades ej, men han l\u00e4mnade mycket betydelsefulla bidrag d\u00e4rtill. K\u00e4lla: Wikipedia Wahlberg visade att sj\u00e4lv ha ett visst sinne f\u00f6r aff\u00e4rer, talanger som kom till sitt fulla uttryck under n\u00e4sta resa, n\u00e5gra \u00e5r senare. Den expeditionen, 1853- 1856, genom nuvarande Namibia till Okavangodeltat och sj\u00f6n Ngami, \u00e4r den som f\u00e4ngslar mest, kanske f\u00f6r att han d\u00e5, mot slutet, uppvisar drag som \u00e4r b\u00e5de tragiska och allm\u00e4nm\u00e4nskliga. Storviltjakten tar \u00f6ver. Under en enda f\u00f6rmiddag dr\u00e4per han tre elefanter vilkas betar inbringar motsvarande tv\u00e5 svenska \u00e5rsl\u00f6ner. Han laddar om och drar vidare, i febrig upphetsning, alltmedan oxarna d\u00f6r och tj\u00e4narna rymmer. <a href=\"http:\/\/ekmanfamily.se\/ver3\/wp-content\/uploads\/2014\/01\/Wahlberg-2.jpg\"><img loading=\"lazy\" decoding=\"async\" class=\"alignleft size-medium wp-image-1665\" src=\"http:\/\/ekmanfamily.se\/ver3\/wp-content\/uploads\/2014\/01\/Wahlberg-2-230x300.jpg\" alt=\"Wahlberg 2\" width=\"230\" height=\"300\" srcset=\"https:\/\/ekmanfamily.se\/ver3\/wp-content\/uploads\/2014\/01\/Wahlberg-2-230x300.jpg 230w, https:\/\/ekmanfamily.se\/ver3\/wp-content\/uploads\/2014\/01\/Wahlberg-2.jpg 595w\" sizes=\"auto, (max-width: 230px) 100vw, 230px\" \/><\/a>(Den jaktintresserade l\u00e4saren kan upplysas om att b\u00f6ssan han b\u00e4r p\u00e5 har en kaliber som en mindre kanon &#8211; en kula kan v\u00e4ga\u2028 \u00f6ver 90 gram!).\u2028\u00a0Enligt legenden blev Johan Wahlberg stilfullt ihj\u00e4lstampad av en tv\u00e4rf\u00f6rbannad elefant, modell st\u00f6rre, fast ingen vet s\u00e4kert. Minst sagt mystiska omst\u00e4ndigheter kringg\u00e4rdar d\u00f6dsfallet. Wahlberg m\u00e5 ha varit en galenpanna men lika fullt, eller kanske just d\u00e4rf\u00f6r, en av Sveriges genom tiderna fr\u00e4msta naturaliesamlare. Peter Johansson, till vardags museichef i V\u00e4nersborg, reser i expeditionernas hjulsp\u00e5r, bokstavligen, och ger med utg\u00e5ngspunkt fr\u00e5n Wahlbergs brev och dagb\u00f6cker en levande bild av de strapatser som snart nog skulle bli legendariska. K\u00e4lla: SVD Bilden med den anfallande elefanten \u00e4r h\u00e4mtad ur flygtidningen Upp &amp; Ner 1980?<\/p>\n<h1>Ekman ett handelshus 1802 &#8211; 1996<\/h1>\n<p><a href=\"http:\/\/ekmanfamily.se\/ver3\/kilandabok\/grundarna-av-ekman\/\" rel=\"attachment wp-att-1712\"><img loading=\"lazy\" decoding=\"async\" class=\"aligncenter size-full wp-image-1712\" src=\"http:\/\/ekmanfamily.se\/ver3\/wp-content\/uploads\/2014\/01\/Grundarna-av-Ekman.jpg\" alt=\"Grundarna av Ekman\" width=\"842\" height=\"595\" srcset=\"https:\/\/ekmanfamily.se\/ver3\/wp-content\/uploads\/2014\/01\/Grundarna-av-Ekman.jpg 842w, https:\/\/ekmanfamily.se\/ver3\/wp-content\/uploads\/2014\/01\/Grundarna-av-Ekman-300x211.jpg 300w, https:\/\/ekmanfamily.se\/ver3\/wp-content\/uploads\/2014\/01\/Grundarna-av-Ekman-424x300.jpg 424w\" sizes=\"auto, (max-width: 842px) 100vw, 842px\" \/><\/a>Gustaf Henrik Ekman son till Peter III Ekman grundade Ekman &amp; Co 1802 med Gustaf Rudolf Prytz, kontoret p\u00e5 Stora Nygatan \u00e4r det mittersta huset p\u00e5 bilden, tuschteckning i akvarell 1983. <a href=\"http:\/\/ekmanfamily.se\/ver3\/kilandabok\/bok-direktorer\/\" rel=\"attachment wp-att-1714\"><img loading=\"lazy\" decoding=\"async\" class=\"aligncenter size-full wp-image-1714\" src=\"http:\/\/ekmanfamily.se\/ver3\/wp-content\/uploads\/2014\/01\/Bok-Direkt\u00f6rer.jpg\" alt=\"Bok &amp; Direkt\u00f6rer\" width=\"842\" height=\"595\" srcset=\"https:\/\/ekmanfamily.se\/ver3\/wp-content\/uploads\/2014\/01\/Bok-Direkt\u00f6rer.jpg 842w, https:\/\/ekmanfamily.se\/ver3\/wp-content\/uploads\/2014\/01\/Bok-Direkt\u00f6rer-300x211.jpg 300w, https:\/\/ekmanfamily.se\/ver3\/wp-content\/uploads\/2014\/01\/Bok-Direkt\u00f6rer-424x300.jpg 424w\" sizes=\"auto, (max-width: 842px) 100vw, 842px\" \/><\/a> Janne Ekman i v\u00e4nstra nedre h\u00f6rnet \u00e4rvde Ekman &amp; Co fr\u00e5n sin far Gustaf Henrik Ekman, Johan Ekman B:2:2\u00a0till h\u00f6ger var anst\u00e4lld p\u00e5 Ekman\u00a0och en duglig person och fick i sin tur \u00e4rva bolaget fr\u00e5n Janne\u00a0som var barnl\u00f6s. Carl Ekman B:2:2 \u00f6verst till v\u00e4nster blev VD efter sin pappa Johan.\u00a0Jannes br\u00f6der Gustaf Ekman C: Lesj\u00f6fors och Carl-Edvard Ekman D: Finsp\u00e5ng samt pappans kusin Oscar Ekman A; Carnegie: Alla hade stor gl\u00e4dje av handelshuset. <a href=\"http:\/\/ekmanfamily.se\/ver3\/kilandabok\/fartyg-3-2\/\" rel=\"attachment wp-att-1715\"><img loading=\"lazy\" decoding=\"async\" class=\"aligncenter size-full wp-image-1715\" src=\"http:\/\/ekmanfamily.se\/ver3\/wp-content\/uploads\/2014\/01\/Fartyg-31.jpg\" alt=\"Fartyg 3\" width=\"842\" height=\"595\" srcset=\"https:\/\/ekmanfamily.se\/ver3\/wp-content\/uploads\/2014\/01\/Fartyg-31.jpg 842w, https:\/\/ekmanfamily.se\/ver3\/wp-content\/uploads\/2014\/01\/Fartyg-31-300x211.jpg 300w, https:\/\/ekmanfamily.se\/ver3\/wp-content\/uploads\/2014\/01\/Fartyg-31-424x300.jpg 424w\" sizes=\"auto, (max-width: 842px) 100vw, 842px\" \/><\/a>Ekman &amp; Co s\u00e5g f\u00f6rdelen av att \u00e4ven vara skeppsrederi. Till v\u00e4nster Oscar 1, tremastad bark 634 bruttoton byggd 1851.\u00a0Till h\u00f6ger den tremastade fullriggaren Gauthiod p\u00e5 656\u00a0bruttoton byggd 1869, fartyget f\u00f6rliste 1880. I mitten, ett lastfartyg som transporterar SCA:s produkter f\u00f6r Ekman. P\u00e5 skorstenen st\u00e5r det Ekman. <a href=\"http:\/\/ekmanfamily.se\/ver3\/kilandabok\/hakan-och-claes-ekman\/\" rel=\"attachment wp-att-1716\"><img loading=\"lazy\" decoding=\"async\" class=\"aligncenter size-full wp-image-1716\" src=\"http:\/\/ekmanfamily.se\/ver3\/wp-content\/uploads\/2014\/01\/H\u00e5kan-och-Claes-Ekman.jpg\" alt=\"H\u00e5kan och Claes Ekman\" width=\"842\" height=\"595\" srcset=\"https:\/\/ekmanfamily.se\/ver3\/wp-content\/uploads\/2014\/01\/H\u00e5kan-och-Claes-Ekman.jpg 842w, https:\/\/ekmanfamily.se\/ver3\/wp-content\/uploads\/2014\/01\/H\u00e5kan-och-Claes-Ekman-300x211.jpg 300w, https:\/\/ekmanfamily.se\/ver3\/wp-content\/uploads\/2014\/01\/H\u00e5kan-och-Claes-Ekman-424x300.jpg 424w\" sizes=\"auto, (max-width: 842px) 100vw, 842px\" \/><\/a> H\u00e5kan Ekman B:1:3 majoritets\u00e4gare och ordf\u00f6rande mellan 1936 till sin bortg\u00e5ng 1961, kusin till Carl Ekman \u00a0B:2:2 som var VD 1919-1955?. Claes Ekman blev VD i Ekman 1955 till 1965 d\u00e5 bolaget s\u00e5ldes.\u00a0Efter att Gustaf Henrik Ekman B:1:3:3 son till H\u00e5kan s\u00e5lde f\u00f6retaget till S\u00e4fve\u00e5n 1965 uts\u00e5gs Claes Ekman som ny ordf\u00f6rande i Ekman &amp; Co. 1995 blev familjen \u00e5ter \u00e4gare, s\u00e4ljare Catena. Ordf\u00f6rande idag \u00e4r Matts Ekman C:3:2:7:2.<\/p>\n<h1>D. Carnegie &amp; Co en sp\u00e4nnande resa<\/h1>\n<h1><a href=\"http:\/\/ekmanfamily.se\/ver3\/kilandabok\/1-carnegie-bok\/\" rel=\"attachment wp-att-1717\"><img loading=\"lazy\" decoding=\"async\" class=\"alignleft size-medium wp-image-1717\" src=\"http:\/\/ekmanfamily.se\/ver3\/wp-content\/uploads\/2014\/01\/1.-Carnegie-bok-300x199.jpg\" alt=\"1. Carnegie bok\" width=\"300\" height=\"199\" srcset=\"https:\/\/ekmanfamily.se\/ver3\/wp-content\/uploads\/2014\/01\/1.-Carnegie-bok-300x199.jpg 300w, https:\/\/ekmanfamily.se\/ver3\/wp-content\/uploads\/2014\/01\/1.-Carnegie-bok-1024x680.jpg 1024w, https:\/\/ekmanfamily.se\/ver3\/wp-content\/uploads\/2014\/01\/1.-Carnegie-bok-451x300.jpg 451w\" sizes=\"auto, (max-width: 300px) 100vw, 300px\" \/><\/a><\/h1>\n<p>D. Carnegies f\u00f6rsta verksamhets\u00e5r bestod i, import av lin och linbl\u00e5nor, samt export av salt, sill och tj\u00e4ra. 1807 blev j\u00e4rn den viktigaste handelsvaran. Carnegie var ocks\u00e5 en av de st\u00f6rsta rederierna i G\u00f6teborg mellan 1807 och 1854. \u00a0 <a href=\"http:\/\/ekmanfamily.se\/ver3\/kilandabok\/9-klippan\/\" rel=\"attachment wp-att-1718\"><img loading=\"lazy\" decoding=\"async\" class=\"aligncenter size-full wp-image-1718\" src=\"http:\/\/ekmanfamily.se\/ver3\/wp-content\/uploads\/2014\/01\/9.-Klippan.jpg\" alt=\"9. Klippan\" width=\"3140\" height=\"2544\" srcset=\"https:\/\/ekmanfamily.se\/ver3\/wp-content\/uploads\/2014\/01\/9.-Klippan.jpg 3140w, https:\/\/ekmanfamily.se\/ver3\/wp-content\/uploads\/2014\/01\/9.-Klippan-300x243.jpg 300w, https:\/\/ekmanfamily.se\/ver3\/wp-content\/uploads\/2014\/01\/9.-Klippan-1024x829.jpg 1024w, https:\/\/ekmanfamily.se\/ver3\/wp-content\/uploads\/2014\/01\/9.-Klippan-370x300.jpg 370w\" sizes=\"auto, (max-width: 3140px) 100vw, 3140px\" \/><\/a> Sensation gjorde den 23-\u00e5rige David Carnegie Jr, d\u00e5 han 1836 med finansiellt st\u00f6d fr\u00e5n sin \u00a0fader och kusin W. Robertson f\u00f6rv\u00e4rvade de Lorentska socker och porter bruken som befann sig \u00a0i ekonomiska sv\u00e5righeter. G\u00f6teborgs st\u00f6rsta industrif\u00f6retag. \u00a0 <a href=\"http:\/\/ekmanfamily.se\/ver3\/kilandabok\/3-d-carnegie\/\" rel=\"attachment wp-att-1723\"><img loading=\"lazy\" decoding=\"async\" class=\"aligncenter size-full wp-image-1723\" src=\"http:\/\/ekmanfamily.se\/ver3\/wp-content\/uploads\/2014\/01\/3.-D.-Carnegie.jpg\" alt=\"3. D. Carnegie\" width=\"3861\" height=\"2633\" srcset=\"https:\/\/ekmanfamily.se\/ver3\/wp-content\/uploads\/2014\/01\/3.-D.-Carnegie.jpg 3861w, https:\/\/ekmanfamily.se\/ver3\/wp-content\/uploads\/2014\/01\/3.-D.-Carnegie-300x204.jpg 300w, https:\/\/ekmanfamily.se\/ver3\/wp-content\/uploads\/2014\/01\/3.-D.-Carnegie-1024x698.jpg 1024w, https:\/\/ekmanfamily.se\/ver3\/wp-content\/uploads\/2014\/01\/3.-D.-Carnegie-439x300.jpg 439w\" sizes=\"auto, (max-width: 3861px) 100vw, 3861px\" \/><\/a> Redan vid unga \u00e5r l\u00e4rde D. Carnegie och Oscar Ekman k\u00e4nna varandra. V\u00e4nskapen med David Carnegie, som var av samma \u00e5lder , kom att f\u00e5 avg\u00f6rande betydelse f\u00f6r Oscar Ekman. Vid Carnegies bortg\u00e5ng 1890 skriver Oscar, Mottog underr\u00e4ttelsen att min \u00e4dle, k\u00e4re, trofaste 60 \u00e5rs v\u00e4n David Carnegie d. 15\/16 februari. Jag tackar gud, som sk\u00e4nkte mig en s\u00e5 dyrbar V\u00e4n i lust och n\u00f6d. Frid och v\u00e4lsignelse med hans minne. Efter D. Carnegies d\u00f6d blev Oscar Ekman den enskilt st\u00f6rsta aktie\u00e4garen i bolaget.<a href=\"http:\/\/ekmanfamily.se\/ver3\/kilandabok\/3-oscar-och-emil-2\/\" rel=\"attachment wp-att-1724\"><img loading=\"lazy\" decoding=\"async\" class=\"aligncenter size-large wp-image-1724\" src=\"http:\/\/ekmanfamily.se\/ver3\/wp-content\/uploads\/2014\/01\/3.-Oscar-och-Emil-2-828x1024.jpg\" alt=\"3. Oscar och Emil 2\" width=\"584\" height=\"722\" srcset=\"https:\/\/ekmanfamily.se\/ver3\/wp-content\/uploads\/2014\/01\/3.-Oscar-och-Emil-2-828x1024.jpg 828w, https:\/\/ekmanfamily.se\/ver3\/wp-content\/uploads\/2014\/01\/3.-Oscar-och-Emil-2-242x300.jpg 242w\" sizes=\"auto, (max-width: 584px) 100vw, 584px\" \/><\/a>\u00a0Efter David Carnegie och Oscar Ekmans uppg\u00f6relse p\u00e5 Stora Torp 1858, d\u00e5 Oscar Ekman fick en friare st\u00e4llning inom bolaget och kunde \u00e4gna sig \u00e5t allm\u00e4nna intressen, g\u00e4llde det f\u00f6r David Carnegie att finna &gt;&gt; den r\u00e4tte mannen&gt;&gt;, som kunde intr\u00e4da i Oscar Ekmans (A) st\u00e4lle. Efter \u00e5tskilliga diskussioner tog Emil Ekman (B) 1860 definitivt st\u00e5ndpunkt, och 1861 l\u00e4mnade han sin tj\u00e4nst som chef f\u00f6r sj\u00f6f\u00f6rsvarets kommando expedition och intr\u00e4dde som direkt\u00f6r i D. Carnegie &amp; Co. <a href=\"http:\/\/ekmanfamily.se\/ver3\/kilandabok\/oscar-bjarka-saby\/\" rel=\"attachment wp-att-1725\"><img loading=\"lazy\" decoding=\"async\" class=\"aligncenter size-full wp-image-1725\" src=\"http:\/\/ekmanfamily.se\/ver3\/wp-content\/uploads\/2014\/01\/Oscar-Bj\u00e4rka-S\u00e4by.jpg\" alt=\"Oscar &amp; Bj\u00e4rka-S\u00e4by\" width=\"842\" height=\"595\" srcset=\"https:\/\/ekmanfamily.se\/ver3\/wp-content\/uploads\/2014\/01\/Oscar-Bj\u00e4rka-S\u00e4by.jpg 842w, https:\/\/ekmanfamily.se\/ver3\/wp-content\/uploads\/2014\/01\/Oscar-Bj\u00e4rka-S\u00e4by-300x211.jpg 300w, https:\/\/ekmanfamily.se\/ver3\/wp-content\/uploads\/2014\/01\/Oscar-Bj\u00e4rka-S\u00e4by-424x300.jpg 424w\" sizes=\"auto, (max-width: 842px) 100vw, 842px\" \/><\/a><\/p>\n<dl>\n<dd>D\u00e5 Oscar Ekman fr\u00e5n slutet av 1850 talet f\u00e5tt m\u00f6jlighet att vid sidan av ledningen av Carnegie bolaget f\u00e5 \u00e4gna sig \u00e5t allm\u00e4nna v\u00e4rv, gjorde han sina insatser dels som finansman och dels s\u00e5som filantrop. Skandinaviska Kredit AB d\u00e4r han var den drivande kraften och blev dess ordf\u00f6rande fr\u00e5n starten den 21\/3-1864 och i de kommande 32 \u00e5ren.<a href=\"http:\/\/ekmanfamily.se\/ver3\/kilandabok\/8-gustaf-ekman\/\" rel=\"attachment wp-att-1726\"><img loading=\"lazy\" decoding=\"async\" class=\"aligncenter size-large wp-image-1726\" src=\"http:\/\/ekmanfamily.se\/ver3\/wp-content\/uploads\/2014\/01\/8.-Gustaf-Ekman-1024x722.jpg\" alt=\"8. Gustaf Ekman\" width=\"584\" height=\"411\" srcset=\"https:\/\/ekmanfamily.se\/ver3\/wp-content\/uploads\/2014\/01\/8.-Gustaf-Ekman-1024x722.jpg 1024w, https:\/\/ekmanfamily.se\/ver3\/wp-content\/uploads\/2014\/01\/8.-Gustaf-Ekman-300x211.jpg 300w, https:\/\/ekmanfamily.se\/ver3\/wp-content\/uploads\/2014\/01\/8.-Gustaf-Ekman-425x300.jpg 425w\" sizes=\"auto, (max-width: 584px) 100vw, 584px\" \/><\/a><br \/>\nEmil Ekman var en oumb\u00e4rlig hj\u00e4lp f\u00f6r Oscar Ekman under dennes l\u00e5nga vistelse i Stockholm, den som n\u00e4rmast hade ansvaret f\u00f6r bruken och aff\u00e4rerna var Emil. En v\u00e4sentlig hj\u00e4lp fick han d\u00e5 hans son Gustaf Ekman (B:1) 1880 intr\u00e4dde som teknisk ledare f\u00f6r sockerbruket.<\/dd>\n<dd><\/dd>\n<\/dl>\n<h1>Morg\u00e5rdshammars Mekaniska<br \/>\nVerkstads Atiebolag<\/h1>\n<div id=\"attachment_1736\" style=\"width: 852px\" class=\"wp-caption alignleft\"><a href=\"http:\/\/ekmanfamily.se\/ver3\/wp-content\/uploads\/2014\/01\/Gustaf-Ekman-omslag.jpg\"><img loading=\"lazy\" decoding=\"async\" aria-describedby=\"caption-attachment-1736\" class=\" wp-image-1736 \" src=\"http:\/\/ekmanfamily.se\/ver3\/wp-content\/uploads\/2014\/01\/Gustaf-Ekman-omslag.jpg\" alt=\"Gustaf Ekman omslag\" width=\"842\" height=\"595\" srcset=\"https:\/\/ekmanfamily.se\/ver3\/wp-content\/uploads\/2014\/01\/Gustaf-Ekman-omslag.jpg 842w, https:\/\/ekmanfamily.se\/ver3\/wp-content\/uploads\/2014\/01\/Gustaf-Ekman-omslag-300x211.jpg 300w, https:\/\/ekmanfamily.se\/ver3\/wp-content\/uploads\/2014\/01\/Gustaf-Ekman-omslag-424x300.jpg 424w\" sizes=\"auto, (max-width: 842px) 100vw, 842px\" \/><\/a><p id=\"caption-attachment-1736\" class=\"wp-caption-text\">Gustaf Ekman C:3:2 b\u00f6rjade investera i Morg\u00e5rdshammar<br \/>liksom sin bror Wilhelm Ekman C:3:4<\/p><\/div>\n<p><a href=\"http:\/\/ekmanfamily.se\/ver3\/kilandabok\/band-och-krossar\/\" rel=\"attachment wp-att-1737\"><img loading=\"lazy\" decoding=\"async\" class=\"aligncenter size-full wp-image-1737\" src=\"http:\/\/ekmanfamily.se\/ver3\/wp-content\/uploads\/2014\/01\/Band-och-krossar.jpg\" alt=\"Band och krossar\" width=\"842\" height=\"595\" srcset=\"https:\/\/ekmanfamily.se\/ver3\/wp-content\/uploads\/2014\/01\/Band-och-krossar.jpg 842w, https:\/\/ekmanfamily.se\/ver3\/wp-content\/uploads\/2014\/01\/Band-och-krossar-300x211.jpg 300w, https:\/\/ekmanfamily.se\/ver3\/wp-content\/uploads\/2014\/01\/Band-och-krossar-424x300.jpg 424w\" sizes=\"auto, (max-width: 842px) 100vw, 842px\" \/><\/a><\/p>\n<p>Produktionen omfattar huvudsakligen bergverksmaskiner, valsverksanl\u00e4ggningar och tr\u00e5ddragerimaskiner.<br \/>\nKravet p\u00e5 kvalitet \u00e4r d\u00e4rvid utslagsgivande f\u00f6r hela programmet.<br \/>\nMH\u00b4s valspr\u00e5k &#8220;tyngd och precision&#8221;<\/p>\n<p>&nbsp;<\/p>\n<p><a href=\"http:\/\/ekmanfamily.se\/ver3\/kilandabok\/kungen-och-per-ekman-3\/\" rel=\"attachment wp-att-1729\"><img loading=\"lazy\" decoding=\"async\" class=\"alignleft size-medium wp-image-1729\" src=\"http:\/\/ekmanfamily.se\/ver3\/wp-content\/uploads\/2014\/01\/Kungen-och-Per-Ekman-3-211x300.jpg\" alt=\"Kungen och Per Ekman 3\" width=\"211\" height=\"300\" srcset=\"https:\/\/ekmanfamily.se\/ver3\/wp-content\/uploads\/2014\/01\/Kungen-och-Per-Ekman-3-211x300.jpg 211w, https:\/\/ekmanfamily.se\/ver3\/wp-content\/uploads\/2014\/01\/Kungen-och-Per-Ekman-3.jpg 595w\" sizes=\"auto, (max-width: 211px) 100vw, 211px\" \/><\/a><\/p>\n<p>Vid Konung Gustaf VI Adolfs<br \/>\neriksgata genom Dalarna 1953<br \/>\npasserade han Morg\u00e5rdshammar.<br \/>\nH\u00e4r samtalar han med<br \/>\nMorg\u00e5rdshammars VD Per Ekman C:3:2:1,<br \/>\nPer Ekman blev VD 1939, innan<br \/>\ndess var han valsverkskonstrukt\u00f6r.<\/p>\n<p>&nbsp;<\/p>\n<p>&nbsp;<\/p>\n<p>&nbsp;<\/p>\n<p><a href=\"http:\/\/ekmanfamily.se\/ver3\/kilandabok\/storkugghjul-4\/\" rel=\"attachment wp-att-1731\"><img loading=\"lazy\" decoding=\"async\" class=\"aligncenter size-full wp-image-1731\" src=\"http:\/\/ekmanfamily.se\/ver3\/wp-content\/uploads\/2014\/01\/Storkugghjul-4.jpg\" alt=\"Storkugghjul 4\" width=\"842\" height=\"595\" srcset=\"https:\/\/ekmanfamily.se\/ver3\/wp-content\/uploads\/2014\/01\/Storkugghjul-4.jpg 842w, https:\/\/ekmanfamily.se\/ver3\/wp-content\/uploads\/2014\/01\/Storkugghjul-4-300x211.jpg 300w, https:\/\/ekmanfamily.se\/ver3\/wp-content\/uploads\/2014\/01\/Storkugghjul-4-424x300.jpg 424w\" sizes=\"auto, (max-width: 842px) 100vw, 842px\" \/><\/a><\/p>\n<p>&nbsp;<\/p>\n<p>&nbsp;<\/p>\n<p><a href=\"http:\/\/ekmanfamily.se\/ver3\/kilandabok\/styrelsemote-verkstad\/\" rel=\"attachment wp-att-1732\"><img loading=\"lazy\" decoding=\"async\" class=\"aligncenter size-full wp-image-1732\" src=\"http:\/\/ekmanfamily.se\/ver3\/wp-content\/uploads\/2014\/01\/Styrelsem\u00f6te-verkstad.jpg\" alt=\"Styrelsem\u00f6te verkstad\" width=\"842\" height=\"595\" srcset=\"https:\/\/ekmanfamily.se\/ver3\/wp-content\/uploads\/2014\/01\/Styrelsem\u00f6te-verkstad.jpg 842w, https:\/\/ekmanfamily.se\/ver3\/wp-content\/uploads\/2014\/01\/Styrelsem\u00f6te-verkstad-300x211.jpg 300w, https:\/\/ekmanfamily.se\/ver3\/wp-content\/uploads\/2014\/01\/Styrelsem\u00f6te-verkstad-424x300.jpg 424w\" sizes=\"auto, (max-width: 842px) 100vw, 842px\" \/><\/a><\/p>\n<p>Styrelsem\u00f6te i Morg\u00e5rdshammars Mekaniska Verkstad AB<\/p>\n<p>Morg\u00e5rdshammar m\u00f6ter krav p\u00e5 stora investeringar n\u00e4r den europeiska verkstadsindustrin v\u00e4xer sig starkare och starkare.<br \/>\nF\u00f6r ett litet men ansenligt f\u00f6retag v\u00e4xer tankarna p\u00e5 att s\u00e4lja verksamheten. Wilhelm Ekman C:3:4:4<br \/>\np\u00e5 Uddeholm anser att det \u00e4r det b\u00e4sta f\u00f6r alla parter. I samma veva 1975 kommer finansmannen Anders Wall fr\u00e5n<br \/>\nBeijerinvest och vill k\u00f6pa. Han hade ingen aning om att familjen funderade p\u00e5 att s\u00e4lja. Priset blev d\u00e4rf\u00f6r bra. 1983 k\u00f6per Volvo upp<br \/>\nBejer Invest som s\u00e5lde bolaget vidare till italienska konkurrenten Danieli 1987.<\/p>\n<p>Dynastins kvinnor, (F\u00f6retagarfamiljen Ekman under tidigt 1900 tal.<br \/>\nEn bok om Johan B:2 Ekmans dotter Agnes och hennes flitigt antecknande i sin dagbok. H\u00e4r beskrivs kvinnans viktiga roll i familjen och i f\u00f6retagsbyggande uppgifter.<br \/>\nF\u00f6rlag Nordic Academic Press, f\u00f6rfattare Therese Nordlund Edvinsson,<br \/>\nAdlibris s\u00e4ljer boken.<\/p>\n<p>Omslag Agnes Ekman 1909, 21 \u00e5r gammal, bild fr\u00e5n Agnes &amp; Johannes Hellners familjearkiv<\/p>\n<p><a href=\"http:\/\/ekmanfamily.se\/ver3\/kilandabok-3\/dynastins-kvinnor-kopia\/\" rel=\"attachment wp-att-2214\"><img loading=\"lazy\" decoding=\"async\" class=\"alignleft size-medium wp-image-2214\" src=\"http:\/\/ekmanfamily.se\/ver3\/wp-content\/uploads\/2018\/09\/Dynastins-kvinnor-kopia-200x300.jpg\" alt=\"\" width=\"200\" height=\"300\" srcset=\"https:\/\/ekmanfamily.se\/ver3\/wp-content\/uploads\/2018\/09\/Dynastins-kvinnor-kopia-200x300.jpg 200w, https:\/\/ekmanfamily.se\/ver3\/wp-content\/uploads\/2018\/09\/Dynastins-kvinnor-kopia-768x1152.jpg 768w, https:\/\/ekmanfamily.se\/ver3\/wp-content\/uploads\/2018\/09\/Dynastins-kvinnor-kopia-683x1024.jpg 683w\" sizes=\"auto, (max-width: 200px) 100vw, 200px\" \/><\/a><\/p>\n","protected":false},"excerpt":{"rendered":"<p>&nbsp; Handelshuset Ekman &amp; Co:s f\u00f6reg\u00e5ngare Av Arne Muntre och Wilhelm Ekman C:3:4 Boken beskriver en ekonomisk verksamhet i fem generationer. Fr\u00e5n Joen Larsson till Peter III Ekman Peter III Ekmans rederiintressen var av strategisk vikt f\u00f6r hans handelsr\u00f6relse. \u00a0 \u00a0 \u00a0 Hedvig Ekman f Bo\u00ebthius &amp; Peter III Ekman \u00a0 \u00a0 Kilandas historia TILL [&hellip;]<\/p>\n","protected":false},"author":3,"featured_media":0,"parent":0,"menu_order":0,"comment_status":"closed","ping_status":"open","template":"","meta":{"_acf_changed":false,"ngg_post_thumbnail":0,"footnotes":""},"tags":[],"class_list":["post-1633","page","type-page","status-publish","hentry"],"acf":[],"_links":{"self":[{"href":"https:\/\/ekmanfamily.se\/ver3\/wp-json\/wp\/v2\/pages\/1633","targetHints":{"allow":["GET"]}}],"collection":[{"href":"https:\/\/ekmanfamily.se\/ver3\/wp-json\/wp\/v2\/pages"}],"about":[{"href":"https:\/\/ekmanfamily.se\/ver3\/wp-json\/wp\/v2\/types\/page"}],"author":[{"embeddable":true,"href":"https:\/\/ekmanfamily.se\/ver3\/wp-json\/wp\/v2\/users\/3"}],"replies":[{"embeddable":true,"href":"https:\/\/ekmanfamily.se\/ver3\/wp-json\/wp\/v2\/comments?post=1633"}],"version-history":[{"count":0,"href":"https:\/\/ekmanfamily.se\/ver3\/wp-json\/wp\/v2\/pages\/1633\/revisions"}],"wp:attachment":[{"href":"https:\/\/ekmanfamily.se\/ver3\/wp-json\/wp\/v2\/media?parent=1633"}],"wp:term":[{"taxonomy":"post_tag","embeddable":true,"href":"https:\/\/ekmanfamily.se\/ver3\/wp-json\/wp\/v2\/tags?post=1633"}],"curies":[{"name":"wp","href":"https:\/\/api.w.org\/{rel}","templated":true}]}}