{"id":126,"date":"2013-01-20T08:53:45","date_gmt":"2013-01-20T08:53:45","guid":{"rendered":"http:\/\/ekmanfamily.se\/ver3\/?page_id=126"},"modified":"2025-08-31T10:57:19","modified_gmt":"2025-08-31T10:57:19","slug":"protokoll","status":"publish","type":"page","link":"https:\/\/ekmanfamily.se\/ver3\/protokoll\/","title":{"rendered":"Protokoll"},"content":{"rendered":"<h1>Protokoll<\/h1>\n<p><a href=\"styrelsen\/\">Styrelsen<\/a> | <a href=\"stadgar\/\">Stadgar<\/a> | <a href=\"dagordning\/\">Dagordning<\/a> | <a href=\"bokslut\/\">Bokslut<\/a> | <a href=\"revisionsberattelse\/\">Revisionsber\u00e4ttelse<\/a> | <a href=\"\/ver3\/protokoll-2022\/\">Protokoll<\/a> | <a href=\"medlemskap\/\">Medlemskap<br \/>\n<\/a><a href=\"http:\/\/ekmanfamily.se\/ver3\/protokoll-2012\/\" class=\"green_link\">Protokoll 2012<\/a><br \/>\n<a href=\"http:\/\/ekmanfamily.se\/ver3\/protokoll\/\" class=\"green_link\">Protokoll 2015<\/a><br \/>\n<a class=\"green_link\" href=\"http:\/\/ekmanfamily.se\/ver3\/protokoll-2018\/\">Protokoll 2018<\/a><br \/>\n<a class=\"green_link\" href=\"http:\/\/ekmanfamily.se\/ver3\/protokoll-2022\/\">Protokoll 2022<\/a><br \/>\n<a class=\"green_link\" href=\"http:\/\/ekmanfamily.se\/ver3\/protokoll-2025\/\">Protokoll 2025<\/a><\/p>\n<h2><\/h2>\n<p style=\"text-align: center;\"><strong>PROTOKOLL F\u00d6RT VID EKMANSKA SL\u00c4KTF\u00d6RENINGENS TJUGOSJUNDE \u00c5RSM\u00d6TE<br \/>\n15 AUGUSTI 2015 P\u00c5 SIGTUNASTIFTELSEN<\/strong><\/p>\n<p><strong>\u00a0<\/strong>Inf\u00f6r den stora skara sl\u00e4ktingar som samlats i Friluftskyrkan konstaterade F\u00f6reningens ordf\u00f6rande Peter Ekman att v\u00e4drets makter varit oss s\u00e5 n\u00e5diga att det fallit sig naturligt att h\u00e5lla \u00e5rsst\u00e4mman under bar himmel. Han h\u00e4lsade dem v\u00e4lkomna och f\u00f6rklarade st\u00e4mman \u00f6ppnad.<\/p>\n<ol>\n<li>St\u00e4mman valde till ordf\u00f6rande Peter Ekman B:4:2:4; samt till protokollf\u00f6rare Fredrik Ekman A:3:1:5<\/li>\n<\/ol>\n<ol start=\"2\">\n<li>Till justeringsm\u00e4n (justeringspersoner) valdes Oscar Ekman A:3:1:4 samt Caroline Ekman A:3:3:3:<u>1<\/u><\/li>\n<\/ol>\n<ol start=\"3\">\n<li>Det konstaterades att st\u00e4mman utlysts i enlighet med f\u00f6reningens stadgar<\/li>\n<\/ol>\n<ol start=\"4\">\n<li>H\u00e4dang\u00e5ngna sl\u00e4ktingar hedrades kollektivt med en stunds stillhet.<\/li>\n<\/ol>\n<ol start=\"5\">\n<li>De nyf\u00f6ddas namn l\u00e4stes upp varvid de n\u00e4rvarande sm\u00e5 liven &#8211; och deras upphovspersoner \u2013 visades s\u00e4rskild uppskattning. Det konstaterades att sl\u00e4ktf\u00f6reningens demografi \u00e4r stark.<\/li>\n<\/ol>\n<ol start=\"6\">\n<li>Beslutades att deltagarlistan till sl\u00e4ktm\u00f6tet kunde utg\u00f6ra r\u00f6stl\u00e4ngd. Endast p\u00e5 f\u00f6rekommen anledning granskas den i detalj.<\/li>\n<\/ol>\n<ol start=\"7\">\n<li>Protokollet fr\u00e5n f\u00f6reg\u00e5ende m\u00f6te p\u00e5 Stufven\u00e4s 2012 godk\u00e4ndes och lades till handlingarna. Protokollet fr\u00e5n \u00e5rets m\u00f6te kommer efter justering att ansl\u00e5s p\u00e5 f\u00f6reningens hemsida <a href=\"http:\/\/www.ekmanfamily.com\">ekmanfamily.com<\/a>.<\/li>\n<\/ol>\n<ol start=\"8\">\n<li>Styrelsens \u00e5rsredovisning f\u00f6r r\u00e4kenskaps\u00e5ren 2012-14 f\u00f6redrogs av skattm\u00e4stare Claes Ekman C:3:4:3:3. Det kunde konstateras att f\u00f6reningens ekonomi \u00e4r fortsatt god. Samtliga periodens bokslut gav \u00f6verskott och tillg\u00e5ngarna har stigit i v\u00e4rde. Till denna styrka \u00e4r innehavet i Ekman &amp; Co en tydligt bidragande orsak.<\/li>\n<\/ol>\n<ol start=\"9\">\n<li>Revisionsber\u00e4ttelsen f\u00f6r r\u00e4kenskaps\u00e5ren 2012-14 f\u00f6redrogs av Gustaf Ekman A:3:4:5. Han hade inget att erinra.<\/li>\n<\/ol>\n<ol start=\"10\">\n<li>Beslutades att fastst\u00e4lla balans- och resultatr\u00e4kningar f\u00f6r perioden 2012-2014<\/li>\n<\/ol>\n<ol start=\"11\">\n<li>Beslutades att bevilja styrelsen ansvarsfrihet f\u00f6r verksamhets\u00e5ren 2012-2014<\/li>\n<\/ol>\n<ol start=\"12\">\n<li>Beslutades att, med h\u00e4nvisning till f\u00f6reningens goda ekonomi, inte uttaga medlemsavgift<\/li>\n<\/ol>\n<ol start=\"13\">\n<li>Beslutades att till ordf\u00f6rande f\u00f6r f\u00f6reningen omv\u00e4lja Peter Ekman och till dess skattm\u00e4stare Claes Ekman C. Till \u00f6vriga ledam\u00f6ter omvaldes Fredrik Ekman och Hedvig Ekman C:3:4:3:1:<u>1<\/u>, samt nyvaldes Fredric Ekman B:4:2:4:1. Till suppleanter omvaldes Caroline Ekman och nyvaldes Jonas Ekman A:3:3:2:1 samt Annika Ekman C:3:4:3:3:<u>3<\/u>.<\/li>\n<\/ol>\n<p>Till revisorer valdes Gustaf Ekman A:3:4:5 (omval) och Nils Liljeberg (nyval). Till revisorssuppleant omvaldes Magdalena Ekman C.3:2:2:<u>4<\/u>.<\/p>\n<p>Till valberedning omvaldes Matts Ekman C:3:2:7:2<\/p>\n<ol start=\"14\">\n<li>\u00d6vriga \u00e4renden:\n<ol>\n<li>Barbro Bursell C:3:4:1:<u>5<\/u> ber\u00e4ttade att en brevsamling som ber\u00f6r familjerna Ekman, Retzius och Wahlberg, j\u00e4mte Wilhelm Ekmans dagb\u00f6cker och foton, sk\u00e4nkts till riksarkivet i G\u00f6teborg d\u00e4r sl\u00e4ktf\u00f6reningens handlingar f\u00f6rvaras.<\/li>\n<li>Margareta Ekman A:3:4:<u>1<\/u> uppfyllde sin fars Harald Ekman A:3:4 \u00f6nskan att till sl\u00e4ktf\u00f6rningens medlemmar f\u00f6rmedla boken \u201dKyrka f\u00e5r slott\u201d &#8211; en skildring av f\u00f6rloppet d\u00e4r Nya Slottet p\u00e5 Bj\u00e4rka-S\u00e4by 1980 donerades till Sionf\u00f6rsamlingen i Link\u00f6ping.<\/li>\n<li>Vinnarna i golft\u00e4vlingen Hans Otto Meyer och gokartt\u00e4vlingen Tony hyllades liksom de som k\u00e4mpat v\u00e4l.<\/li>\n<\/ol>\n<\/li>\n<\/ol>\n<p>Protokollf\u00f6raren noterar att det under perioden inte uppr\u00e4ttats n\u00e5gon f\u00f6rteckning av artiklar, b\u00f6cker och andra alster skrivna av medlemmar eller som kan vara av intresse f\u00f6r dessa (se protokoll f\u00f6rt vid f\u00f6reg. sl\u00e4ktm\u00f6te)<\/p>\n<ol start=\"15\">\n<li>F\u00f6rklarade ordf\u00f6rande 2015 \u00e5rs sl\u00e4ktm\u00f6te avslutat<\/li>\n<\/ol>\n<p>&nbsp;<\/p>\n","protected":false},"excerpt":{"rendered":"<p>Protokoll Styrelsen | Stadgar | Dagordning | Bokslut | Revisionsber\u00e4ttelse | Protokoll | Medlemskap Protokoll 2012 Protokoll 2015 Protokoll 2018 Protokoll 2022 Protokoll 2025 PROTOKOLL F\u00d6RT VID EKMANSKA SL\u00c4KTF\u00d6RENINGENS TJUGOSJUNDE \u00c5RSM\u00d6TE 15 AUGUSTI 2015 P\u00c5 SIGTUNASTIFTELSEN \u00a0Inf\u00f6r den stora skara sl\u00e4ktingar som samlats i Friluftskyrkan konstaterade F\u00f6reningens ordf\u00f6rande Peter Ekman att v\u00e4drets makter varit oss [&hellip;]<\/p>\n","protected":false},"author":3,"featured_media":0,"parent":0,"menu_order":0,"comment_status":"closed","ping_status":"open","template":"","meta":{"_acf_changed":false,"ngg_post_thumbnail":0,"footnotes":""},"tags":[],"class_list":["post-126","page","type-page","status-publish","hentry"],"acf":[],"_links":{"self":[{"href":"https:\/\/ekmanfamily.se\/ver3\/wp-json\/wp\/v2\/pages\/126","targetHints":{"allow":["GET"]}}],"collection":[{"href":"https:\/\/ekmanfamily.se\/ver3\/wp-json\/wp\/v2\/pages"}],"about":[{"href":"https:\/\/ekmanfamily.se\/ver3\/wp-json\/wp\/v2\/types\/page"}],"author":[{"embeddable":true,"href":"https:\/\/ekmanfamily.se\/ver3\/wp-json\/wp\/v2\/users\/3"}],"replies":[{"embeddable":true,"href":"https:\/\/ekmanfamily.se\/ver3\/wp-json\/wp\/v2\/comments?post=126"}],"version-history":[{"count":0,"href":"https:\/\/ekmanfamily.se\/ver3\/wp-json\/wp\/v2\/pages\/126\/revisions"}],"wp:attachment":[{"href":"https:\/\/ekmanfamily.se\/ver3\/wp-json\/wp\/v2\/media?parent=126"}],"wp:term":[{"taxonomy":"post_tag","embeddable":true,"href":"https:\/\/ekmanfamily.se\/ver3\/wp-json\/wp\/v2\/tags?post=126"}],"curies":[{"name":"wp","href":"https:\/\/api.w.org\/{rel}","templated":true}]}}